{"id":20366,"date":"2023-02-01T14:06:09","date_gmt":"2023-02-01T12:06:09","guid":{"rendered":"https:\/\/uusi.protu.fi\/?page_id=20366"},"modified":"2025-12-12T13:58:13","modified_gmt":"2025-12-12T11:58:13","slug":"delta-pa-prometheus-lager","status":"publish","type":"page","link":"https:\/\/www.protu.fi\/sv\/delta-pa-prometheus-lager\/","title":{"rendered":"Delta p\u00e5 Prometheus-l\u00e4ger"},"content":{"rendered":"<section class=\"block-container vaalea-tausta\">\n    <div class=\"container-fluid\">\n                    <div class=\"row justify-content-center\">\n                <div class=\"col-lg-11\">\n                    \n\n<style>\n    .sisalto {\n        margin-bottom: 20px;\n    }\n    .sisalto .image-col img {\n        max-width: 100%;\n    }\n    .sisalto .image-col img.oikea {\n        padding-left: 20px;\n    }\n    .sisalto .image-col img.vasen {\n        padding-right: 20px;\n        margin-bottom: 30px;\n    }\n    .sisalto h2, .sisalto h3 {\n        margin: 10px 0 20px;\n    }\n<\/style>\n\n<section class=\"sisalto\">\n    <div class=\"row justify-content-center\">\n                    <div class=\"col-lg-6 text-link\">\n                <p>Prometheus-l\u00e4ger \u00e4r religi\u00f6st och partipolitiskt obundna vuxenblivandel\u00e4ger som \u00e4r \u00f6ppna f\u00f6r alla unga. Syftet \u00e4r att st\u00e4rka ungas tro p\u00e5 sig sj\u00e4lva och st\u00f6tta dem i att bygga sin egen livs\u00e5sk\u00e5dning \u2013 utan att ge f\u00e4rdiga svar p\u00e5 v\u00e4rlds\u00e5sk\u00e5dningsfr\u00e5gor. V\u00e4rdegrunderna f\u00f6r l\u00e4gerverksamheten \u00e4r gl\u00e4dje, v\u00e4lm\u00e5ende, j\u00e4mlikhet, nyfiket t\u00e4nkande och h\u00e5llbarhet.<\/p>\n<p>Under ett protul\u00e4ger behandlas olika teman som ber\u00f6r ungas liv genom till exempel diskussioner, lekar, simulationer och spel. L\u00e4gret inneh\u00e5ller ocks\u00e5 traditionellt l\u00e4gerliv, s\u00e5som bastu och ofta \u00e4ven simning. Ett protul\u00e4ger erbjuder en unik upplevelse som <a href=\"https:\/\/journal.fi\/nuorisotutkimus\/issue\/view\/8287\" rel=\"nofollow noopener\" target=\"_blank\">enligt forskning<\/a> st\u00e4rker sj\u00e4lvk\u00e4nslan, de sociala f\u00e4rdigheterna och f\u00f6rst\u00e5elsen f\u00f6r m\u00e5ngfald.<\/p>\n<p>L\u00e4gerledarna (\u201dteamare\u201d) \u00e4r frivilliga med olika bakgrunder, ofta sj\u00e4lva unga och tidigare deltagare. Teamarna f\u00f6rv\u00e4ntas inte ha en ungdoms-, pedagogisk eller social- och h\u00e4lsov\u00e5rdsbakgrund, utan Protu ordnar den utbildning som beh\u00f6vs f\u00f6r att leda ett l\u00e4ger.<\/p>\n            <\/div>\n            <div class=\"col-lg-6 image-col\">\n                 \n                    <img decoding=\"async\" class=\"oikea\" src=\"https:\/\/www.protu.fi\/wp-content\/uploads\/2022\/03\/Protu_2021_Meriharju_2021-28009-9781-scaled-e1648650776995.jpg\" alt=\"\">\n                            <\/div> \n            <\/div>\n<\/section> \n\n\n<style>\n    .quote-nosto {\n        margin-bottom: 40px;\n    }\n    .quote-nosto .quote {\n        margin: 0;\n        padding: 20px 80px;\n        font-size: 32px;\n        color: var(--pv);\n        font-weight: 700;\n        font-family: 'Signika', sans-serif;\n    }\n    .quote-nosto .hm1, .quote-nosto .hm2 {\n        height: 60px;\n        position: absolute;\n    }\n    .quote-nosto .hm2 {\n        right: 15px;\n        bottom: 0;\n    }\n    .quote-nosto .leiri-quote {\n        padding-left: 60px;\n    }\n    .quote-nosto .leiri-quote .quote-sisalto {\n        display: flex;\n        flex-direction: column;\n        justify-content: center;\n        height: 100%;\n    }\n    .quote-nosto .leiri-quote .quote-sisalto p {\n        font-size: 20px;\n        margin-bottom: 10px;\n    }\n    .quote-nosto .leiri-quote .quote-sisalto .nosto {\n        margin: 0;\n        font-weight: 500;\n    }\n    .quote-nosto .yksi-quote {\n        padding: 20px 80px;\n        color: #21224B;\n    }\n    .quote-nosto .yksi-quote .hm1 {\n        left: 0;\n        top: 0;\n    }\n    .quote-nosto .yksi-quote p {\n        margin-bottom: 15px;\n        font-size: 20px;\n    }\n    .quote-nosto .yksi-quote .nosto {\n        font-size: 18px;\n        font-weight: 500;\n    }\n    @media (max-width: 767.98px) {\n        .quote-nosto .quote {\n            font-size: 1.5rem;\n            padding: 20px 50px;\n        }\n        .quote-nosto .hm1,\n        .quote-nosto .hm2 {\n            height: 40px;\n        }\n        .quote-nosto .leiri-quote {\n            padding-left: 15px;\n        }\n    }\n<\/style>\n\n<section class=\"quote-nosto\">\n    <div class=\"row justify-content-center\">\n        <div class=\"col-lg-10\">\n                            <div class=\"row justify-content-center\">\n                    <div class=\"col-lg-7\">\n                                                <div class=\"quote-sisalto yksi-quote\">\n                            <img decoding=\"async\" class=\"hm1\" src=\"https:\/\/www.protu.fi\/wp-content\/themes\/protu-teema\/images\/heittomerkki.svg\" alt=\"\">\n                            <p>Jag har aldrig upplevt samma k\u00e4nsla av tillh\u00f6righet eller samma k\u00e4nsla av att kunna vara helt mig sj\u00e4lv. Det var ocks\u00e5 riktigt trevligt n\u00e4r jag inte k\u00e4nde n\u00e5gon i f\u00f6rv\u00e4g, s\u00e5 jag kunde skapa relationer fr\u00e5n ett helt rent blad. <\/p>\n                            <p class=\"nosto\">Inka<\/p>\n                            <img decoding=\"async\" class=\"hm2\" src=\"https:\/\/www.protu.fi\/wp-content\/themes\/protu-teema\/images\/heittomerkki.svg\" alt=\"\">\n                        <\/div>\n                    <\/div>\n                <\/div>\n                    <\/div>\n    <\/div>\n<\/section>\n\n\n<style>\n    .quote-nosto {\n        margin-bottom: 40px;\n    }\n    .quote-nosto .quote {\n        margin: 0;\n        padding: 20px 80px;\n        font-size: 32px;\n        color: var(--pv);\n        font-weight: 700;\n        font-family: 'Signika', sans-serif;\n    }\n    .quote-nosto .hm1, .quote-nosto .hm2 {\n        height: 60px;\n        position: absolute;\n    }\n    .quote-nosto .hm2 {\n        right: 15px;\n        bottom: 0;\n    }\n    .quote-nosto .leiri-quote {\n        padding-left: 60px;\n    }\n    .quote-nosto .leiri-quote .quote-sisalto {\n        display: flex;\n        flex-direction: column;\n        justify-content: center;\n        height: 100%;\n    }\n    .quote-nosto .leiri-quote .quote-sisalto p {\n        font-size: 20px;\n        margin-bottom: 10px;\n    }\n    .quote-nosto .leiri-quote .quote-sisalto .nosto {\n        margin: 0;\n        font-weight: 500;\n    }\n    .quote-nosto .yksi-quote {\n        padding: 20px 80px;\n        color: #21224B;\n    }\n    .quote-nosto .yksi-quote .hm1 {\n        left: 0;\n        top: 0;\n    }\n    .quote-nosto .yksi-quote p {\n        margin-bottom: 15px;\n        font-size: 20px;\n    }\n    .quote-nosto .yksi-quote .nosto {\n        font-size: 18px;\n        font-weight: 500;\n    }\n    @media (max-width: 767.98px) {\n        .quote-nosto .quote {\n            font-size: 1.5rem;\n            padding: 20px 50px;\n        }\n        .quote-nosto .hm1,\n        .quote-nosto .hm2 {\n            height: 40px;\n        }\n        .quote-nosto .leiri-quote {\n            padding-left: 15px;\n        }\n    }\n<\/style>\n\n<section class=\"quote-nosto\">\n    <div class=\"row justify-content-center\">\n        <div class=\"col-lg-10\">\n                            <div class=\"row justify-content-center\">\n                    <div class=\"col-lg-7\">\n                                                <div class=\"quote-sisalto yksi-quote\">\n                            <img decoding=\"async\" class=\"hm1\" src=\"https:\/\/www.protu.fi\/wp-content\/themes\/protu-teema\/images\/heittomerkki.svg\" alt=\"\">\n                            <p>Diskussions\u00e4mnena var alla aktuella och mycket viktiga i dagens samh\u00e4lle. Det var ocks\u00e5 riktigt h\u00e4rligt att se och h\u00f6ra fr\u00e5n andra deltagare om deras egen v\u00e4rldsbild, vilket ocks\u00e5 utvecklar och vidgar ens egen v\u00e4rldsbild. <\/p>\n                            <p class=\"nosto\">Tuomas<\/p>\n                            <img decoding=\"async\" class=\"hm2\" src=\"https:\/\/www.protu.fi\/wp-content\/themes\/protu-teema\/images\/heittomerkki.svg\" alt=\"\">\n                        <\/div>\n                    <\/div>\n                <\/div>\n                    <\/div>\n    <\/div>\n<\/section>\n\n\n<style>\n    .sisalto-laatikot {\n        margin-bottom: 40px;\n    }\n    .sisalto-laatikot .laatikko {\n        background-color: var(--pv);\n        border-radius: 40px;\n        color: white;\n        padding: 30px;\n        height: 100%;\n        text-align: center;\n        display: flex;\n        flex-direction: column;\n        align-items: center;\n        justify-content: space-between;\n    }\n    .sisalto-laatikot .laatikko img {\n        width: 80px;\n        margin-bottom: 40px;\n    }\n    .sisalto-laatikot .laatikko a.blue-link {\n        margin: auto;\n        margin-bottom: 0;\n    }\n<\/style>\n\n<section class=\"sisalto-laatikot\">\n    <div class=\"row justify-content-center\">\n                        <div class=\"col-md-6 col-lg-4 mb-3 mb-md-0\">\n                    <div class=\"laatikko\">\n                                                <img decoding=\"async\" src=\"https:\/\/www.protu.fi\/wp-content\/uploads\/2023\/01\/nuorten_leirit-transparent-1.png\" alt=\"\">\n                        <p>Svenskspr\u00e5kiga ungdomsl\u00e4ger \u00e4r avsedda f\u00f6r ungdomar mellan 14 och 16 \u00e5r. I ungdomsl\u00e4gret \u00e4r ungdomen v\u00e4lkommen efter 8:e eller 9:e klass.<\/p>\n                            <a class=\"blue-link\" href=\"https:\/\/www.protu.fi\/sv\/delta-pa-prometheus-lager\/ungdomslager\/\">Till ungdomsl\u00e4ger<\/a>\n                                            <\/div>\n                <\/div>\n                            <div class=\"col-md-6 col-lg-4 mb-3 mb-md-0\">\n                    <div class=\"laatikko\">\n                                                <img decoding=\"async\" src=\"https:\/\/www.protu.fi\/wp-content\/uploads\/2023\/01\/sennuleirit-transparent.png\" alt=\"\">\n                        <p>Protus sennul\u00e4ger \u00e4r inneh\u00e5llsm\u00e4ssigt vanliga Prometheus-l\u00e4ger som riktar sig till ungdomar mellan 17 och 21 \u00e5r.<\/p>\n                            <a class=\"blue-link\" href=\"\/sv\/delta-pa-prometheus-lager\/sennulager\/\">Till sennul\u00e4ger<\/a>\n                                            <\/div>\n                <\/div>\n                            <div class=\"col-md-6 col-lg-4 mb-3 mb-md-0\">\n                    <div class=\"laatikko\">\n                                                <img decoding=\"async\" src=\"https:\/\/www.protu.fi\/wp-content\/uploads\/2023\/01\/aikuisleirit-transparent.png\" alt=\"\">\n                        <p>Vuxenl\u00e4ger \u00e4r f\u00f6r personer \u00f6ver 20 \u00e5r som aldrig har varit i Prometheus-l\u00e4gret.<\/p>\n                            <a class=\"blue-link\" href=\"\/sv\/delta-pa-prometheus-lager\/vuxenlager\/\">Till ett vuxenl\u00e4ger<\/a>\n                                            <\/div>\n                <\/div>\n                <\/div>\n<\/section>\n\n<style>\n    .banneri {\n        padding: 50px 0;\n        background-position: center;\n        background-size: cover;\n        background-repeat: no-repeat;\n        color: white;\n        margin-bottom: 20px;\n        position: relative;\n    }\n    .banner-narrow {\n        text-align: center;\n    }\n    .banneri h2 {\n        font-size: 42px;\n    }\n    .banneri h2 {\n        margin-bottom: 30px;\n    }\n    .banner-narrow a {\n        margin: auto;\n    }\n    .banner-wide .banner-kuvitus {\n        position: absolute;\n        right: 0;\n        top: 20px;\n    }\n    .banneri.link-banner {\n        padding: 60px 0;\n    }\n    .banneri .link-container {\n        display: flex;\n        justify-content: center;\n    }\n    .banneri .link-container a {\n        margin: 10px;\n    }\n    .banneri .lahjoitus-container .tuote-col {\n        display: flex;\n    }\n    .banneri .lahjoitus-container .tuote-col .tuote-kortti {\n        width: calc(50% - 40px);\n        margin: 0 20px;\n        padding: 30px;\n        background-color: #EBEFF7;\n        border: 1px solid #E6E6E6;\n        box-shadow: 0 2px 10px rgb(0 0 0 \/ 20%);\n        margin-bottom: 20px;\n        height: fit-content;\n        height: -moz-fit-content;\n    }\n    .banneri .lahjoitus-container .tuote-col .tuote-kortti img {\n        width: 100%;\n        margin-bottom: 15px;\n    }\n    .banneri .lahjoitus-container .tuote-col .tuote-kortti h3 {\n        color: var(--pv);\n    }\n    .banneri .lahjoitus-container .tuote-col .tuote-kortti .hinta {\n        color: #000000;\n    }\n    .banneri .lahjoitus-container .tuote-col .tuote-kortti .add_to_cart_inline {\n        border: none !important;\n        padding: 0 !important;\n        display: flex;\n        flex-wrap: wrap;\n        flex-direction: column;\n        margin: 0;\n    }\n    .banneri .lahjoitus-container .tuote-col .tuote-kortti .add_to_cart_inline .woocommerce-Price-amount {\n        color: #000000;\n        font-weight: 500;\n    }\n    .banneri .lahjoitus-container .tuote-col .tuote-kortti .add_to_cart_inline a {\n        width: 100%;\n        display: block;\n        text-align: center;\n        background-color: var(--pv);\n        color: white;\n        padding: 15px;\n        text-transform: uppercase;\n        font-weight: 400;\n        margin-top: 30px;\n        transition: 0.4s;\n    }\n    .banneri .lahjoitus-container .tuote-col .tuote-kortti .add_to_cart_inline a:hover,\n    .banneri .lahjoitus-container .tuote-col .tuote-kortti .add_to_cart_inline a:focus {\n        background-color: #21224B;\n    }\n    @media (max-width: 991.98px) {\n        .banneri.banner-wide {\n            margin-left: -15px;\n            margin-right: -15px;\n            padding-bottom: 4em;\n            z-index: 1;\n        }\n        .banneri.banner-wide .blue-link {\n            position: absolute;\n            bottom: 0;\n            margin-bottom: 1em;\n        }\n    }\n    @media (max-width: 767.98px) {\n        .banner-wide .banner-kuvitus {\n            height: 100px;\n            z-index: -1;\n        }\n        .banneri h2 {\n            font-size: 2rem;\n        }\n    }\n    @media (max-width: 575.98px) {\n        .banneri .lahjoitus-container .tuote-col {\n            flex-direction: column;\n        }\n        .banneri .lahjoitus-container .tuote-col .tuote-kortti {\n            width: calc(100% - 40px);\n        }\n    }\n<\/style>\n<section class=\"banneri banner-narrow\" \n    style=\"background-image: url(https:\/\/www.protu.fi\/wp-content\/uploads\/2022\/01\/banner_tausta.jpg);\">\n            <div class=\"container\">\n            <div class=\"row justify-content-center\">\n                <div class=\"col-lg-8\">\n                    <h2>Med i protuverksamheten <\/h2>\n                    <p>Protuerfarenheten beh\u00f6ver inte stanna p\u00e5 l\u00e4gret! Efter l\u00e4gret \u00e4r det m\u00f6jligt att forts\u00e4tta protuaktiviteter, till exempel som medlem i ett team eller en avdelning. Protu erbjuder en m\u00f6jlighet till gemenskap och hobby. <\/p>\n                                            <a class=\"green-link\" href=\"\/sv\/med-i-verksamheten\/\">L\u00e4s mer om protuverksamheten<\/a>\n                                    <\/div>\n            <\/div>\n        <\/div>\n    <\/section>\n                <\/div>\n            <\/div>\n            <\/div>\n<\/section>","protected":false},"excerpt":{"rendered":"","protected":false},"author":89,"featured_media":0,"parent":0,"menu_order":0,"comment_status":"closed","ping_status":"closed","template":"","meta":{"_acf_changed":false,"inline_featured_image":false,"footnotes":""},"sivun_tyyppi":[65],"class_list":["post-20366","page","type-page","status-publish","hentry","sivun_tyyppi-julkinen-sivu"],"acf":[],"_links":{"self":[{"href":"https:\/\/www.protu.fi\/sv\/wp-json\/wp\/v2\/pages\/20366","targetHints":{"allow":["GET"]}}],"collection":[{"href":"https:\/\/www.protu.fi\/sv\/wp-json\/wp\/v2\/pages"}],"about":[{"href":"https:\/\/www.protu.fi\/sv\/wp-json\/wp\/v2\/types\/page"}],"author":[{"embeddable":true,"href":"https:\/\/www.protu.fi\/sv\/wp-json\/wp\/v2\/users\/89"}],"replies":[{"embeddable":true,"href":"https:\/\/www.protu.fi\/sv\/wp-json\/wp\/v2\/comments?post=20366"}],"version-history":[{"count":28,"href":"https:\/\/www.protu.fi\/sv\/wp-json\/wp\/v2\/pages\/20366\/revisions"}],"predecessor-version":[{"id":86513,"href":"https:\/\/www.protu.fi\/sv\/wp-json\/wp\/v2\/pages\/20366\/revisions\/86513"}],"wp:attachment":[{"href":"https:\/\/www.protu.fi\/sv\/wp-json\/wp\/v2\/media?parent=20366"}],"wp:term":[{"taxonomy":"sivun_tyyppi","embeddable":true,"href":"https:\/\/www.protu.fi\/sv\/wp-json\/wp\/v2\/sivun_tyyppi?post=20366"}],"curies":[{"name":"wp","href":"https:\/\/api.w.org\/{rel}","templated":true}]}}