{"id":20374,"date":"2022-01-03T13:05:45","date_gmt":"2022-01-03T11:05:45","guid":{"rendered":"https:\/\/uusi.protu.fi\/?page_id=20374"},"modified":"2024-03-12T13:49:20","modified_gmt":"2024-03-12T11:49:20","slug":"information-om-protu","status":"publish","type":"page","link":"https:\/\/www.protu.fi\/sv\/information-om-protu\/","title":{"rendered":"Information om Protu"},"content":{"rendered":"<section class=\"block-container vaalea-tausta\">\n    <div class=\"container-fluid\">\n                    <div class=\"row justify-content-center\">\n                <div class=\"col-lg-11\">\n                    \n\n<style>\n    .sisalto {\n        margin-bottom: 20px;\n    }\n    .sisalto .image-col img {\n        max-width: 100%;\n    }\n    .sisalto .image-col img.oikea {\n        padding-left: 20px;\n    }\n    .sisalto .image-col img.vasen {\n        padding-right: 20px;\n        margin-bottom: 30px;\n    }\n    .sisalto h2, .sisalto h3 {\n        margin: 10px 0 20px;\n    }\n<\/style>\n\n<section class=\"sisalto\">\n    <div class=\"row justify-content-center\">\n                    <div class=\"col-lg-6 text-link\">\n                <p>Protu, eller Prometheus-l\u00e4grets st\u00f6d rf (grundad 1990) \u00e4r en nationell ungdomsorganisation som organiserar unika uppvuxningsutbildningsaktiviteter som st\u00f6djer bildandet av en livs\u00e5sk\u00e5dning. Dessutom \u00e4r m\u00e5let att s\u00e4kra m\u00f6jligheten f\u00f6r unga, som inte tillh\u00f6r religi\u00f6sa samfund, till uppvuxningsl\u00e4ger.<\/p>\n<p>Ett viktigt m\u00e5l f\u00f6r hela projektet \u00e4r att st\u00e4rka ungdomarnas f\u00f6rm\u00e5ga till kritiskt t\u00e4nkande och socialt deltagande. L\u00e4gren ger social och medborgerlig utbildning, erfarenhet av volont\u00e4rarbete i en f\u00f6rening och m\u00f6jlighet att ta ansvar.<\/p>\n<p>Den huvudsakliga aktivitetsformen \u00e4r protul\u00e4gren, som varje \u00e5r anordnas cirka 65 stycken och i vilka cirka 1000 l\u00e4gerdeltagare deltar. Tillsammans med l\u00e4gren anordnas uppf\u00f6ljningsl\u00e4ger, evenemang och lokala aktiviteter och tidningen Protu ges ut.<\/p>\n<p>Protus ca 3 000 medlemmar m\u00f6jligg\u00f6r organisationen av verksamheten med sina medlemsavgifter. Den som vill st\u00f6dja verksamheten kan bli medlem.<\/p>\n<p>Protus budget \u00e4r ca 750 000 \u20ac. Ut\u00f6ver l\u00e4ger- och medlemsavgifter f\u00e5r f\u00f6reningen medel fr\u00e5n Utbildnings- och kulturdepartementet, Demokratiska Utbildningsf\u00f6rbundet och Svenska Kulturfonden.<\/p>\n<p>L\u00e4gren, liksom de flesta andra aktiviteter, g\u00f6rs p\u00e5 frivillig basis. Runt 500 volont\u00e4rer arbetar aktivt i f\u00f6reningen, t.ex. i l\u00e4gerteam och avdelningar. Protu har fem anst\u00e4llda f\u00f6r att st\u00f6tta volont\u00e4rerna.<\/p>\n<p>Protus verksamhet f\u00f6ljer principerna f\u00f6r en trygg milj\u00f6. Vi str\u00e4var efter att st\u00e4rka en verksamhetskultur d\u00e4r alla kan k\u00e4nna sig trygga och respekterade och d\u00e4r alla trakasserier hanteras.<\/p>\n<p>Vid sidan av de permanenta institutionerna arbetar mer \u00e4n 400 teammedlemmar och cirka 60 utbildare, 40 kockar och 20 supportpersonal p\u00e5 Protu varje \u00e5r. L\u00e4s mer om Protus volont\u00e4rverksamhet eller l\u00e4r dig om avdelningarnas uppgifter.<\/p>\n            <\/div>\n            <div class=\"col-lg-6 image-col\">\n                 \n                    <img decoding=\"async\" class=\"oikea\" src=\"https:\/\/www.protu.fi\/wp-content\/uploads\/2023\/02\/Protu_2021_Meriharju_2021-28009-9451.png\" alt=\"\">\n                            <\/div> \n            <\/div>\n<\/section> \n\n\n<style>\n    .sisalto-laatikot {\n        margin-bottom: 40px;\n    }\n    .sisalto-laatikot .laatikko {\n        background-color: var(--pv);\n        border-radius: 40px;\n        color: white;\n        padding: 30px;\n        height: 100%;\n        text-align: center;\n        display: flex;\n        flex-direction: column;\n        align-items: center;\n        justify-content: space-between;\n    }\n    .sisalto-laatikot .laatikko img {\n        width: 80px;\n        margin-bottom: 40px;\n    }\n    .sisalto-laatikot .laatikko a.blue-link {\n        margin: auto;\n        margin-bottom: 0;\n    }\n<\/style>\n\n<section class=\"sisalto-laatikot\">\n    <div class=\"row justify-content-center\">\n                        <div class=\"col-md-6 col-lg-4 mb-3 mb-md-0\">\n                    <div class=\"laatikko\">\n                                                <img decoding=\"async\" src=\"https:\/\/www.protu.fi\/wp-content\/uploads\/2023\/01\/Nimeton-suunn.malli-1.png\" alt=\"\">\n                        <p>L\u00e4grar, liksom de flesta andra aktiviteter, g\u00f6rs p\u00e5 frivillig basis. Runt 500 volont\u00e4rer arbetar aktivt i f\u00f6reningen, t.ex. i l\u00e4gerlag och divisioner. Protu har fem anst\u00e4llda f\u00f6r att st\u00f6tta volont\u00e4rerna.<\/p>\n                            <a class=\"blue-link\" href=\"\/sv\/tietoa-protusta\/protun-toimielimet\/\">Protus institutioner<\/a>\n                                            <\/div>\n                <\/div>\n                            <div class=\"col-md-6 col-lg-4 mb-3 mb-md-0\">\n                    <div class=\"laatikko\">\n                                                <img decoding=\"async\" src=\"https:\/\/www.protu.fi\/wp-content\/uploads\/2023\/01\/bannerikuvamusta.png\" alt=\"\">\n                        <p>Protus ledande v\u00e4rderingar \u00e4r gl\u00e4dje och v\u00e4lbefinnande, j\u00e4mlikhet, nyfiken reflektion och ansvar. Vi \u00e4r en \u00f6ppet antirasistisk, antifascistisk, anti-abilistisk och feministisk ungdomsorganisation.<\/p>\n                            <a class=\"blue-link\" href=\"\/sv\/varderingar-mission-och-vision\/\">Protun v\u00e4rderingar<\/a>\n                                            <\/div>\n                <\/div>\n                            <div class=\"col-md-6 col-lg-4 mb-3 mb-md-0\">\n                    <div class=\"laatikko\">\n                                                <img decoding=\"async\" src=\"https:\/\/www.protu.fi\/wp-content\/uploads\/2023\/01\/Nimeton-suunn.malli-1.png\" alt=\"\">\n                        <p>P\u00e5 l\u00e4gren f\u00f6rbinder vi oss att f\u00f6lja principerna f\u00f6r en s\u00e4ker milj\u00f6. Med principer och instruktioner vill vi st\u00e4rka en verksamhetskultur d\u00e4r alla kan k\u00e4nna sig trygga och respekterade.<\/p>\n                            <a class=\"blue-link\" href=\"\/sv\/tietoa-protusta\/sakerhet-i-protu\/\">S\u00e4kerhet i Protu<\/a>\n                                            <\/div>\n                <\/div>\n                <\/div>\n<\/section>\n\n\n<style>\n\n<\/style>\n\n<section class=\"kapea-teksti\">\n    <div class=\"row\">\n        <div class=\"col-lg-9\">\n            <p>Det f\u00f6rsta Prometheus-l\u00e4gret anordnades i H\u00f6gfors 1989 p\u00e5 initiativ av ET-studenter tillsammans med filosofi- och ET-l\u00e4rare. De ville organisera ett vuxenl\u00e4ger som inte skulle vara knutet till n\u00e5gon v\u00e4rldsbild eller id\u00e9. L\u00e4gren har f\u00e5tt sitt namn fr\u00e5n den antika Prometheus. L\u00e4grets teman och bearbetningsmetoder v\u00e4ljs av ungdomarna sj\u00e4lva och strukturen p\u00e5 l\u00e4gret har f\u00f6rblivit v\u00e4ldigt lik \u00e4n i dag.<\/p>\n<p>Prometheus-l\u00e4grets st\u00f6d rf, dvs Protu, grundades 1990. De f\u00f6rsta \u00e5ren var Protu en liten f\u00f6rening och det var bara ett f\u00e5tal l\u00e4ger p\u00e5 sommaren. Verksamheten b\u00f6rjade v\u00e4xa kraftigt i b\u00f6rjan av 1990-talet.<\/p>\n<p>Protus l\u00e4gerverksamhet fortsatte att v\u00e4xa fram till slutet av 2000-talet. Protus verksamhet tog nya former. Protu var med och lanserade Ungdomarnas filosofievenemanget som ett gemensamt forum f\u00f6r unga och inflytelserika m\u00e4nniskor i samh\u00e4llet. Protu b\u00f6rjade ocks\u00e5 dela ut Prometheus-priset till en person eller ett samh\u00e4lle vars verksamhet har fr\u00e4mjat unga m\u00e4nniskors tillv\u00e4xt i kritik, respekt f\u00f6r m\u00e4nniskor, livsgl\u00e4dje och ansvar f\u00f6r v\u00e4rlden. I slutet av decenniet utvidgades Protus l\u00e4gerverksamhet till Sverige i form av f\u00f6reningen Protus Sverige.<\/p>\n<p>Protus verksamhet var stabil under hela 2010-talet. Under decenniet b\u00f6rjade Protu delta i samh\u00e4llsdebatten och st\u00f6dja bland annat kampanjer f\u00f6r att fr\u00e4mja sexuella och k\u00f6nsminoriteters r\u00e4ttigheter. Protu grundade en st\u00f6dstiftelse f\u00f6r att st\u00f6dja religi\u00f6st och politiskt oengagerad vuxenutbildning.<\/p>\n<p>P\u00e5 2020-talet \u00e4r protul\u00e4ger mer popul\u00e4ra \u00e4n n\u00e5gonsin. Protu \u00e4r en expert, opinionsbildad ungdomsorganisation. Dagens prioriteringar i Protus verksamhet \u00e4r partnerskap, tillg\u00e4nglighet och j\u00e4mlikhet samt ekologisk h\u00e5llbarhet.<\/p>\n        <\/div>\n    <\/div>\n<\/section>\n\n<div data-block-name=\"woocommerce\/handpicked-products\" data-products=\"[26833]\" class=\"wc-block-grid wp-block-handpicked-products wp-block-woocommerce-handpicked-products wc-block-handpicked-products has-3-columns has-multiple-rows\"><ul class=\"wc-block-grid__products\"><li class=\"wc-block-grid__product\">\n\t\t\t\t<a href=\"https:\/\/www.protu.fi\/sv\/tuote\/protun-30-vuotishistoriikki\/\" class=\"wc-block-grid__product-link\">\n\t\t\t\t\t\n\t\t\t\t\t<div class=\"wc-block-grid__product-image\"><img loading=\"lazy\" decoding=\"async\" width=\"300\" height=\"300\" src=\"https:\/\/www.protu.fi\/wp-content\/uploads\/2023\/01\/historiikki-hinnasto-orig-300x300.png\" class=\"attachment-woocommerce_thumbnail size-woocommerce_thumbnail\" alt=\"Protun 30-vuotishistoriikki\" srcset=\"https:\/\/www.protu.fi\/wp-content\/uploads\/2023\/01\/historiikki-hinnasto-orig-300x300.png 300w, https:\/\/www.protu.fi\/wp-content\/uploads\/2023\/01\/historiikki-hinnasto-orig-150x150.png 150w, https:\/\/www.protu.fi\/wp-content\/uploads\/2023\/01\/historiikki-hinnasto-orig-100x100.png 100w\" sizes=\"auto, (max-width: 300px) 100vw, 300px\" \/><\/div>\n\t\t\t\t\t<div class=\"wc-block-grid__product-title\">Protun 30-vuotishistoriikki<\/div>\n\t\t\t\t<\/a>\n\t\t\t\t<div class=\"wc-block-grid__product-price price\"><span class=\"woocommerce-Price-amount amount\">60,00&nbsp;<span class=\"woocommerce-Price-currencySymbol\">&euro;<\/span><\/span><\/div>\n\t\t\t\t\n\t\t\t\t<div class=\"wp-block-button wc-block-grid__product-add-to-cart\"><a href=\"\/sv\/wp-json\/wp\/v2\/pages\/20374?add-to-cart=26833\" aria-label=\"L\u00e4gg till i varukorgen: \u201dProtun 30-vuotishistoriikki\u201d\" data-quantity=\"1\" data-product_id=\"26833\" data-product_sku=\"\" data-price=\"60\" rel=\"nofollow\" class=\"wp-block-button__link  add_to_cart_button ajax_add_to_cart\">L\u00e4gg till i varukorg<\/a><\/div>\n\t\t\t<\/li><\/ul><\/div>\n                <\/div>\n            <\/div>\n            <\/div>\n<\/section>\n\n<section class=\"block-container vaalea-tausta\">\n    <div class=\"container-fluid\">\n                    <div class=\"row justify-content-center\">\n                <div class=\"col-lg-11\">\n                    \n<style>\n    .banneri {\n        padding: 50px 0;\n        background-position: center;\n        background-size: cover;\n        background-repeat: no-repeat;\n        color: white;\n        margin-bottom: 20px;\n        position: relative;\n    }\n    .banner-narrow {\n        text-align: center;\n    }\n    .banneri h2 {\n        font-size: 42px;\n    }\n    .banneri h2 {\n        margin-bottom: 30px;\n    }\n    .banner-narrow a {\n        margin: auto;\n    }\n    .banner-wide .banner-kuvitus {\n        position: absolute;\n        right: 0;\n        top: 20px;\n    }\n    .banneri.link-banner {\n        padding: 60px 0;\n    }\n    .banneri .link-container {\n        display: flex;\n        justify-content: center;\n    }\n    .banneri .link-container a {\n        margin: 10px;\n    }\n    .banneri .lahjoitus-container .tuote-col {\n        display: flex;\n    }\n    .banneri .lahjoitus-container .tuote-col .tuote-kortti {\n        width: calc(50% - 40px);\n        margin: 0 20px;\n        padding: 30px;\n        background-color: #EBEFF7;\n        border: 1px solid #E6E6E6;\n        box-shadow: 0 2px 10px rgb(0 0 0 \/ 20%);\n        margin-bottom: 20px;\n        height: fit-content;\n        height: -moz-fit-content;\n    }\n    .banneri .lahjoitus-container .tuote-col .tuote-kortti img {\n        width: 100%;\n        margin-bottom: 15px;\n    }\n    .banneri .lahjoitus-container .tuote-col .tuote-kortti h3 {\n        color: var(--pv);\n    }\n    .banneri .lahjoitus-container .tuote-col .tuote-kortti .hinta {\n        color: #000000;\n    }\n    .banneri .lahjoitus-container .tuote-col .tuote-kortti .add_to_cart_inline {\n        border: none !important;\n        padding: 0 !important;\n        display: flex;\n        flex-wrap: wrap;\n        flex-direction: column;\n        margin: 0;\n    }\n    .banneri .lahjoitus-container .tuote-col .tuote-kortti .add_to_cart_inline .woocommerce-Price-amount {\n        color: #000000;\n        font-weight: 500;\n    }\n    .banneri .lahjoitus-container .tuote-col .tuote-kortti .add_to_cart_inline a {\n        width: 100%;\n        display: block;\n        text-align: center;\n        background-color: var(--pv);\n        color: white;\n        padding: 15px;\n        text-transform: uppercase;\n        font-weight: 400;\n        margin-top: 30px;\n        transition: 0.4s;\n    }\n    .banneri .lahjoitus-container .tuote-col .tuote-kortti .add_to_cart_inline a:hover,\n    .banneri .lahjoitus-container .tuote-col .tuote-kortti .add_to_cart_inline a:focus {\n        background-color: #21224B;\n    }\n    @media (max-width: 991.98px) {\n        .banneri.banner-wide {\n            margin-left: -15px;\n            margin-right: -15px;\n            padding-bottom: 4em;\n            z-index: 1;\n        }\n        .banneri.banner-wide .blue-link {\n            position: absolute;\n            bottom: 0;\n            margin-bottom: 1em;\n        }\n    }\n    @media (max-width: 767.98px) {\n        .banner-wide .banner-kuvitus {\n            height: 100px;\n            z-index: -1;\n        }\n        .banneri h2 {\n            font-size: 2rem;\n        }\n    }\n    @media (max-width: 575.98px) {\n        .banneri .lahjoitus-container .tuote-col {\n            flex-direction: column;\n        }\n        .banneri .lahjoitus-container .tuote-col .tuote-kortti {\n            width: calc(100% - 40px);\n        }\n    }\n<\/style>\n<section class=\"banneri banner-wide\" \n    style=\"background-color: #21224b;\">\n            <div class=\"container-fluid\">\n            <div class=\"row\">\n                <div class=\"col-lg-4 offset-lg-1 position-static\">\n                    <h2>Varf\u00f6r l\u00f6nar det sig att g\u00e5 med i Prometheus-l\u00e4grets st\u00f6d rf?<\/h2>\n                                            <a class=\"blue-link\" href=\"https:\/\/www.protu.fi\/sv\/med-i-verksamheten\/bli-medlem-i-protu\/\">BLI MEDLEM I PROTU<\/a>\n                                    <\/div>\n                <div class=\"col-lg-5\">\n                    <p>Prometheus-l\u00e4grets st\u00f6d rf \u00e4r gemenskapen f\u00f6r alla Protus och Protuintresserade och ryggraden i l\u00e4gret och andra Protu-aktiviteter. Som medlem g\u00f6r du det m\u00f6jligt att anordna unika uppvuxningsl\u00e4ger och om du vill kan du delta i m\u00e5nga andra Protukiva-evenemang!<\/p>\n                <\/div>\n            <\/div>\n        <\/div>\n        <img decoding=\"async\" class=\"banner-kuvitus\" src=\"https:\/\/www.protu.fi\/wp-content\/themes\/protu-teema\/images\/puolikas.svg\" alt=\"\">\n    <\/section>\n                <\/div>\n            <\/div>\n            <\/div>\n<\/section>","protected":false},"excerpt":{"rendered":"","protected":false},"author":1,"featured_media":0,"parent":0,"menu_order":0,"comment_status":"closed","ping_status":"closed","template":"","meta":{"_acf_changed":false,"inline_featured_image":false,"footnotes":""},"sivun_tyyppi":[65],"class_list":["post-20374","page","type-page","status-publish","hentry","sivun_tyyppi-julkinen-sivu"],"acf":[],"_links":{"self":[{"href":"https:\/\/www.protu.fi\/sv\/wp-json\/wp\/v2\/pages\/20374","targetHints":{"allow":["GET"]}}],"collection":[{"href":"https:\/\/www.protu.fi\/sv\/wp-json\/wp\/v2\/pages"}],"about":[{"href":"https:\/\/www.protu.fi\/sv\/wp-json\/wp\/v2\/types\/page"}],"author":[{"embeddable":true,"href":"https:\/\/www.protu.fi\/sv\/wp-json\/wp\/v2\/users\/1"}],"replies":[{"embeddable":true,"href":"https:\/\/www.protu.fi\/sv\/wp-json\/wp\/v2\/comments?post=20374"}],"version-history":[{"count":15,"href":"https:\/\/www.protu.fi\/sv\/wp-json\/wp\/v2\/pages\/20374\/revisions"}],"predecessor-version":[{"id":47020,"href":"https:\/\/www.protu.fi\/sv\/wp-json\/wp\/v2\/pages\/20374\/revisions\/47020"}],"wp:attachment":[{"href":"https:\/\/www.protu.fi\/sv\/wp-json\/wp\/v2\/media?parent=20374"}],"wp:term":[{"taxonomy":"sivun_tyyppi","embeddable":true,"href":"https:\/\/www.protu.fi\/sv\/wp-json\/wp\/v2\/sivun_tyyppi?post=20374"}],"curies":[{"name":"wp","href":"https:\/\/api.w.org\/{rel}","templated":true}]}}