{"id":21251,"date":"2023-02-06T11:58:36","date_gmt":"2023-02-06T09:58:36","guid":{"rendered":"https:\/\/uusi.protu.fi\/?page_id=21251"},"modified":"2026-02-05T11:01:19","modified_gmt":"2026-02-05T09:01:19","slug":"sennulager","status":"publish","type":"page","link":"https:\/\/www.protu.fi\/sv\/delta-pa-prometheus-lager\/sennulager\/","title":{"rendered":"Sennul\u00e4ger"},"content":{"rendered":"<section class=\"block-container \">\n    <div class=\"container-fluid\">\n                    <div class=\"row justify-content-center\">\n                <div class=\"col-lg-11\">\n                    \n\n<style>\n    .sisalto {\n        margin-bottom: 20px;\n    }\n    .sisalto .image-col img {\n        max-width: 100%;\n    }\n    .sisalto .image-col img.oikea {\n        padding-left: 20px;\n    }\n    .sisalto .image-col img.vasen {\n        padding-right: 20px;\n        margin-bottom: 30px;\n    }\n    .sisalto h2, .sisalto h3 {\n        margin: 10px 0 20px;\n    }\n<\/style>\n\n<section class=\"sisalto\">\n    <div class=\"row justify-content-center\">\n                    <div class=\"col-lg-6 text-link\">\n                <p>Gick du inte Protu-l\u00e4gern direkt efter 8:e eller 9:e klass? Vill du vidga din syn p\u00e5 livet, tr\u00e4ffa nya v\u00e4nner och f\u00e5 underbara upplevelser? Kom till Protus sennul\u00e4ger!<\/p>\n<p>Inneh\u00e5llet i Protus sennul\u00e4ger \u00e4r som i vanliga Prometheus-l\u00e4ger riktade till ungdomar i \u00e5ldern 17\u201321 \u00e5r. Sennul\u00e4ger kan \u00e4ven bes\u00f6kas av 16-\u00e5ringar som fyller 17 \u00e5r senare under l\u00e4ger\u00e5ret.<\/p>\n<p>Sennul\u00e4gerdeltagarens h\u00f6gre \u00e5lder har tagits med i planeringen av programmet. Dessutom \u00e4r l\u00e4grets assisterande instrukt\u00f6rer \u00e4ldre \u00e4n p\u00e5 ungdomsl\u00e4ger.<\/p>\n<p>Protu ordnar ett finskspr\u00e5kigt sennul\u00e4ger 28.6\u20135.7.2026 i \u00d6stis (Helsingfors). Anm\u00e4lan till l\u00e4gret \u00f6ppnar onsdagen den 11.2.2026 kl. 10 (<a href=\"https:\/\/protu.crmieportal.com\/public\/mass_events\/216252\" rel=\"nofollow noopener\" target=\"_blank\">ANM\u00c4LNINGSBLANKETT<\/a>). Bekanta dig med anm\u00e4lningsanvisningarna <a href=\"https:\/\/www.protu.fi\/sv\/delta-pa-prometheus-lager\/anvisningar-for-anmalan-och-avgift\/\">h\u00e4r<\/a>.<\/p>\n            <\/div>\n            <div class=\"col-lg-6 image-col\">\n                 \n                    <img decoding=\"async\" class=\"oikea\" src=\"https:\/\/www.protu.fi\/wp-content\/uploads\/2022\/03\/Protu_2021_Porkkalanniemi_2021-28002-1361-scaled.jpg\" alt=\"\">\n                            <\/div> \n            <\/div>\n<\/section> \n\n<style>\n    .banneri {\n        padding: 50px 0;\n        background-position: center;\n        background-size: cover;\n        background-repeat: no-repeat;\n        color: white;\n        margin-bottom: 20px;\n        position: relative;\n    }\n    .banner-narrow {\n        text-align: center;\n    }\n    .banneri h2 {\n        font-size: 42px;\n    }\n    .banneri h2 {\n        margin-bottom: 30px;\n    }\n    .banner-narrow a {\n        margin: auto;\n    }\n    .banner-wide .banner-kuvitus {\n        position: absolute;\n        right: 0;\n        top: 20px;\n    }\n    .banneri.link-banner {\n        padding: 60px 0;\n    }\n    .banneri .link-container {\n        display: flex;\n        justify-content: center;\n    }\n    .banneri .link-container a {\n        margin: 10px;\n    }\n    .banneri .lahjoitus-container .tuote-col {\n        display: flex;\n    }\n    .banneri .lahjoitus-container .tuote-col .tuote-kortti {\n        width: calc(50% - 40px);\n        margin: 0 20px;\n        padding: 30px;\n        background-color: #EBEFF7;\n        border: 1px solid #E6E6E6;\n        box-shadow: 0 2px 10px rgb(0 0 0 \/ 20%);\n        margin-bottom: 20px;\n        height: fit-content;\n        height: -moz-fit-content;\n    }\n    .banneri .lahjoitus-container .tuote-col .tuote-kortti img {\n        width: 100%;\n        margin-bottom: 15px;\n    }\n    .banneri .lahjoitus-container .tuote-col .tuote-kortti h3 {\n        color: var(--pv);\n    }\n    .banneri .lahjoitus-container .tuote-col .tuote-kortti .hinta {\n        color: #000000;\n    }\n    .banneri .lahjoitus-container .tuote-col .tuote-kortti .add_to_cart_inline {\n        border: none !important;\n        padding: 0 !important;\n        display: flex;\n        flex-wrap: wrap;\n        flex-direction: column;\n        margin: 0;\n    }\n    .banneri .lahjoitus-container .tuote-col .tuote-kortti .add_to_cart_inline .woocommerce-Price-amount {\n        color: #000000;\n        font-weight: 500;\n    }\n    .banneri .lahjoitus-container .tuote-col .tuote-kortti .add_to_cart_inline a {\n        width: 100%;\n        display: block;\n        text-align: center;\n        background-color: var(--pv);\n        color: white;\n        padding: 15px;\n        text-transform: uppercase;\n        font-weight: 400;\n        margin-top: 30px;\n        transition: 0.4s;\n    }\n    .banneri .lahjoitus-container .tuote-col .tuote-kortti .add_to_cart_inline a:hover,\n    .banneri .lahjoitus-container .tuote-col .tuote-kortti .add_to_cart_inline a:focus {\n        background-color: #21224B;\n    }\n    @media (max-width: 991.98px) {\n        .banneri.banner-wide {\n            margin-left: -15px;\n            margin-right: -15px;\n            padding-bottom: 4em;\n            z-index: 1;\n        }\n        .banneri.banner-wide .blue-link {\n            position: absolute;\n            bottom: 0;\n            margin-bottom: 1em;\n        }\n    }\n    @media (max-width: 767.98px) {\n        .banner-wide .banner-kuvitus {\n            height: 100px;\n            z-index: -1;\n        }\n        .banneri h2 {\n            font-size: 2rem;\n        }\n    }\n    @media (max-width: 575.98px) {\n        .banneri .lahjoitus-container .tuote-col {\n            flex-direction: column;\n        }\n        .banneri .lahjoitus-container .tuote-col .tuote-kortti {\n            width: calc(100% - 40px);\n        }\n    }\n<\/style>\n<section class=\"banneri banner-narrow\" \n    style=\"background-image: url(https:\/\/www.protu.fi\/wp-content\/uploads\/2022\/01\/banner_tausta.jpg);\">\n            <div class=\"container\">\n            <div class=\"row justify-content-center\">\n                <div class=\"col-lg-8\">\n                    <h2>L\u00e4s mer om principerna f\u00f6r l\u00e4gerverksamhet!<\/h2>\n                    <p>Protul\u00e4grets m\u00e5l \u00e4r att vara en trygg och accepterande plats d\u00e4r deltagarna kan f\u00e5 st\u00f6d i att bygga sin egen livssyn och utveckla livskunskaper. L\u00e4s mer om principerna f\u00f6r l\u00e4gerverksamhet!<\/p>\n                                            <a class=\"green-link\" href=\"https:\/\/www.protu.fi\/sv\/delta-pa-prometheus-lager\/principerna-for-lagerverksamheten\/\">L\u00e4s mer<\/a>\n                                    <\/div>\n            <\/div>\n        <\/div>\n    <\/section>\n                <\/div>\n            <\/div>\n            <\/div>\n<\/section>","protected":false},"excerpt":{"rendered":"","protected":false},"author":89,"featured_media":0,"parent":20366,"menu_order":0,"comment_status":"closed","ping_status":"closed","template":"","meta":{"_acf_changed":false,"inline_featured_image":false,"footnotes":""},"sivun_tyyppi":[65],"class_list":["post-21251","page","type-page","status-publish","hentry","sivun_tyyppi-julkinen-sivu"],"acf":[],"_links":{"self":[{"href":"https:\/\/www.protu.fi\/sv\/wp-json\/wp\/v2\/pages\/21251","targetHints":{"allow":["GET"]}}],"collection":[{"href":"https:\/\/www.protu.fi\/sv\/wp-json\/wp\/v2\/pages"}],"about":[{"href":"https:\/\/www.protu.fi\/sv\/wp-json\/wp\/v2\/types\/page"}],"author":[{"embeddable":true,"href":"https:\/\/www.protu.fi\/sv\/wp-json\/wp\/v2\/users\/89"}],"replies":[{"embeddable":true,"href":"https:\/\/www.protu.fi\/sv\/wp-json\/wp\/v2\/comments?post=21251"}],"version-history":[{"count":23,"href":"https:\/\/www.protu.fi\/sv\/wp-json\/wp\/v2\/pages\/21251\/revisions"}],"predecessor-version":[{"id":86793,"href":"https:\/\/www.protu.fi\/sv\/wp-json\/wp\/v2\/pages\/21251\/revisions\/86793"}],"up":[{"embeddable":true,"href":"https:\/\/www.protu.fi\/sv\/wp-json\/wp\/v2\/pages\/20366"}],"wp:attachment":[{"href":"https:\/\/www.protu.fi\/sv\/wp-json\/wp\/v2\/media?parent=21251"}],"wp:term":[{"taxonomy":"sivun_tyyppi","embeddable":true,"href":"https:\/\/www.protu.fi\/sv\/wp-json\/wp\/v2\/sivun_tyyppi?post=21251"}],"curies":[{"name":"wp","href":"https:\/\/api.w.org\/{rel}","templated":true}]}}