{"id":21261,"date":"2023-02-06T12:16:25","date_gmt":"2023-02-06T10:16:25","guid":{"rendered":"https:\/\/uusi.protu.fi\/?page_id=21261"},"modified":"2025-12-12T14:24:22","modified_gmt":"2025-12-12T12:24:22","slug":"lagerregler-och-praktiska-saker","status":"publish","type":"page","link":"https:\/\/www.protu.fi\/sv\/delta-pa-prometheus-lager\/lagerregler-och-praktiska-saker\/","title":{"rendered":"L\u00e4gerregler och praktiska saker"},"content":{"rendered":"<section class=\"block-container \">\n    <div class=\"container-fluid\">\n                    <div class=\"row justify-content-center\">\n                <div class=\"col-lg-11\">\n                    \n\n<div class=\"wp-block-columns is-layout-flex wp-container-core-columns-is-layout-9d6595d7 wp-block-columns-is-layout-flex\">\n<div class=\"wp-block-column is-layout-flow wp-block-column-is-layout-flow\" style=\"flex-basis:700px\">\n<p><strong>Regler<\/strong><\/p>\n\n\n\n<ul class=\"wp-block-list\">\n<li>P\u00e5 l\u00e4gren f\u00f6ljs principerna f\u00f6r tryggare rum, och \u00e4ven deltagarna f\u00f6rv\u00e4ntas f\u00f6lja dem. Du kan bekanta dig med riktlinjerna <a href=\"https:\/\/www.protu.fi\/sv\/information-om-protu\/sakerhet-i-protu\/\">h\u00e4r<\/a>.<\/li>\n\n\n\n<li>Teamet \u00e4r ansvarigt f\u00f6r att s\u00e4kerst\u00e4lla en s\u00e4krare plats och respekt f\u00f6r reglerna. <\/li>\n\n\n\n<li>Det ordnas ingen bes\u00f6ksdag p\u00e5 l\u00e4gret och det \u00e4r inte m\u00f6jligt att bes\u00f6ka l\u00e4gret. Det \u00e4r inte heller m\u00f6jligt att l\u00e4mna l\u00e4gret under l\u00e4gerperioden.<\/li>\n\n\n\n<li>Telefoner kan anv\u00e4ndas under raster och utanf\u00f6r programmet.<\/li>\n\n\n\n<li>L\u00e4gret \u00e4r alkoholfritt, r\u00f6kning och snus \u00e4r ocks\u00e5 f\u00f6rbjudet f\u00f6r dem under 18 \u00e5r.<\/li>\n\n\n\n<li>Underl\u00e5tenhet att f\u00f6lja reglerna kan leda till att en deltagare skickas hem mitt under l\u00e4gret. Att skicka hem en deltagare kan ocks\u00e5 \u00f6verv\u00e4gas om en ung person blir sjuk eller inte vill eller kan delta i l\u00e4geraktiviteter.<\/li>\n<\/ul>\n\n\n\n<p><strong>L\u00e4gerdeltagare<\/strong><\/p>\n\n\n\n<ul class=\"wp-block-list\">\n<li>P\u00e5 varje protul\u00e4ger finns circa 18 deltagare, beroende p\u00e5 l\u00e4gerplatsens utrymmen. L\u00e4gren fylls i den ordning anm\u00e4lningarna kommer in, och det \u00e4r vanligt att deltagarna inte k\u00e4nner varandra sedan tidigare.<\/li>\n<\/ul>\n\n\n\n<p><strong>L\u00e4gerteam<\/strong><\/p>\n\n\n\n<ul class=\"wp-block-list\">\n<li>Varje l\u00e4ger planeras och drivs av ett utbildat volont\u00e4rteam best\u00e5ende av tv\u00e5 vuxna ledare och fem unga hj\u00e4lpledare.<\/li>\n\n\n\n<li>Teammedlemmarna har st\u00f6d av omfattande skriftligt material, Protus frivilliga st\u00f6dpersoner, kansliet och krisjourer samt ett n\u00e4tverk best\u00e5ende av frivilliga yrkespersoner inom social-, h\u00e4lso- och utbildningssektorn.<\/li>\n\n\n\n<li>Fr\u00e5n l\u00e4gerteammedlemmar \u00f6ver 18 \u00e5r har ett utdrag ur brottsregistret kontrollerats enligt lag (Lag om kontroll av brottslig bakgrund hos frivilliga som deltar i verksamhet bland barn).<\/li>\n<\/ul>\n\n\n\n<p><strong>L\u00e4gerdeltagarnas nyhetsbrev och l\u00e4gerbrev<\/strong><\/p>\n\n\n\n<ul class=\"wp-block-list\">\n<li>I mars\u2013april skickas ett gemensamt nyhetsbrev via e-post till deltagare och v\u00e5rdnadshavare, som sammanfattar information om l\u00e4grets praxis och regler.<\/li>\n<\/ul>\n\n\n\n<ul class=\"wp-block-list\">\n<li>3-4 veckor innan l\u00e4gret f\u00e5r deltagaren (och v\u00e5rdnadshavaren) ett l\u00e4gerbrev via e-post med information som g\u00e4ller just det l\u00e4gret. Brevet inneh\u00e5ller t.ex.: introduktioner och kontaktuppgifter till l\u00e4gerledarna, ankomstinstruktioner och en packlista.\n<ul class=\"wp-block-list\">\n<li>I l\u00e4gerbrevet finns alla deltagares tilltalsnamn och dessutom telefonnummer och hemort f\u00f6r de l\u00e4gerdeltagare som har gett sitt samtycke till att dessa uppgifter delas i L\u00e4gerdeltagarens uppgifter -formul\u00e4ret.<\/li>\n<\/ul>\n<\/li>\n<\/ul>\n\n\n\n<p><strong>L\u00e4grets start och avslut (slutfest)<\/strong><\/p>\n\n\n\n<ul class=\"wp-block-list\">\n<li>L\u00e4gren p\u00e5g\u00e5r i \u00e5tta dagar, mestadels fr\u00e5n s\u00f6ndag till s\u00f6ndag.<\/li>\n\n\n\n<li>Vanligtvis b\u00f6rjar protul\u00e4ger p\u00e5 eftermiddagen den f\u00f6rsta dagen av l\u00e4gret och slutar p\u00e5 eftermiddagen den sista dagen av l\u00e4gret. I l\u00e4gerbrevet hittar du exakt information om n\u00e4r ditt l\u00e4ger b\u00f6rjar och slutar.<\/li>\n\n\n\n<li>P\u00e5 den sista l\u00e4gerdagen ordnas fr.o.m. kl 12\u201314 en ca 1\u20132 timmar l\u00e5ng slutfest som \u00e4r menad f\u00f6r l\u00e4gerdeltagarna och deras n\u00e4rst\u00e5ende. Efter festen slutar protul\u00e4gret och l\u00e4gerdeltagarna \u00e5terv\u00e4nder hem. Mer information om slutfesten hittas i l\u00e4gerbrevet.<\/li>\n<\/ul>\n\n\n\n<p><strong>Ankomst till l\u00e4gret<\/strong><\/p>\n\n\n\n<ul class=\"wp-block-list\">\n<li>Det finns ingen delad skjuts till campingplatserna (med undantag f\u00f6r vandringsl\u00e4ger). L\u00e4gerbrevet som kommer i f\u00f6rv\u00e4g inneh\u00e5ller instruktioner f\u00f6r att komma till l\u00e4gerplatsen med egen bil och om m\u00f6jligt \u00e4ven med kollektivtrafik.<\/li>\n\n\n\n<li>Vi uppmuntrar v\u00e5rdnadshavare att vid behov \u00e4ven skjutsa andra deltagare. L\u00e4gerbrevet inneh\u00e5ller en l\u00e4nk till en tabell f\u00f6r att arrangera gemensamma transporter.<\/li>\n<\/ul>\n\n\n\n<p><strong>H\u00e4nsyn till s\u00e4rskilda behov<\/strong><\/p>\n\n\n\n<ul class=\"wp-block-list\">\n<li>L\u00e4gret \u00e4r en intensiv upplevelse, du kan l\u00e4sa mer (p\u00e5 finska) om l\u00e4gerpraxis i&nbsp;<a href=\"https:\/\/www.protu.fi\/autismiystavalliset-ohjeet-protuleirille-osallistumisen-tueksi\/\">Protus autismv\u00e4nliga riktlinjer f\u00f6r att st\u00f6dja l\u00e4gerdeltagande<\/a> (observera att de riktlinjer f\u00f6r tillf\u00e4llet inte \u00e4r helt uppdaterade).<\/li>\n\n\n\n<li>L\u00e4gerledarna \u00e4r volont\u00e4rer med olika bakgrund (och inte ungdoms- eller socialarbetare). Teammedlemmarna ansvarar f\u00f6r alla deltagares allm\u00e4nna v\u00e4lbefinnande, men har inget v\u00e5rdansvar n\u00e4r det g\u00e4ller exempelvis medicinering, uppsikt vid m\u00e5ltider eller sj\u00e4lvmordsrelaterat beteende.<\/li>\n\n\n\n<li>Om du kommer till l\u00e4gret med funktionsneds\u00e4ttning, sjukdom eller psykiska problem, Anm\u00e4l detta i samband med l\u00e4geranm\u00e4lan p\u00e5 fr\u00e5geformul\u00e4ret &#8221;Deltagarens uppgifter&#8221;. Du kan ocks\u00e5 kontakta teamet separat innan l\u00e4gret och ber\u00e4tta vad det inneb\u00e4r just med dig. P\u00e5 s\u00e5 s\u00e4tt kan teamet ta h\u00e4nsyn till detta vid planeringen av l\u00e4gret.\n<ul class=\"wp-block-list\">\n<li>Observera dock att teammedlemmarnas f\u00f6rhandskunskaper och f\u00f6rm\u00e5ga att ta h\u00e4nsyn till deltagarnas behov varierar. Vi kan inte garantera att ett specifikt l\u00e4ger f\u00e5r en teammedlem med erfarenhet av att hantera exempelvis en viss sjukdom.<\/li>\n\n\n\n<li>Om det uppst\u00e5r oro inf\u00f6r l\u00e4gret under diskussion med l\u00e4gerteamet, att teamet inte kan ge dig tillr\u00e4ckligt st\u00f6d, kontakta Protus kanslie s\u00e5 kan vi tillsammans \u00f6verv\u00e4ga om deltagande p\u00e5 l\u00e4gret alls \u00e4r m\u00f6jligt.<\/li>\n<\/ul>\n<\/li>\n\n\n\n<li>Tillg\u00e4nglighetsniv\u00e5n varierar mellan l\u00e4gerplatserna. Information om tillg\u00e4nglighet f\u00f6r personer med r\u00f6relsehinder finns angiven i presentationerna av l\u00e4gerplatserna. Du kan fr\u00e5ga Protus <a href=\"mailto:protu@protu.fi\">kansli<\/a> f\u00f6r mer information om l\u00e4gerplatsens l\u00e4mplighet.<\/li>\n\n\n\n<li>Protu arrangerar inga speciall\u00e4ger. P\u00e5 vissa l\u00e4gerplatser g\u00e5r det b\u00e4ttre att tillgodose s\u00e4rskilda behov \u00e4n p\u00e5 andra. P\u00e5 vissa platser \u00e4r det m\u00f6jligt att ta med en personlig assistent till l\u00e4gret. Kostnaderna f\u00f6r assistentens deltagande kan avtalas med <a href=\"mailto:jyrki.jalassuo@protu.fi\">verksamhetsledaren<\/a>.<\/li>\n<\/ul>\n\n\n\n<p><strong>M\u00e5ltider<\/strong><\/p>\n\n\n\n<ul class=\"wp-block-list\">\n<li>M\u00e5ltiderna \u00e4r i grunden lakto-ovo-vegetariska (vegetariskt baserade, men inneh\u00e5ller mejeriprodukter och \u00e4gg).&nbsp;L\u00e4grets meny beror p\u00e5 kocken och l\u00e4grets k\u00f6k.<\/li>\n\n\n\n<li>Du kan anm\u00e4la allergier, specialkost eller andra behov som g\u00e4ller m\u00e5ltider (t.ex. vegansk kost eller behov av att \u00e4ta mat som inneh\u00e5ller k\u00f6tt under evenemanget) p\u00e5 fr\u00e5geformul\u00e4ret \u201dDeltagarens uppgifter\u201d som fylls i i samband med l\u00e4geranm\u00e4lan. Efter anm\u00e4lan kan du kontakta Protus <a href=\"mailto:protu@protu.fi\">kansli<\/a> f\u00f6r att kontrollera att du har meddelat dina behov g\u00e4llande m\u00e5ltider.<\/li>\n<\/ul>\n\n\n\n<p><strong>Kiosk<\/strong><\/p>\n\n\n\n<ul class=\"wp-block-list\">\n<li>Det finns en kiosk p\u00e5 l\u00e4gret som vanligtvis s\u00e4ljer snacks, godis och l\u00e4sk.<\/li>\n\n\n\n<li>I kiosken kan man ocks\u00e5 k\u00f6pa Protus st\u00f6dprodukter (hoodie, t-shirt, tygkasse, m\u00e4rke med mera).<\/li>\n<\/ul>\n\n\n\n<p><strong><strong>Protu-smycket<\/strong><\/strong><\/p>\n\n\n\n<ul class=\"wp-block-list\">\n<li>P\u00e5 baksidan av protusmycket ingraveras l\u00e4gerdeltagarens tilltalsnamn. Du kan fr\u00e5ga Protu-kansliet om det tilltalsnamn du har angett i samband med l\u00e4geranm\u00e4lan.<\/li>\n\n\n\n<li>Om du vill \u00e4ndra ditt tilltalsnamn, v\u00e4nligen beg\u00e4r \u00e4ndringen fr\u00e5n Protus <a href=\"mailto:protu@protu.fi\">kansli<\/a> senast fyra (4) veckor innan l\u00e4gret.<\/li>\n<\/ul>\n\n\n\n<p><strong>Olycksfallsf\u00f6rs\u00e4kring<\/strong><\/p>\n\n\n\n<ul class=\"wp-block-list\">\n<li>Deltagare och ledare \u00e4r f\u00f6rs\u00e4krade mot olyckor. Olycksfallsf\u00f6rs\u00e4kringen omfattar personer som innehar ett finskt FPA-kort. I detta fall t\u00e4cker f\u00f6rs\u00e4kringen behandlingskostnader och egendom som skadats vid olycksfall. Om deltagaren inte har ett finskt FPA-kort \u00e4r det bra att kontrollera med sitt eget f\u00f6rs\u00e4kringsbolag att han eller hon har en giltig rese- eller motsvarande f\u00f6rs\u00e4kring under l\u00e4gret.<\/li>\n<\/ul>\n<\/div>\n<\/div>\n\n\n\n<style>\n    .sivujen-nostot {\n        margin-bottom: 0px;\n    }\n    .sivujen-nostot h2 {\n        margin-bottom: 20px;\n    }\n    .sivujen-nostot .article-col {\n        display: flex;\n        flex-direction: column;\n        flex-wrap: wrap;\n    }\n    .sivujen-nostot .nosto-kuva {\n        height: 220px;\n        background-position: center;\n        background-size: cover;\n        background-repeat: no-repeat;\n        transition: 0.4s;\n    }\n    .sivujen-nostot .nosto-sisalto {\n        background-color: var(--pv);\n        padding: 10px 30px 15px;\n        position: relative;\n        height: calc(100% - 220px);\n        display: flex;\n        flex-direction: column;\n        justify-content: space-between;\n        z-index: 1;\n    }\n    .sivujen-nostot .nosto-sisalto .blue-link {\n        margin-bottom: 0;\n        width: 100%;\n        min-width: 0;\n        max-width: 240px;\n    }\n    .sivujen-nostot .nosto-sisalto .nosto-kuvitus {\n        height: 80px;\n        position: absolute;\n        right: 0;\n        top: 15px;\n        z-index: -1;\n    }\n    .sivujen-nostot .palvelu-otsikko {\n        color: white;\n        font-weight: 500;\n        width: 95%;\n        font-size: 24px;\n    }\n    .sivujen-nostot a:hover .nosto-kuva,\n    .sivujen-nostot a:focus .nosto-kuva {\n        filter: brightness(1.1);\n    }\n    @media (max-width: 767.98px) {\n        .sivujen-nostot .nosto-sisalto {\n            max-width: 100%;\n        }\n    }\n<\/style>\n\n<section class=\"sivujen-nostot\">\n            <h2 style=\"text-align: left; color: #149579;\">L\u00e4s mer<\/h2>\n        <div class=\"row\">\n                    <div class=\"col-md-6 col-lg-6 article-col mb-3 mb-lg-0\">\n                <a href=\"https:\/\/www.protu.fi\/autismiystavalliset-ohjeet-protuleirille-osallistumisen-tueksi\/\">\n                    <div class=\"nosto-kuva\" style=\"background-image: url(https:\/\/www.protu.fi\/wp-content\/uploads\/2023\/02\/Protu_2021_Porkkalanniemi_2021-28002-1122-www.png);\">\n                    <\/div>\n                <\/a>\n                <div class=\"nosto-sisalto\">\n                    <h3 class=\"palvelu-otsikko\">Autismiyst\u00e4v\u00e4lliset ohjeet protuleirille osallistumisen tueksi<\/h3>\n                    <a class=\"blue-link\" href=\"https:\/\/www.protu.fi\/autismiystavalliset-ohjeet-protuleirille-osallistumisen-tueksi\/\">L\u00e4s mer<\/a>\n                    <img decoding=\"async\" class=\"nosto-kuvitus\" src=\"https:\/\/www.protu.fi\/wp-content\/themes\/protu-teema\/images\/puolikas.svg\" alt=\"\">\n                <\/div>\n            <\/div>\n            <\/div>\n<\/section>\n\n\n<p><\/p>\n\n\n<style>\n    .banneri {\n        padding: 50px 0;\n        background-position: center;\n        background-size: cover;\n        background-repeat: no-repeat;\n        color: white;\n        margin-bottom: 20px;\n        position: relative;\n    }\n    .banner-narrow {\n        text-align: center;\n    }\n    .banneri h2 {\n        font-size: 42px;\n    }\n    .banneri h2 {\n        margin-bottom: 30px;\n    }\n    .banner-narrow a {\n        margin: auto;\n    }\n    .banner-wide .banner-kuvitus {\n        position: absolute;\n        right: 0;\n        top: 20px;\n    }\n    .banneri.link-banner {\n        padding: 60px 0;\n    }\n    .banneri .link-container {\n        display: flex;\n        justify-content: center;\n    }\n    .banneri .link-container a {\n        margin: 10px;\n    }\n    .banneri .lahjoitus-container .tuote-col {\n        display: flex;\n    }\n    .banneri .lahjoitus-container .tuote-col .tuote-kortti {\n        width: calc(50% - 40px);\n        margin: 0 20px;\n        padding: 30px;\n        background-color: #EBEFF7;\n        border: 1px solid #E6E6E6;\n        box-shadow: 0 2px 10px rgb(0 0 0 \/ 20%);\n        margin-bottom: 20px;\n        height: fit-content;\n        height: -moz-fit-content;\n    }\n    .banneri .lahjoitus-container .tuote-col .tuote-kortti img {\n        width: 100%;\n        margin-bottom: 15px;\n    }\n    .banneri .lahjoitus-container .tuote-col .tuote-kortti h3 {\n        color: var(--pv);\n    }\n    .banneri .lahjoitus-container .tuote-col .tuote-kortti .hinta {\n        color: #000000;\n    }\n    .banneri .lahjoitus-container .tuote-col .tuote-kortti .add_to_cart_inline {\n        border: none !important;\n        padding: 0 !important;\n        display: flex;\n        flex-wrap: wrap;\n        flex-direction: column;\n        margin: 0;\n    }\n    .banneri .lahjoitus-container .tuote-col .tuote-kortti .add_to_cart_inline .woocommerce-Price-amount {\n        color: #000000;\n        font-weight: 500;\n    }\n    .banneri .lahjoitus-container .tuote-col .tuote-kortti .add_to_cart_inline a {\n        width: 100%;\n        display: block;\n        text-align: center;\n        background-color: var(--pv);\n        color: white;\n        padding: 15px;\n        text-transform: uppercase;\n        font-weight: 400;\n        margin-top: 30px;\n        transition: 0.4s;\n    }\n    .banneri .lahjoitus-container .tuote-col .tuote-kortti .add_to_cart_inline a:hover,\n    .banneri .lahjoitus-container .tuote-col .tuote-kortti .add_to_cart_inline a:focus {\n        background-color: #21224B;\n    }\n    @media (max-width: 991.98px) {\n        .banneri.banner-wide {\n            margin-left: -15px;\n            margin-right: -15px;\n            padding-bottom: 4em;\n            z-index: 1;\n        }\n        .banneri.banner-wide .blue-link {\n            position: absolute;\n            bottom: 0;\n            margin-bottom: 1em;\n        }\n    }\n    @media (max-width: 767.98px) {\n        .banner-wide .banner-kuvitus {\n            height: 100px;\n            z-index: -1;\n        }\n        .banneri h2 {\n            font-size: 2rem;\n        }\n    }\n    @media (max-width: 575.98px) {\n        .banneri .lahjoitus-container .tuote-col {\n            flex-direction: column;\n        }\n        .banneri .lahjoitus-container .tuote-col .tuote-kortti {\n            width: calc(100% - 40px);\n        }\n    }\n<\/style>\n<section class=\"banneri banner-narrow\" \n    style=\"background-image: url(https:\/\/www.protu.fi\/wp-content\/uploads\/2022\/01\/banner_tausta.jpg);\">\n            <div class=\"container\">\n            <div class=\"row justify-content-center\">\n                <div class=\"col-lg-8\">\n                    <h2>L\u00e4s mer om principerna f\u00f6r l\u00e4gerverksamhet!<\/h2>\n                    <p>Protul\u00e4grets m\u00e5l \u00e4r att vara en trygg och accepterande plats d\u00e4r deltagarna kan f\u00e5 st\u00f6d i att bygga sin egen livssyn och utveckla livskunskaper. L\u00e4s mer om principerna f\u00f6r l\u00e4gerverksamhet!<\/p>\n                                            <a class=\"green-link\" href=\"\/sv\/delta-pa-prometheus-lager\/malen-och-operativa-principer-for-protu-lager\/\">L\u00e4s mer<\/a>\n                                    <\/div>\n            <\/div>\n        <\/div>\n    <\/section>\n                <\/div>\n            <\/div>\n            <\/div>\n<\/section>","protected":false},"excerpt":{"rendered":"","protected":false},"author":89,"featured_media":0,"parent":20366,"menu_order":0,"comment_status":"closed","ping_status":"closed","template":"","meta":{"_acf_changed":false,"inline_featured_image":false,"footnotes":""},"sivun_tyyppi":[65],"class_list":["post-21261","page","type-page","status-publish","hentry","sivun_tyyppi-julkinen-sivu"],"acf":[],"_links":{"self":[{"href":"https:\/\/www.protu.fi\/sv\/wp-json\/wp\/v2\/pages\/21261","targetHints":{"allow":["GET"]}}],"collection":[{"href":"https:\/\/www.protu.fi\/sv\/wp-json\/wp\/v2\/pages"}],"about":[{"href":"https:\/\/www.protu.fi\/sv\/wp-json\/wp\/v2\/types\/page"}],"author":[{"embeddable":true,"href":"https:\/\/www.protu.fi\/sv\/wp-json\/wp\/v2\/users\/89"}],"replies":[{"embeddable":true,"href":"https:\/\/www.protu.fi\/sv\/wp-json\/wp\/v2\/comments?post=21261"}],"version-history":[{"count":24,"href":"https:\/\/www.protu.fi\/sv\/wp-json\/wp\/v2\/pages\/21261\/revisions"}],"predecessor-version":[{"id":86528,"href":"https:\/\/www.protu.fi\/sv\/wp-json\/wp\/v2\/pages\/21261\/revisions\/86528"}],"up":[{"embeddable":true,"href":"https:\/\/www.protu.fi\/sv\/wp-json\/wp\/v2\/pages\/20366"}],"wp:attachment":[{"href":"https:\/\/www.protu.fi\/sv\/wp-json\/wp\/v2\/media?parent=21261"}],"wp:term":[{"taxonomy":"sivun_tyyppi","embeddable":true,"href":"https:\/\/www.protu.fi\/sv\/wp-json\/wp\/v2\/sivun_tyyppi?post=21261"}],"curies":[{"name":"wp","href":"https:\/\/api.w.org\/{rel}","templated":true}]}}