{"id":21267,"date":"2023-02-06T12:25:49","date_gmt":"2023-02-06T10:25:49","guid":{"rendered":"https:\/\/uusi.protu.fi\/?page_id=21267"},"modified":"2025-10-01T14:24:43","modified_gmt":"2025-10-01T11:24:43","slug":"hjalpledare-till-lager","status":"publish","type":"page","link":"https:\/\/www.protu.fi\/sv\/med-i-verksamheten\/hjalpledare-till-lager\/","title":{"rendered":"Hj\u00e4lpledare till l\u00e4ger"},"content":{"rendered":"<section class=\"block-container vaalea-tausta\">\n    <div class=\"container-fluid\">\n                    <div class=\"row justify-content-center\">\n                <div class=\"col-lg-11\">\n                    \n\n<style>\n    .sisalto {\n        margin-bottom: 20px;\n    }\n    .sisalto .image-col img {\n        max-width: 100%;\n    }\n    .sisalto .image-col img.oikea {\n        padding-left: 20px;\n    }\n    .sisalto .image-col img.vasen {\n        padding-right: 20px;\n        margin-bottom: 30px;\n    }\n    .sisalto h2, .sisalto h3 {\n        margin: 10px 0 20px;\n    }\n<\/style>\n\n<section class=\"sisalto\">\n    <div class=\"row justify-content-center\">\n                    <div class=\"col-lg-6 text-link\">\n                <p>Varje l\u00e4ger har fem frivilliga hj\u00e4lpledare i \u00e5ldern 15-19. I teamet ing\u00e5r f\u00f6rutom dem tv\u00e5 vuxna ledare. De hj\u00e4lpledarna tillsammans med de vuxna ledarna planerar l\u00e4gret och dess program och deltar i att h\u00e5lla program och andra l\u00e4geraktiviteter p\u00e5 l\u00e4gret. Det beh\u00f6vs cirka 350 hj\u00e4lpledare till sommarl\u00e4gren varje \u00e5r.<\/p>\n<p>Som hj\u00e4lpledare f\u00e5r du ett annat perspektiv och en annan l\u00e4gerupplevelse \u00e4n som deltagare. Du f\u00e5r p\u00e5verka veckans program och deltagarnas l\u00e4gerupplevelse och m\u00f6jligg\u00f6r h\u00e4rliga l\u00e4gerupplevelser f\u00f6r nya deltagare. Samtidigt samlar du p\u00e5 dig v\u00e4rdefullt kunnande och utvecklar kompetenser som kan komma till nytta till exempel i arbetslivet. Om du \u00f6nskar f\u00e5r du ett officiellt intyg f\u00f6r arbetet som hj\u00e4lpledare och inneh\u00e5llet i arbetsuppgifterna.<\/p>\n<p>Du kan mycket v\u00e4l b\u00f6rja som hj\u00e4lpledare direkt efter ditt eget l\u00e4ger. Att agera som hj\u00e4lpledare \u00e4r det f\u00f6rsta steget f\u00f6r m\u00e5nga m\u00e4nniskor att bli aktiva i Protu. Ingen tidigare erfarenhet av h\u00e5llning av l\u00e4ger \u00e4r n\u00f6dv\u00e4ndig och hj\u00e4lpledare f\u00e5r utbildning p\u00e5 v\u00e5ren innan l\u00e4gret. Alla slags m\u00e4nniskor beh\u00f6vs som hj\u00e4lpledare, fr\u00e5n tysta till pratsamma och fr\u00e5n reflekterande till praktiska m\u00e4nniskor. Det r\u00e4cker med att du vill vara med och skapa en minnesv\u00e4rd vecka och gnistor till eftertanke!<\/p>\n            <\/div>\n            <div class=\"col-lg-6 image-col\">\n                 \n                    <img decoding=\"async\" class=\"oikea\" src=\"https:\/\/www.protu.fi\/wp-content\/uploads\/2022\/10\/Protu_2021_Meriharju_2021-28009-9879-scaled.jpg\" alt=\"\">\n                            <\/div> \n            <\/div>\n<\/section> \n\n\n<style>\n\n<\/style>\n\n<section class=\"kapea-teksti\">\n    <div class=\"row\">\n        <div class=\"col-lg-9\">\n            <h2>V\u00e4gen till att bli hj\u00e4lpledare<\/h2>\n<ul>\n<li><strong>Bli medlem: <\/strong>Protu-medlemskap kr\u00e4vs f\u00f6r de som vill g\u00e5 med somhj\u00e4lpledare. Om du vill bli hj\u00e4lpledare, men \u00e4r \u00e4nnu inte medlem, v\u00e4nligen bli medlem f\u00f6rst. Med ditt medlemskap f\u00e5r du en ing\u00e5ng till Protuportaal, d\u00e4r du kan ans\u00f6ka om en teammedlemsroll och anm\u00e4la dig till utbildning. Din e-postadress fungerar som din inloggning till Protuportalen.\n<ul>\n<li>Om du \u00e4r l\u00e4gerdeltagre 2025 f\u00e5r du ett mail i slutet av augusti med information om medlemskap och en l\u00e4nk till ett s\u00e4rskilt anm\u00e4lningsformul\u00e4r speciellt f\u00f6r l\u00e4gerdeltager.<\/li>\n<\/ul>\n<\/li>\n<li><strong>Ans\u00f6k om en teammedlemsroll:<\/strong> Ans\u00f6k om en teammedlemsroll p\u00e5 Protuportaal Helpdesk (typ av supportf\u00f6rfr\u00e5gan: &#8221;Tiimil\u00e4isroolin hakeminen&#8221;). I samband med ans\u00f6kan v\u00e4ljs \u00e4ven en teammedlemsroll. Om du precis har varit p\u00e5 l\u00e4gret och ans\u00f6ker om att bli hj\u00e4lpledare f\u00f6r f\u00f6rsta g\u00e5ngen \u00e4r din roll UA = uusi apuohjaaja (ny hj\u00e4lpledare).<\/li>\n<li><strong>Bekr\u00e4ftelsemeddelande:<\/strong> N\u00e4r din ans\u00f6kan har behandlats och du har tilldelats en roll f\u00e5r du ett bekr\u00e4ftelsemeddelande och allm\u00e4n information om att ans\u00f6ka som teammedlem.<\/li>\n<li><strong>Grundutbildningar:<\/strong> teammedlemmens tr\u00e4ning omfattar sj\u00e4lvst\u00e4ndigt studerade teoridelar, deltagande i teoridelen av en Zoom-f\u00f6rel\u00e4sning och deltagande i simuleringstr\u00e4ning (n\u00e4rbildsutbildning).\n<ul>\n<li>Materialet till teoridelen (inneh\u00e5ller information som ska studeras och uppgifter fr\u00e5n dessa) finns tillg\u00e4ngligt fr\u00e5n oktober.<\/li>\n<li>Zoomf\u00f6rel\u00e4sningar av teoridelen kommer att anordnas fr\u00e5n november.<\/li>\n<li>Simuleringsutbildningar (praktiska \u00f6vningar fr\u00e5n teori, praktisk tr\u00e4ning fr\u00e5n l\u00f6rdag till s\u00f6ndag) anordnas i januari\u2013februari. Avgiften f\u00f6r simuleringsutbildning \u00e4r 32 \u20ac (f\u00f6r l\u00e5ginkomsttagare 22 \u20ac).<\/li>\n<\/ul>\n<\/li>\n<li><strong>Rekryteringsdiskussioner.<\/strong> Protus rekryteringsgruppen intervjuar alla som s\u00f6kt till teamet i januari-februari.<\/li>\n<li><strong>Tidtabells\u00f6nskem\u00e5lsblankett:<\/strong> Efter att du har deltagit i utbildningarna kan du fylla i tidtabells\u00f6nskem\u00e5lsblanketten innan deadlinen. P\u00e5 formul\u00e4ret anger du vilka veckor du kan dra p\u00e5 l\u00e4ger.<\/li>\n<li><strong>Teambildning:<\/strong> Protus rekryteringsteam bildar l\u00e4gerteamen. De som s\u00f6kt till att komma med i ett team f\u00e5r information om de har blivit utvalda via mejl i mitten av mars.<\/li>\n<li><strong>Teamutbildning:<\/strong> Teamet deltar i en gemensam teamutbildning. I teamutbildning ges ytterligare utbildning f\u00f6r att organisera l\u00e4gret och hur ansvaret inom teamet delas. Avgiften f\u00f6r teamutbildning \u00e4r 32 \u20ac (f\u00f6r l\u00e5ginkomsttagare 22 \u20ac). Teamutbildningar anordnas i april\u2013maj.<\/li>\n<li><strong>L\u00e4gerplanering, teamm\u00f6ten och id\u00e9banken:<\/strong> Teamet planerar l\u00e4gret tillsammans innan l\u00e4gret. F\u00f6r detta anordnar teamen sina egna teamm\u00f6ten. Till st\u00f6d f\u00f6r planeringen av l\u00e4gret har teamet Protus id\u00e9bank som har en omfattande samling av olika program- och lekid\u00e9er.<\/li>\n<li><strong>Ohjusten opas och annat instruktionsmaterial:<\/strong> Ut\u00f6ver utbildningen har s\u00f6kande till teamet tillg\u00e5ng till Ohjusten opas som ber\u00e4ttar allt om teamledning och omfattande instruktionsmaterial p\u00e5 Protus SharePoint.<\/li>\n<li><strong>Protul\u00e4ger:<\/strong> Teamet h\u00e5ller ett veckol\u00e5ngt l\u00e4ger och anordnar en avslutningsceremoni f\u00f6r n\u00e4ra anh\u00f6riga den sista dagen. L\u00e4gerkockarna ansvarar f\u00f6r l\u00e4grets matpolicy. Under l\u00e4gerveckan f\u00e5r teamet st\u00f6d av Protus st\u00f6dpersonal och akutresurser.<\/li>\n<li><strong>Parkevenemang:<\/strong> Efter sommaren samlar Puistis, som anordnas i Helsingfors, alla deltagare och teammedlemmar igen i n\u00f6jets namn.<\/li>\n<li><strong>Purkajaiset och teamets egna avvecklingar:<\/strong> Purkajaiset ger en m\u00f6jlighet att diskutera och utv\u00e4rdera framg\u00e5ngen f\u00f6r sitt l\u00e4ger tillsammans med teamen fr\u00e5n andra l\u00e4ger. F\u00f6rutom Purkajaiset anordnar teamen sina egna avvecklingsm\u00f6ten.<\/li>\n<\/ul>\n        <\/div>\n    <\/div>\n<\/section>\n\n\n<style>\n    .quote-nosto {\n        margin-bottom: 40px;\n    }\n    .quote-nosto .quote {\n        margin: 0;\n        padding: 20px 80px;\n        font-size: 32px;\n        color: var(--pv);\n        font-weight: 700;\n        font-family: 'Signika', sans-serif;\n    }\n    .quote-nosto .hm1, .quote-nosto .hm2 {\n        height: 60px;\n        position: absolute;\n    }\n    .quote-nosto .hm2 {\n        right: 15px;\n        bottom: 0;\n    }\n    .quote-nosto .leiri-quote {\n        padding-left: 60px;\n    }\n    .quote-nosto .leiri-quote .quote-sisalto {\n        display: flex;\n        flex-direction: column;\n        justify-content: center;\n        height: 100%;\n    }\n    .quote-nosto .leiri-quote .quote-sisalto p {\n        font-size: 20px;\n        margin-bottom: 10px;\n    }\n    .quote-nosto .leiri-quote .quote-sisalto .nosto {\n        margin: 0;\n        font-weight: 500;\n    }\n    .quote-nosto .yksi-quote {\n        padding: 20px 80px;\n        color: #21224B;\n    }\n    .quote-nosto .yksi-quote .hm1 {\n        left: 0;\n        top: 0;\n    }\n    .quote-nosto .yksi-quote p {\n        margin-bottom: 15px;\n        font-size: 20px;\n    }\n    .quote-nosto .yksi-quote .nosto {\n        font-size: 18px;\n        font-weight: 500;\n    }\n    @media (max-width: 767.98px) {\n        .quote-nosto .quote {\n            font-size: 1.5rem;\n            padding: 20px 50px;\n        }\n        .quote-nosto .hm1,\n        .quote-nosto .hm2 {\n            height: 40px;\n        }\n        .quote-nosto .leiri-quote {\n            padding-left: 15px;\n        }\n    }\n<\/style>\n\n<section class=\"quote-nosto\">\n    <div class=\"row justify-content-center\">\n        <div class=\"col-lg-10\">\n                            <div class=\"row justify-content-center\">\n                    <div class=\"col-lg-7\">\n                                                <div class=\"quote-sisalto yksi-quote\">\n                            <img decoding=\"async\" class=\"hm1\" src=\"https:\/\/www.protu.fi\/wp-content\/themes\/protu-teema\/images\/heittomerkki.svg\" alt=\"\">\n                            <p>Det har p\u00e5 n\u00e5got s\u00e4tt gett mig en helt ny typ av f\u00f6rtroende och s\u00e4kerhet, hur viktig grej i teamet det bara \u00e4r, att man \u00e4r sig sj\u00e4lv. N\u00e4r man l\u00e4ser brev efter l\u00e4gret, d\u00e4r n\u00e5gon s\u00e4ger att de skyddades av mitt mod att vara bara en s\u00e5n h\u00e4r lite rolig typ, s\u00e5 \u00e4r det underbart. Det kommer ofta tillbaka till tankarna som ett varmt minne n\u00e4r jag inte n\u00f6dv\u00e4ndigtvis k\u00e4nner mig s\u00e4rskilt modig sj\u00e4lv.<\/p>\n                            <p class=\"nosto\">Otava, hj\u00e4lpledare<\/p>\n                            <img decoding=\"async\" class=\"hm2\" src=\"https:\/\/www.protu.fi\/wp-content\/themes\/protu-teema\/images\/heittomerkki.svg\" alt=\"\">\n                        <\/div>\n                    <\/div>\n                <\/div>\n                    <\/div>\n    <\/div>\n<\/section>\n\n\n<style>\n    .quote-nosto {\n        margin-bottom: 40px;\n    }\n    .quote-nosto .quote {\n        margin: 0;\n        padding: 20px 80px;\n        font-size: 32px;\n        color: var(--pv);\n        font-weight: 700;\n        font-family: 'Signika', sans-serif;\n    }\n    .quote-nosto .hm1, .quote-nosto .hm2 {\n        height: 60px;\n        position: absolute;\n    }\n    .quote-nosto .hm2 {\n        right: 15px;\n        bottom: 0;\n    }\n    .quote-nosto .leiri-quote {\n        padding-left: 60px;\n    }\n    .quote-nosto .leiri-quote .quote-sisalto {\n        display: flex;\n        flex-direction: column;\n        justify-content: center;\n        height: 100%;\n    }\n    .quote-nosto .leiri-quote .quote-sisalto p {\n        font-size: 20px;\n        margin-bottom: 10px;\n    }\n    .quote-nosto .leiri-quote .quote-sisalto .nosto {\n        margin: 0;\n        font-weight: 500;\n    }\n    .quote-nosto .yksi-quote {\n        padding: 20px 80px;\n        color: #21224B;\n    }\n    .quote-nosto .yksi-quote .hm1 {\n        left: 0;\n        top: 0;\n    }\n    .quote-nosto .yksi-quote p {\n        margin-bottom: 15px;\n        font-size: 20px;\n    }\n    .quote-nosto .yksi-quote .nosto {\n        font-size: 18px;\n        font-weight: 500;\n    }\n    @media (max-width: 767.98px) {\n        .quote-nosto .quote {\n            font-size: 1.5rem;\n            padding: 20px 50px;\n        }\n        .quote-nosto .hm1,\n        .quote-nosto .hm2 {\n            height: 40px;\n        }\n        .quote-nosto .leiri-quote {\n            padding-left: 15px;\n        }\n    }\n<\/style>\n\n<section class=\"quote-nosto\">\n    <div class=\"row justify-content-center\">\n        <div class=\"col-lg-10\">\n                            <div class=\"row justify-content-center\">\n                    <div class=\"col-lg-7\">\n                                                <div class=\"quote-sisalto yksi-quote\">\n                            <img decoding=\"async\" class=\"hm1\" src=\"https:\/\/www.protu.fi\/wp-content\/themes\/protu-teema\/images\/heittomerkki.svg\" alt=\"\">\n                            <p>Det b\u00e4sta \u00e4r de fantastiska nya upplevelserna man f\u00e5r p\u00e5 varje l\u00e4ger, och n\u00e4r man inser att med sin h\u00e5llning av l\u00e4gret kan man verkligen ha en positiv inverkan p\u00e5 m\u00e5nga deltagarnas liv! Jag har l\u00e4rt mig allt fr\u00e5n att ta ansvar och arbeta med m\u00e4nniskor till bastuuppv\u00e4rmningstekniker.<\/p>\n                            <p class=\"nosto\">Venla, hj\u00e4lpledare<\/p>\n                            <img decoding=\"async\" class=\"hm2\" src=\"https:\/\/www.protu.fi\/wp-content\/themes\/protu-teema\/images\/heittomerkki.svg\" alt=\"\">\n                        <\/div>\n                    <\/div>\n                <\/div>\n                    <\/div>\n    <\/div>\n<\/section>\n                <\/div>\n            <\/div>\n            <\/div>\n<\/section>\n\n\n<style>\n    .sivujen-nostot {\n        margin-bottom: 0px;\n    }\n    .sivujen-nostot h2 {\n        margin-bottom: 20px;\n    }\n    .sivujen-nostot .article-col {\n        display: flex;\n        flex-direction: column;\n        flex-wrap: wrap;\n    }\n    .sivujen-nostot .nosto-kuva {\n        height: 220px;\n        background-position: center;\n        background-size: cover;\n        background-repeat: no-repeat;\n        transition: 0.4s;\n    }\n    .sivujen-nostot .nosto-sisalto {\n        background-color: var(--pv);\n        padding: 10px 30px 15px;\n        position: relative;\n        height: calc(100% - 220px);\n        display: flex;\n        flex-direction: column;\n        justify-content: space-between;\n        z-index: 1;\n    }\n    .sivujen-nostot .nosto-sisalto .blue-link {\n        margin-bottom: 0;\n        width: 100%;\n        min-width: 0;\n        max-width: 240px;\n    }\n    .sivujen-nostot .nosto-sisalto .nosto-kuvitus {\n        height: 80px;\n        position: absolute;\n        right: 0;\n        top: 15px;\n        z-index: -1;\n    }\n    .sivujen-nostot .palvelu-otsikko {\n        color: white;\n        font-weight: 500;\n        width: 95%;\n        font-size: 24px;\n    }\n    .sivujen-nostot a:hover .nosto-kuva,\n    .sivujen-nostot a:focus .nosto-kuva {\n        filter: brightness(1.1);\n    }\n    @media (max-width: 767.98px) {\n        .sivujen-nostot .nosto-sisalto {\n            max-width: 100%;\n        }\n    }\n<\/style>\n\n<section class=\"sivujen-nostot\">\n        <div class=\"row\">\n            <\/div>\n<\/section>\n\n\n<style>\n    @media (max-width: 767.98px) {\n        .artikkelin-sisalto h2,\n        .artikkelin-sisalto h3 {\n            margin-top: 2em;\n        }\n    }\n<\/style>\n\n<section class=\"artikkelin-sisalto\">\n    <\/section>\n\n\n<style>\n    .sisalto {\n        margin-bottom: 20px;\n    }\n    .sisalto .image-col img {\n        max-width: 100%;\n    }\n    .sisalto .image-col img.oikea {\n        padding-left: 20px;\n    }\n    .sisalto .image-col img.vasen {\n        padding-right: 20px;\n        margin-bottom: 30px;\n    }\n    .sisalto h2, .sisalto h3 {\n        margin: 10px 0 20px;\n    }\n<\/style>\n\n<section class=\"sisalto\">\n    <div class=\"row justify-content-center\">\n                    <div class=\"col-lg-6 text-link\">\n                            <\/div>\n            <div class=\"col-lg-6 image-col\">\n                            <\/div> \n            <\/div>\n<\/section> ","protected":false},"excerpt":{"rendered":"","protected":false},"author":89,"featured_media":0,"parent":20368,"menu_order":0,"comment_status":"closed","ping_status":"closed","template":"","meta":{"_acf_changed":false,"inline_featured_image":false,"footnotes":""},"sivun_tyyppi":[65],"class_list":["post-21267","page","type-page","status-publish","hentry","sivun_tyyppi-julkinen-sivu"],"acf":[],"_links":{"self":[{"href":"https:\/\/www.protu.fi\/sv\/wp-json\/wp\/v2\/pages\/21267","targetHints":{"allow":["GET"]}}],"collection":[{"href":"https:\/\/www.protu.fi\/sv\/wp-json\/wp\/v2\/pages"}],"about":[{"href":"https:\/\/www.protu.fi\/sv\/wp-json\/wp\/v2\/types\/page"}],"author":[{"embeddable":true,"href":"https:\/\/www.protu.fi\/sv\/wp-json\/wp\/v2\/users\/89"}],"replies":[{"embeddable":true,"href":"https:\/\/www.protu.fi\/sv\/wp-json\/wp\/v2\/comments?post=21267"}],"version-history":[{"count":24,"href":"https:\/\/www.protu.fi\/sv\/wp-json\/wp\/v2\/pages\/21267\/revisions"}],"predecessor-version":[{"id":85648,"href":"https:\/\/www.protu.fi\/sv\/wp-json\/wp\/v2\/pages\/21267\/revisions\/85648"}],"up":[{"embeddable":true,"href":"https:\/\/www.protu.fi\/sv\/wp-json\/wp\/v2\/pages\/20368"}],"wp:attachment":[{"href":"https:\/\/www.protu.fi\/sv\/wp-json\/wp\/v2\/media?parent=21267"}],"wp:term":[{"taxonomy":"sivun_tyyppi","embeddable":true,"href":"https:\/\/www.protu.fi\/sv\/wp-json\/wp\/v2\/sivun_tyyppi?post=21267"}],"curies":[{"name":"wp","href":"https:\/\/api.w.org\/{rel}","templated":true}]}}