{"id":21287,"date":"2023-02-06T13:29:24","date_gmt":"2023-02-06T11:29:24","guid":{"rendered":"https:\/\/uusi.protu.fi\/?page_id=21287"},"modified":"2025-04-03T17:06:59","modified_gmt":"2025-04-03T14:06:59","slug":"till-avdelningar-och-arbetsgrupper","status":"publish","type":"page","link":"https:\/\/www.protu.fi\/sv\/med-i-verksamheten\/till-avdelningar-och-arbetsgrupper\/","title":{"rendered":"Till avdelningar och arbetsgrupper"},"content":{"rendered":"<section class=\"block-container vaalea-tausta\">\n    <div class=\"container-fluid\">\n                    <div class=\"row justify-content-center\">\n                <div class=\"col-lg-11\">\n                    \n\n<style>\n\n<\/style>\n\n<section class=\"kapea-teksti\">\n    <div class=\"row\">\n        <div class=\"col-lg-9\">\n            <p>P\u00e5 Protu utf\u00f6rs n\u00e4stan allt arbete av frivilliga. Detta arbete utf\u00f6rs och koordineras av avdelningarna, d\u00e4r alla \u00e4r v\u00e4lkomna att vara med. S\u00e5 hitta en avdelning som intresserar dig, och engagera dig i att g\u00f6ra l\u00e4gren och andra aktiviteter i organisationen m\u00f6jliga!<\/p>\n<p><strong>Ans\u00f6k till en avdelning eller arbetsgrupp s\u00e5 h\u00e4r:<\/strong><\/p>\n<ol>\n<li><a href=\"https:\/\/www.protu.fi\/sv\/med-i-verksamheten\/bli-medlem-i-protu\/\">Bli medlem<\/a> i Protu om du inte redan har gjort det.<\/li>\n<li>Anm\u00e4l ditt intresse f\u00f6r att g\u00e5 med i kammaren direkt till avdelningen (du hittar avdelningars s e-postadresser p\u00e5 denna sida). Avdelningen fattar beslut om intr\u00e4de och avdelningens ordf\u00f6rande \u00f6verl\u00e4mnar \u00e4rendet till Protu-styrelsen f\u00f6r beslut.<\/li>\n<li>N\u00e4r styrelsen har bekr\u00e4ftat ditt medlemskap i avdelningen kommer du att f\u00e5 en avdelningsrroll, l\u00e4ggas till i avdelningens e-postlista och ha tillg\u00e5ng till avdelningens delade SharePoint-filmapp.<\/li>\n<\/ol>\n<p><strong>Varf\u00f6r g\u00e5 med i avdelningar?<\/strong><\/p>\n<ul>\n<li><strong>L\u00e4r dig nytt!<\/strong> I avdelningarna kan du prova p\u00e5 en m\u00e4ngd olika uppgifter med st\u00f6d av andra avdelningsmedlemmar. S\u00e5 du beh\u00f6ver inte veta om n\u00e5got redan!<\/li>\n<li><strong>Hitta v\u00e4nner!<\/strong> P\u00e5 avdelningarna jobbar man l\u00e4nge med samma grupp och det kan i b\u00e4sta fall leda till livsl\u00e5nga v\u00e4nskaper!<\/li>\n<li><strong>Divisionsdagar!<\/strong> Varje \u00e5r anordnas avdelningarsdagar f\u00f6ravdelningsmedlemmar d\u00e4r de b\u00e5de kan fr\u00e4scha upp sig och l\u00e4ra sig tillsammans med andra divisionsmedlemmar.<\/li>\n<li><strong>Protu \u00e5ret runt!<\/strong> Avdelningarna \u00e4r verksamma \u00e5ret runt. P\u00e5 h\u00f6sten finns det kanske inte l\u00e4ger att k\u00f6ra eller utbildningar att utbilda, men de flesta divisionerna \u00e4r i drift.<\/li>\n<li><strong>Fr\u00e4scha upp dig!<\/strong> Att arbeta i avdelningarna \u00e4r inte bara att umg\u00e5s, utan \u00e4ven f\u00f6rfriskningar och samvaro organiseras inom divisionerna.<\/li>\n<\/ul>\n<p>Med undantag f\u00f6r rekryteringsgruppen kan du s\u00f6ka till alla divisioner n\u00e4r som helst under \u00e5ret. I princip tills\u00e4tts divisionernas sammans\u00e4ttning i november, men informationsavdelningen tills\u00e4tts i september och kockavdelningen, utbildningsavdelningen och rekrytering i oktober.<\/p>\n        <\/div>\n    <\/div>\n<\/section>\n\n\n<h3 class=\"wp-block-heading\">Divisionerna och institutionerna<\/h3>\n\n\n<style>.kt-accordion-id21287_469076-30 .kt-accordion-inner-wrap{column-gap:var(--global-kb-gap-md, 2rem);row-gap:0px;}.kt-accordion-id21287_469076-30 .kt-accordion-panel-inner{border-top:0px solid transparent;border-right:0px solid transparent;border-bottom:0px solid transparent;border-left:0px solid transparent;padding-top:var(--global-kb-spacing-sm, 1.5rem);padding-right:var(--global-kb-spacing-sm, 1.5rem);padding-bottom:var(--global-kb-spacing-sm, 1.5rem);padding-left:var(--global-kb-spacing-sm, 1.5rem);}.kt-accordion-id21287_469076-30 > .kt-accordion-inner-wrap > .wp-block-kadence-pane > .kt-accordion-header-wrap > .kt-blocks-accordion-header{border-top-color:#555555;border-top-style:solid;border-right-color:#555555;border-right-style:solid;border-bottom-color:#555555;border-bottom-style:solid;border-left-color:#555555;border-left-style:solid;border-top-left-radius:0px;border-top-right-radius:0px;border-bottom-right-radius:0px;border-bottom-left-radius:0px;background:#f2f2f2;font-size:18px;line-height:24px;color:#555555;padding-top:10px;padding-right:14px;padding-bottom:10px;padding-left:14px;}.kt-accordion-id21287_469076-30:not( .kt-accodion-icon-style-basiccircle ):not( .kt-accodion-icon-style-xclosecircle ):not( .kt-accodion-icon-style-arrowcircle )  > .kt-accordion-inner-wrap > .wp-block-kadence-pane > .kt-accordion-header-wrap .kt-blocks-accordion-icon-trigger:after, .kt-accordion-id21287_469076-30:not( .kt-accodion-icon-style-basiccircle ):not( .kt-accodion-icon-style-xclosecircle ):not( .kt-accodion-icon-style-arrowcircle )  > .kt-accordion-inner-wrap > .wp-block-kadence-pane > .kt-accordion-header-wrap .kt-blocks-accordion-icon-trigger:before{background:#555555;}.kt-accordion-id21287_469076-30:not( .kt-accodion-icon-style-basic ):not( .kt-accodion-icon-style-xclose ):not( .kt-accodion-icon-style-arrow ) .kt-blocks-accordion-icon-trigger{background:#555555;}.kt-accordion-id21287_469076-30:not( .kt-accodion-icon-style-basic ):not( .kt-accodion-icon-style-xclose ):not( .kt-accodion-icon-style-arrow ) .kt-blocks-accordion-icon-trigger:after, .kt-accordion-id21287_469076-30:not( .kt-accodion-icon-style-basic ):not( .kt-accodion-icon-style-xclose ):not( .kt-accodion-icon-style-arrow ) .kt-blocks-accordion-icon-trigger:before{background:#f2f2f2;}.kt-accordion-id21287_469076-30 > .kt-accordion-inner-wrap > .wp-block-kadence-pane > .kt-accordion-header-wrap > .kt-blocks-accordion-header:hover, \n\t\t\t\tbody:not(.hide-focus-outline) .kt-accordion-id21287_469076-30 .kt-blocks-accordion-header:focus-visible{color:#444444;background:#eeeeee;border-top-color:#eeeeee;border-top-style:solid;border-right-color:#eeeeee;border-right-style:solid;border-bottom-color:#eeeeee;border-bottom-style:solid;border-left-color:#eeeeee;border-left-style:solid;}.kt-accordion-id21287_469076-30:not( .kt-accodion-icon-style-basiccircle ):not( .kt-accodion-icon-style-xclosecircle ):not( .kt-accodion-icon-style-arrowcircle ) .kt-accordion-header-wrap .kt-blocks-accordion-header:hover .kt-blocks-accordion-icon-trigger:after, .kt-accordion-id21287_469076-30:not( .kt-accodion-icon-style-basiccircle ):not( .kt-accodion-icon-style-xclosecircle ):not( .kt-accodion-icon-style-arrowcircle ) .kt-accordion-header-wrap .kt-blocks-accordion-header:hover .kt-blocks-accordion-icon-trigger:before, body:not(.hide-focus-outline) .kt-accordion-id21287_469076-30:not( .kt-accodion-icon-style-basiccircle ):not( .kt-accodion-icon-style-xclosecircle ):not( .kt-accodion-icon-style-arrowcircle ) .kt-blocks-accordion--visible .kt-blocks-accordion-icon-trigger:after, body:not(.hide-focus-outline) .kt-accordion-id21287_469076-30:not( .kt-accodion-icon-style-basiccircle ):not( .kt-accodion-icon-style-xclosecircle ):not( .kt-accodion-icon-style-arrowcircle ) .kt-blocks-accordion-header:focus-visible .kt-blocks-accordion-icon-trigger:before{background:#444444;}.kt-accordion-id21287_469076-30:not( .kt-accodion-icon-style-basic ):not( .kt-accodion-icon-style-xclose ):not( .kt-accodion-icon-style-arrow ) .kt-accordion-header-wrap .kt-blocks-accordion-header:hover .kt-blocks-accordion-icon-trigger, body:not(.hide-focus-outline) .kt-accordion-id21287_469076-30:not( .kt-accodion-icon-style-basic ):not( .kt-accodion-icon-style-xclose ):not( .kt-accodion-icon-style-arrow ) .kt-accordion-header-wrap .kt-blocks-accordion-header:focus-visible .kt-blocks-accordion-icon-trigger{background:#444444;}.kt-accordion-id21287_469076-30:not( .kt-accodion-icon-style-basic ):not( .kt-accodion-icon-style-xclose ):not( .kt-accodion-icon-style-arrow ) .kt-accordion-header-wrap .kt-blocks-accordion-header:hover .kt-blocks-accordion-icon-trigger:after, .kt-accordion-id21287_469076-30:not( .kt-accodion-icon-style-basic ):not( .kt-accodion-icon-style-xclose ):not( .kt-accodion-icon-style-arrow ) .kt-accordion-header-wrap .kt-blocks-accordion-header:hover .kt-blocks-accordion-icon-trigger:before, body:not(.hide-focus-outline) .kt-accordion-id21287_469076-30:not( .kt-accodion-icon-style-basic ):not( .kt-accodion-icon-style-xclose ):not( .kt-accodion-icon-style-arrow ) .kt-accordion-header-wrap .kt-blocks-accordion-header:focus-visible .kt-blocks-accordion-icon-trigger:after, body:not(.hide-focus-outline) .kt-accordion-id21287_469076-30:not( .kt-accodion-icon-style-basic ):not( .kt-accodion-icon-style-xclose ):not( .kt-accodion-icon-style-arrow ) .kt-accordion-header-wrap .kt-blocks-accordion-header:focus-visible .kt-blocks-accordion-icon-trigger:before{background:#eeeeee;}.kt-accordion-id21287_469076-30 .kt-accordion-header-wrap .kt-blocks-accordion-header:focus-visible,\n\t\t\t\t.kt-accordion-id21287_469076-30 > .kt-accordion-inner-wrap > .wp-block-kadence-pane > .kt-accordion-header-wrap > .kt-blocks-accordion-header.kt-accordion-panel-active{color:#ffffff;background:#444444;border-top-color:#444444;border-top-style:solid;border-right-color:#444444;border-right-style:solid;border-bottom-color:#444444;border-bottom-style:solid;border-left-color:#444444;border-left-style:solid;}.kt-accordion-id21287_469076-30:not( .kt-accodion-icon-style-basiccircle ):not( .kt-accodion-icon-style-xclosecircle ):not( .kt-accodion-icon-style-arrowcircle )  > .kt-accordion-inner-wrap > .wp-block-kadence-pane > .kt-accordion-header-wrap > .kt-blocks-accordion-header.kt-accordion-panel-active .kt-blocks-accordion-icon-trigger:after, .kt-accordion-id21287_469076-30:not( .kt-accodion-icon-style-basiccircle ):not( .kt-accodion-icon-style-xclosecircle ):not( .kt-accodion-icon-style-arrowcircle )  > .kt-accordion-inner-wrap > .wp-block-kadence-pane > .kt-accordion-header-wrap > .kt-blocks-accordion-header.kt-accordion-panel-active .kt-blocks-accordion-icon-trigger:before{background:#ffffff;}.kt-accordion-id21287_469076-30:not( .kt-accodion-icon-style-basic ):not( .kt-accodion-icon-style-xclose ):not( .kt-accodion-icon-style-arrow ) .kt-blocks-accordion-header.kt-accordion-panel-active .kt-blocks-accordion-icon-trigger{background:#ffffff;}.kt-accordion-id21287_469076-30:not( .kt-accodion-icon-style-basic ):not( .kt-accodion-icon-style-xclose ):not( .kt-accodion-icon-style-arrow ) .kt-blocks-accordion-header.kt-accordion-panel-active .kt-blocks-accordion-icon-trigger:after, .kt-accordion-id21287_469076-30:not( .kt-accodion-icon-style-basic ):not( .kt-accodion-icon-style-xclose ):not( .kt-accodion-icon-style-arrow ) .kt-blocks-accordion-header.kt-accordion-panel-active .kt-blocks-accordion-icon-trigger:before{background:#444444;}@media all and (max-width: 1024px){.kt-accordion-id21287_469076-30 .kt-accordion-panel-inner{border-top:0px solid transparent;border-right:0px solid transparent;border-bottom:0px solid transparent;border-left:0px solid transparent;}}@media all and (max-width: 1024px){.kt-accordion-id21287_469076-30 > .kt-accordion-inner-wrap > .wp-block-kadence-pane > .kt-accordion-header-wrap > .kt-blocks-accordion-header{border-top-color:#555555;border-top-style:solid;border-right-color:#555555;border-right-style:solid;border-bottom-color:#555555;border-bottom-style:solid;border-left-color:#555555;border-left-style:solid;}}@media all and (max-width: 1024px){.kt-accordion-id21287_469076-30 > .kt-accordion-inner-wrap > .wp-block-kadence-pane > .kt-accordion-header-wrap > .kt-blocks-accordion-header:hover, \n\t\t\t\tbody:not(.hide-focus-outline) .kt-accordion-id21287_469076-30 .kt-blocks-accordion-header:focus-visible{border-top-color:#eeeeee;border-top-style:solid;border-right-color:#eeeeee;border-right-style:solid;border-bottom-color:#eeeeee;border-bottom-style:solid;border-left-color:#eeeeee;border-left-style:solid;}}@media all and (max-width: 1024px){.kt-accordion-id21287_469076-30 .kt-accordion-header-wrap .kt-blocks-accordion-header:focus-visible,\n\t\t\t\t.kt-accordion-id21287_469076-30 > .kt-accordion-inner-wrap > .wp-block-kadence-pane > .kt-accordion-header-wrap > .kt-blocks-accordion-header.kt-accordion-panel-active{border-top-color:#444444;border-top-style:solid;border-right-color:#444444;border-right-style:solid;border-bottom-color:#444444;border-bottom-style:solid;border-left-color:#444444;border-left-style:solid;}}@media all and (max-width: 767px){.kt-accordion-id21287_469076-30 .kt-accordion-inner-wrap{display:block;}.kt-accordion-id21287_469076-30 .kt-accordion-inner-wrap .kt-accordion-pane:not(:first-child){margin-top:0px;}.kt-accordion-id21287_469076-30 .kt-accordion-panel-inner{border-top:0px solid transparent;border-right:0px solid transparent;border-bottom:0px solid transparent;border-left:0px solid transparent;}.kt-accordion-id21287_469076-30 > .kt-accordion-inner-wrap > .wp-block-kadence-pane > .kt-accordion-header-wrap > .kt-blocks-accordion-header{border-top-color:#555555;border-top-style:solid;border-right-color:#555555;border-right-style:solid;border-bottom-color:#555555;border-bottom-style:solid;border-left-color:#555555;border-left-style:solid;}.kt-accordion-id21287_469076-30 > .kt-accordion-inner-wrap > .wp-block-kadence-pane > .kt-accordion-header-wrap > .kt-blocks-accordion-header:hover, \n\t\t\t\tbody:not(.hide-focus-outline) .kt-accordion-id21287_469076-30 .kt-blocks-accordion-header:focus-visible{border-top-color:#eeeeee;border-top-style:solid;border-right-color:#eeeeee;border-right-style:solid;border-bottom-color:#eeeeee;border-bottom-style:solid;border-left-color:#eeeeee;border-left-style:solid;}.kt-accordion-id21287_469076-30 .kt-accordion-header-wrap .kt-blocks-accordion-header:focus-visible,\n\t\t\t\t.kt-accordion-id21287_469076-30 > .kt-accordion-inner-wrap > .wp-block-kadence-pane > .kt-accordion-header-wrap > .kt-blocks-accordion-header.kt-accordion-panel-active{border-top-color:#444444;border-top-style:solid;border-right-color:#444444;border-right-style:solid;border-bottom-color:#444444;border-bottom-style:solid;border-left-color:#444444;border-left-style:solid;}}<\/style>\n<div class=\"wp-block-kadence-accordion alignnone\"><div class=\"kt-accordion-wrap kt-accordion-id21287_469076-30 kt-accordion-has-20-panes kt-active-pane-0 kt-accordion-block kt-pane-header-alignment-left kt-accodion-icon-style-basic kt-accodion-icon-side-right\" style=\"max-width:1000px\"><div class=\"kt-accordion-inner-wrap\" data-allow-multiple-open=\"false\" data-start-open=\"none\">\n<div class=\"wp-block-kadence-pane kt-accordion-pane kt-accordion-pane-2 kt-pane21287_88fee7-21\"><div class=\"kt-accordion-header-wrap\"><button class=\"kt-blocks-accordion-header kt-acccordion-button-label-show\" type=\"button\"><span class=\"kt-blocks-accordion-title-wrap\"><span class=\"kt-blocks-accordion-title\">Aktiv rekryteringsgrupp<\/span><\/span><span class=\"kt-blocks-accordion-icon-trigger\"><\/span><\/button><\/div><div class=\"kt-accordion-panel kt-accordion-panel-hidden\"><div class=\"kt-accordion-panel-inner\">\n<p>Underh\u00e5ll och utbildning av medlemmar, aktivering av inaktiva medlemmar) i relaterade fr\u00e5gor. Gruppen st\u00f6djer \u00e4ven rekryteringen av teammedlemmar och tr\u00e4nare. Dessutom synligg\u00f6r gruppen det ideella arbete och l\u00e4randem\u00f6jligheter som sker i Protu.&nbsp;<\/p>\n\n\n\n<pre class=\"wp-block-code\"><code>UPPGIFTER: aktiv rekrytering i sociala medier och vid evenemang, material f\u00f6r aktiv rekrytering (broschyrer och instruktioner), samordning av mentorskap, st\u00f6dmaterial till divisionsmedlemmar och anordnande av divisionsdag, synligg\u00f6rande av l\u00e4rande. \n\nL\u00c4R DIG: hr, rekryteringskommunikation, inneh\u00e5llsproduktion <\/code><\/pre>\n<\/div><\/div><\/div>\n\n\n\n<div class=\"wp-block-kadence-pane kt-accordion-pane kt-accordion-pane-15 kt-pane21287_ff1019-a6\"><div class=\"kt-accordion-header-wrap\"><button class=\"kt-blocks-accordion-header kt-acccordion-button-label-show\" type=\"button\"><span class=\"kt-blocks-accordion-title-wrap\"><span class=\"kt-blocks-accordion-title\">Divisionen f\u00f6r trakasserier<\/span><\/span><span class=\"kt-blocks-accordion-icon-trigger\"><\/span><\/button><\/div><div class=\"kt-accordion-panel kt-accordion-panel-hidden\"><div class=\"kt-accordion-panel-inner\">\n<p>Divisionen f\u00f6r trakasserier (hairinta@Protu.fi) fr\u00e4mjar att individer har en s\u00e4ker arbetsplats och att alla \u00e4r glada \u00f6ver att vara i Protu. Trakasseriekontaktpersoner svarar p\u00e5 inkommande kommunikation via telefon och online. Ans\u00f6k till divisionen f\u00f6r trakasserier via e-post.<\/p>\n\n\n\n<pre class=\"wp-block-code\"><code>UPPGIFTER:\n\nL\u00c4R DIG: <\/code><\/pre>\n<\/div><\/div><\/div>\n\n\n\n<div class=\"wp-block-kadence-pane kt-accordion-pane kt-accordion-pane-3 kt-pane21287_08a192-3e\"><div class=\"kt-accordion-header-wrap\"><button class=\"kt-blocks-accordion-header kt-acccordion-button-label-show\" type=\"button\"><span class=\"kt-blocks-accordion-title-wrap\"><span class=\"kt-blocks-accordion-title\">Forts\u00e4ttningsl\u00e4gerdivisionen<\/span><\/span><span class=\"kt-blocks-accordion-icon-trigger\"><\/span><\/button><\/div><div class=\"kt-accordion-panel kt-accordion-panel-hidden\"><div class=\"kt-accordion-panel-inner\">\n<p>Forts\u00e4ttningsl\u00e4gerdivision (jatkoleiri@Protu.fi) ang\u00e5ende forts\u00e4ttningsl\u00e4gerverksamhet, det vill s\u00e4ga arrangemang av sommar-, h\u00f6st- och vinterf\u00f6rl\u00e4ngningsl\u00e4ger. Forts\u00e4ttningsl\u00e4gerdivisionen erbjuder m\u00f6jligheten att tillsammans g\u00f6ra samma saker som Protus andra divisioner, men i skalan av forts\u00e4ttningsl\u00e4ger.<\/p>\n\n\n\n<pre class=\"wp-block-code\"><code>UPPGIFTER: reservera l\u00e4gerplatser, marknadsf\u00f6ra l\u00e4ger och teamarbete, agera som st\u00f6dperson, tr\u00e4na forts\u00e4ttningsl\u00e4gerteam och f\u00f6rbereda utbildningsmaterial, utveckla l\u00e4geraktiviteter och id\u00e9er om l\u00e4gerteman. \n\nL\u00c4R DIG: policy f\u00f6r bokning av lokaler, konceptdesign, utbildning, inneh\u00e5llsproduktion, hantering av webbplatsinneh\u00e5ll. <\/code><\/pre>\n<\/div><\/div><\/div>\n\n\n\n<div class=\"wp-block-kadence-pane kt-accordion-pane kt-accordion-pane-4 kt-pane21287_ca922e-24\"><div class=\"kt-accordion-header-wrap\"><button class=\"kt-blocks-accordion-header kt-acccordion-button-label-show\" type=\"button\"><span class=\"kt-blocks-accordion-title-wrap\"><span class=\"kt-blocks-accordion-title\">Internationella divisionen<\/span><\/span><span class=\"kt-blocks-accordion-icon-trigger\"><\/span><\/button><\/div><div class=\"kt-accordion-panel kt-accordion-panel-hidden\"><div class=\"kt-accordion-panel-inner\">\n<p>Den internationella divisionen (kv@Protu.fi) ansvarar f\u00f6r Protus internationella verksamhet och engelskspr\u00e5kiga verksamhet i Finland. D\u00e4rut\u00f6ver tar divisionen hand om kontakterna med de organisationer som anordnar motsvarande l\u00e4gerverksamhet utomlands. Internationella divisionen g\u00f6r m\u00e5nga av samma saker som andra divisioner, fast p\u00e5 engelska. Det finns mycket sj\u00e4lvst\u00e4ndigt arbete p\u00e5 divisionen, t ex \u00f6vers\u00e4ttningar.&nbsp;<\/p>\n\n\n\n<pre class=\"wp-block-code\"><code>UPPGIFTER: planering av internationella l\u00e4ger, underh\u00e5ll av engelskspr\u00e5kiga webbplatser, vokabul\u00e4r och \u00f6vers\u00e4ttningar, engelskspr\u00e5kiga utbildningar, internationella projekt (Erasmus+). \n\nL\u00c4R DIG: internationalitet, kommunikation p\u00e5 engelska (inklusive inneh\u00e5llsproduktion och \u00f6vers\u00e4ttning), med h\u00e4nsyn till ett internationellt perspektiv.\n<\/code><\/pre>\n<\/div><\/div><\/div>\n\n\n\n<div class=\"wp-block-kadence-pane kt-accordion-pane kt-accordion-pane-5 kt-pane21287_d9e849-c3\"><div class=\"kt-accordion-header-wrap\"><button class=\"kt-blocks-accordion-header kt-acccordion-button-label-show\" type=\"button\"><span class=\"kt-blocks-accordion-title-wrap\"><span class=\"kt-blocks-accordion-title\">Kockdivisionen<\/span><\/span><span class=\"kt-blocks-accordion-icon-trigger\"><\/span><\/button><\/div><div class=\"kt-accordion-panel kt-accordion-panel-hidden\"><div class=\"kt-accordion-panel-inner\">\n<p>Kockdivision (kokkivastaava@Protu.fi) ansvarar f\u00f6r rekrytering av kockar till l\u00e4ger, utbildningar och andra Protu-evenemang. Divisionen sk\u00f6ter utbildningen av kockar och st\u00f6ttar kockarna.<\/p>\n\n\n\n<pre class=\"wp-block-code\"><code>UPPGIFTER: rekrytera och placera kockar, f\u00f6rbereda och uppdatera guider, ekonomistyrning, utbilda kockar, f\u00f6rbereda tabeller och blanketter, svara p\u00e5 feedback. \n\nL\u00c4R DIG: rekryteringsledning, koordinering, st\u00f6d och facilitering, organisation och schemal\u00e4ggning samt enhetsledning, utbildningsf\u00e4rdigheter, Excel-kunskaper, f\u00f6rberedelse av instruktionsinneh\u00e5ll. <\/code><\/pre>\n<\/div><\/div><\/div>\n\n\n\n<div class=\"wp-block-kadence-pane kt-accordion-pane kt-accordion-pane-12 kt-pane21287_218acc-08\"><div class=\"kt-accordion-header-wrap\"><button class=\"kt-blocks-accordion-header kt-acccordion-button-label-show\" type=\"button\"><span class=\"kt-blocks-accordion-title-wrap\"><span class=\"kt-blocks-accordion-title\">Utbildningsdivisionen (f\u00f6r erfarna Protus)<\/span><\/span><span class=\"kt-blocks-accordion-icon-trigger\"><\/span><\/button><\/div><div class=\"kt-accordion-panel kt-accordion-panel-hidden\"><div class=\"kt-accordion-panel-inner\">\n<p>Utbildningsdivisionen (koulutus@Protu.fi) ansvarar f\u00f6r planeringen av inneh\u00e5llet i instrukt\u00f6rs- och assisterande instrukt\u00f6rsutbildningen. Divisionen v\u00e4ljer ut tr\u00e4nare och utbildar dem f\u00f6r deras uppgifter. En del av divisionens arbete passar personer som \u00e4r sociala och gillar att arbeta med m\u00e4nniskor. Den andra delen passar dig som gillar att g\u00f6ra saker sj\u00e4lvst\u00e4ndigt och i sin egen takt. Passar \u00e4ven id\u00e9rika och utvecklingsintresserade!&nbsp;<\/p>\n\n\n\n<pre class=\"wp-block-code\"><code>UPPGIFTER: inneh\u00e5llsproduktion (utbildningsramar, utveckling av utbildningar), human resources (rekrytering av praktikanter, sammans\u00e4ttning av utbildningsteam, utbildning av st\u00f6dpersonalaktiviteter), ansvarig f\u00f6r utbildningspaket, uppfr\u00e4schningsaktiviteter (Teammedlemmars aveckling och utbildares uppfr\u00e4schningsaktiviteter) . \n\nL\u00c4R DIG: sj\u00e4lvf\u00f6rtroende, kommunikation och lagarbete, organisation, utveckling och innovation, hantering av konfidentiell information, resursoptimering, probleml\u00f6sning, kommunikation. <\/code><\/pre>\n<\/div><\/div><\/div>\n\n\n\n<div class=\"wp-block-kadence-pane kt-accordion-pane kt-accordion-pane-16 kt-pane21287_2c685b-47\"><div class=\"kt-accordion-header-wrap\"><button class=\"kt-blocks-accordion-header kt-acccordion-button-label-show\" type=\"button\"><span class=\"kt-blocks-accordion-title-wrap\"><span class=\"kt-blocks-accordion-title\">Lokaldivisionen<\/span><\/span><span class=\"kt-blocks-accordion-icon-trigger\"><\/span><\/button><\/div><div class=\"kt-accordion-panel kt-accordion-panel-hidden\"><div class=\"kt-accordion-panel-inner\">\n<p>Lokalavdelningen (paikallis@Protu.fi) st\u00f6djer och utvecklar Protus lokala gruppverksamhet.<\/p>\n\n\n\n<pre class=\"wp-block-code\"><code>UPPGIFTER: svara p\u00e5 kontakter fr\u00e5n lokala grupper, \u00f6vervaka gruppernas situation och aktiviteter, organisera utvecklingsevenemang, underh\u00e5lla guidematerial. \n\nL\u00c4R DIG: facilisera autonoma n\u00e4tverksoperationer. <\/code><\/pre>\n<\/div><\/div><\/div>\n\n\n\n<div class=\"wp-block-kadence-pane kt-accordion-pane kt-accordion-pane-11 kt-pane21287_558005-44\"><div class=\"kt-accordion-header-wrap\"><button class=\"kt-blocks-accordion-header kt-acccordion-button-label-show\" type=\"button\"><span class=\"kt-blocks-accordion-title-wrap\"><span class=\"kt-blocks-accordion-title\">Protu tidningen<\/span><\/span><span class=\"kt-blocks-accordion-icon-trigger\"><\/span><\/button><\/div><div class=\"kt-accordion-panel kt-accordion-panel-hidden\"><div class=\"kt-accordion-panel-inner\">\n<p>Protu tidningens redaktion (lehti@Protu.fi) levererar Protus webbtidning.<\/p>\n\n\n\n<pre class=\"wp-block-code\"><code>ARBETSUPPGIFTER: huvudredigering, vikning, illustrering, agerande som redaktionssekreterare, \u00f6vrigt redaktionellt arbete. \n\nL\u00c4R DIG: skrivande, journalistik, s\u00e4ttning och illustration.<\/code><\/pre>\n<\/div><\/div><\/div>\n\n\n\n<div class=\"wp-block-kadence-pane kt-accordion-pane kt-accordion-pane-13 kt-pane21287_58cdd6-1e\"><div class=\"kt-accordion-header-wrap\"><button class=\"kt-blocks-accordion-header kt-acccordion-button-label-show\" type=\"button\"><span class=\"kt-blocks-accordion-title-wrap\"><span class=\"kt-blocks-accordion-title\">Rekryteringsgrupp (f\u00f6r erfarna Protus)<\/span><\/span><span class=\"kt-blocks-accordion-icon-trigger\"><\/span><\/button><\/div><div class=\"kt-accordion-panel kt-accordion-panel-hidden\"><div class=\"kt-accordion-panel-inner\">\n<p>Huvuduppgiften f\u00f6r rekryteringsteamet (rekry@Protu.fi) \u00e4r att samla team f\u00f6r att genomf\u00f6ra sommarl\u00e4ger. Rekryter \u00e5ker runt p\u00e5 v\u00e5rens alla utbildningar och observerar praktikanterna, f\u00f6r att veta hur man s\u00e4tter ihop lag som fungerar s\u00e5 bra som m\u00f6jligt. Kr\u00e4ver engagemang fr\u00e5n medlemmarna (m\u00e5ste kunna delta i helgm\u00f6ten och sammankomster). Kunskap om protus \u00e4r viktigt.&nbsp;<\/p>\n\n\n\n<pre class=\"wp-block-code\"><code>UPPGIFTER: f\u00f6rbereda och underh\u00e5lla tabeller och formul\u00e4r, sociala medier, sammanst\u00e4lla platsdata, instrukt\u00f6rssamordnare, samla in betalningar med betalterminaler, uppdatera deltagarlistor, efterrekrytering. \n\nL\u00c4R DIG: interpersonella f\u00e4rdigheter, teamarbete, gruppdynamik, guidning, skapande av reamanda, organisationsf\u00f6rm\u00e5ga, sociala medier och kommunikation (grupp och personlig). <\/code><\/pre>\n<\/div><\/div><\/div>\n\n\n\n<div class=\"wp-block-kadence-pane kt-accordion-pane kt-accordion-pane-7 kt-pane21287_241421-d7\"><div class=\"kt-accordion-header-wrap\"><button class=\"kt-blocks-accordion-header kt-acccordion-button-label-show\" type=\"button\"><span class=\"kt-blocks-accordion-title-wrap\"><span class=\"kt-blocks-accordion-title\">Svenskagruppen<\/span><\/span><span class=\"kt-blocks-accordion-icon-trigger\"><\/span><\/button><\/div><div class=\"kt-accordion-panel kt-accordion-panel-hidden\"><div class=\"kt-accordion-panel-inner\">\n<p>Svenskagruppen (svenska@protu.fi) eli ruotsinkielinen ty\u00f6ryhm\u00e4 tukee, koordinoi ja toteuttaa Protun ruotsinkielist\u00e4 toimintaa (Suomessa, kansainv\u00e4linen jaosto vastaa yhteisty\u00f6st\u00e4 Ruotsin Protus-j\u00e4rjest\u00f6n kanssa).<\/p>\n\n\n\n<p>Svenskagruppen \u00e4r en avdelning som st\u00f6der, koordinerar och ordnarsvenskspr\u00e5kig verksamhet i Protu (i Finland, den internationella avdelningen ansvarar \u00f6ver samarbetet med svenska f\u00f6reningen Protus). Avdelningen best\u00e5r f\u00f6rutom av huvudavdelningen \u00e4ven ocks\u00e5 av tv\u00e5 underorgan: \u00d6vers\u00e4ttning- och Inneh\u00e5llsproduktion och Human Resources &amp; Evenemang.<\/p>\n\n\n\n<pre class=\"wp-block-code\"><code>ARBETSUPPGIFTER: St\u00f6da andra organ i  svenskspr\u00e5kig verksamhet; bevaka de svenskspr\u00e5kigas intressen i Protu; uppr\u00e4tth\u00e5lla kontakter till svenskspr\u00e5kiga protuaktiva, \u00f6vers\u00e4tta informationstexter f\u00f6r sociala medier, n\u00e4tsidorna och intern kommunikation i Protu; ordna svenskspr\u00e5kiga evenemang; hj\u00e4lpa till med att hitta nya aktiva.\n\nDU KAN F\u00c5 ERFARENHET I: koordination, kommunikation, intressebevakning,  inneh\u00e5llsproduktion, \u00f6vers\u00e4ttning, spr\u00e5kv\u00e5rd, rekrytering, ordna evenemang.<\/code><\/pre>\n<\/div><\/div><\/div>\n\n\n\n<div class=\"wp-block-kadence-pane kt-accordion-pane kt-accordion-pane-8 kt-pane21287_81e244-2f\"><div class=\"kt-accordion-header-wrap\"><button class=\"kt-blocks-accordion-header kt-acccordion-button-label-show\" type=\"button\"><span class=\"kt-blocks-accordion-title-wrap\"><span class=\"kt-blocks-accordion-title\">Evenemangdivisionen<\/span><\/span><span class=\"kt-blocks-accordion-icon-trigger\"><\/span><\/button><\/div><div class=\"kt-accordion-panel kt-accordion-panel-hidden\"><div class=\"kt-accordion-panel-inner\">\n<p>Evenemangsdivisionen (events@Protu.fi) st\u00f6djer Protus tillf\u00e4lliga arbetsgrupper i att organisera f\u00f6reningens evenemang, som Parkeventet, Alkajainen och Kaamoskarkelot. Passar dig som gillar projektbaserat arbete. I och f\u00f6r sig passar alla, men det \u00e4r bra att vara f\u00f6rberedd p\u00e5 formella aktiviteter (myndighetssamverkan).<\/p>\n\n\n\n<pre class=\"wp-block-code\"><code>UPPGIFTER: evenemangsspecifika platsreservationer, officiella meddelanden, organisera boende, organisera programmet, organisera kiosken och ansvara f\u00f6r s\u00e4kerheten. \n\nL\u00c4R DIG: organisera evenemang, f\u00f6rbereda officiella meddelanden, HR-kunskaper och koordinering, projektledning. <\/code><\/pre>\n<\/div><\/div><\/div>\n\n\n\n<div class=\"wp-block-kadence-pane kt-accordion-pane kt-accordion-pane-9 kt-pane21287_c6ee18-82\"><div class=\"kt-accordion-header-wrap\"><button class=\"kt-blocks-accordion-header kt-acccordion-button-label-show\" type=\"button\"><span class=\"kt-blocks-accordion-title-wrap\"><span class=\"kt-blocks-accordion-title\">Informationsdivisionen<\/span><\/span><span class=\"kt-blocks-accordion-icon-trigger\"><\/span><\/button><\/div><div class=\"kt-accordion-panel kt-accordion-panel-hidden\"><div class=\"kt-accordion-panel-inner\">\n<p>Informationsdivisionen (tietodus@Protu.fi) ansvarar f\u00f6r kommunikationen b\u00e5de utanf\u00f6r och inom f\u00f6reningen. Informationsdivisionen l\u00e4mpar sig till exempel f\u00f6r foto- och medieentusiaster, intresserade av sociala mediers kommunikation och p\u00e5verkan samt intresserade av inneh\u00e5llsproduktion.<\/p>\n\n\n\n<pre class=\"wp-block-code\"><code>ARBETSUPPGIFTER: undersektion media och material (t.ex. l\u00e4gerbilder, medieproduktion, design av material och st\u00f6dprodukter), undersektion samordning av skolinformation, internkommunikation och sociala medier (t.ex. leverans av nyhetsbrev, underh\u00e5ll av sociala mediekanaler, feedbackunders\u00f6kningar), undersektion webbplats. \n\nL\u00c4R DIG: effektiv kommunikation, inneh\u00e5llsproduktion och samarbetsf\u00f6rm\u00e5ga, bildbehandling, grafisk produktion och mediekunskaper. <\/code><\/pre>\n<\/div><\/div><\/div>\n\n\n\n<div class=\"wp-block-kadence-pane kt-accordion-pane kt-accordion-pane-19 kt-pane21287_400fd0-2e\"><div class=\"kt-accordion-header-wrap\"><button class=\"kt-blocks-accordion-header kt-acccordion-button-label-show\" type=\"button\"><span class=\"kt-blocks-accordion-title-wrap\"><span class=\"kt-blocks-accordion-title\">S\u00e4kerhetsutskott (f\u00f6r erfarna Protus)<\/span><\/span><span class=\"kt-blocks-accordion-icon-trigger\"><\/span><\/button><\/div><div class=\"kt-accordion-panel kt-accordion-panel-hidden\"><div class=\"kt-accordion-panel-inner\">\n<p>S\u00e4kerhetsutskottet (<a href=\"mailto:turvallisuus@protu.fi\">turvallisuus@protu.fi<\/a>) ansvarar f\u00f6r f\u00f6reningens \u00f6vergripande s\u00e4kerhet, st\u00f6dpersonal och krissituationer.<\/p>\n<\/div><\/div><\/div>\n\n\n\n<div class=\"wp-block-kadence-pane kt-accordion-pane kt-accordion-pane-18 kt-pane21287_90eb4b-6c\"><div class=\"kt-accordion-header-wrap\"><button class=\"kt-blocks-accordion-header kt-acccordion-button-label-show\" type=\"button\"><span class=\"kt-blocks-accordion-title-wrap\"><span class=\"kt-blocks-accordion-title\">Arbetsutskott (f\u00f6r erfarna protus)<\/span><\/span><span class=\"kt-blocks-accordion-icon-trigger\"><\/span><\/button><\/div><div class=\"kt-accordion-panel kt-accordion-panel-hidden\"><div class=\"kt-accordion-panel-inner\">\n<p>Arbetsutskottet (<a href=\"mailto:tvk@protu.fi\">tvk@protu.fi<\/a>) underl\u00e4ttar och st\u00f6der divisonernas arbete. Den underl\u00e4ttar kommunikationen mellan divisonerna, introducerar och v\u00e4gleder divisionerna och ger direkt st\u00f6d till divisionernas medlemmar. Dessutom s\u00e4kerst\u00e4ller utskottet informationsfl\u00f6det mellan divisonerna och styrelsen, bidrar till att f\u00f6rbereda styrelsevalen i samband med generalf\u00f6rsamlingarna och samordnar rekryteringen av aktiver tillsammans med de aktiv rekryteringsgruppen.<\/p>\n\n\n\n<p>Arbetsutskottet s\u00f6ker skyddslingar som redan har erfarenhet, t.ex. fr\u00e5n regeringen eller divisionerna. Rollen l\u00e4mpar sig ocks\u00e5 f\u00f6r personer som har varit aktiva i sin egen division under en l\u00e4ngre tid men som vill \u00e5terg\u00e5 till sin aktiva roll och l\u00e4gga sin livserfarenhet som de f\u00e5tt genom \u00e5ren tillbaka i Protu.<\/p>\n<\/div><\/div><\/div>\n\n\n\n<div class=\"wp-block-kadence-pane kt-accordion-pane kt-accordion-pane-10 kt-pane21287_6b109e-52\"><div class=\"kt-accordion-header-wrap\"><button class=\"kt-blocks-accordion-header kt-acccordion-button-label-show\" type=\"button\"><span class=\"kt-blocks-accordion-title-wrap\"><span class=\"kt-blocks-accordion-title\">Webbtj\u00e4nstavdelningen<\/span><\/span><span class=\"kt-blocks-accordion-icon-trigger\"><\/span><\/button><\/div><div class=\"kt-accordion-panel kt-accordion-panel-hidden\"><div class=\"kt-accordion-panel-inner\">\n<p>Webbtj\u00e4nstavdelningen (<a href=\"mailto:www@protu.fi\">www@protu.fi<\/a>) underh\u00e5ller och utvecklar Protus sidor och l\u00f6ser relaterade problem. Det finns mycket tekniska grejer att l\u00e4ra sig sj\u00e4lvst\u00e4ndigt och i grupp i arbetsgruppen.<\/p>\n\n\n\n<pre class=\"wp-block-code\"><code>UPPGIFTER: underh\u00e5ll av webbplatsen, svara p\u00e5 supportf\u00f6rfr\u00e5gningar fr\u00e5n divisionerna, hantera tj\u00e4nsteleverant\u00f6rer, underh\u00e5lla tj\u00e4nster utanf\u00f6r webbplatsen. \n\nL\u00c4R DIG: anv\u00e4ndning av webbplatser och inneh\u00e5llshanteringssystem, webbplatsutveckling och underh\u00e5ll. <\/code><\/pre>\n<\/div><\/div><\/div>\n<\/div><\/div><\/div>\n\n                <\/div>\n            <\/div>\n            <\/div>\n<\/section>\n\n<section class=\"block-container vaalea-tausta\">\n    <div class=\"container-fluid\">\n                    <div class=\"row justify-content-center\">\n                <div class=\"col-lg-11\">\n                    \n<style>\n    .banneri {\n        padding: 50px 0;\n        background-position: center;\n        background-size: cover;\n        background-repeat: no-repeat;\n        color: white;\n        margin-bottom: 20px;\n        position: relative;\n    }\n    .banner-narrow {\n        text-align: center;\n    }\n    .banneri h2 {\n        font-size: 42px;\n    }\n    .banneri h2 {\n        margin-bottom: 30px;\n    }\n    .banner-narrow a {\n        margin: auto;\n    }\n    .banner-wide .banner-kuvitus {\n        position: absolute;\n        right: 0;\n        top: 20px;\n    }\n    .banneri.link-banner {\n        padding: 60px 0;\n    }\n    .banneri .link-container {\n        display: flex;\n        justify-content: center;\n    }\n    .banneri .link-container a {\n        margin: 10px;\n    }\n    .banneri .lahjoitus-container .tuote-col {\n        display: flex;\n    }\n    .banneri .lahjoitus-container .tuote-col .tuote-kortti {\n        width: calc(50% - 40px);\n        margin: 0 20px;\n        padding: 30px;\n        background-color: #EBEFF7;\n        border: 1px solid #E6E6E6;\n        box-shadow: 0 2px 10px rgb(0 0 0 \/ 20%);\n        margin-bottom: 20px;\n        height: fit-content;\n        height: -moz-fit-content;\n    }\n    .banneri .lahjoitus-container .tuote-col .tuote-kortti img {\n        width: 100%;\n        margin-bottom: 15px;\n    }\n    .banneri .lahjoitus-container .tuote-col .tuote-kortti h3 {\n        color: var(--pv);\n    }\n    .banneri .lahjoitus-container .tuote-col .tuote-kortti .hinta {\n        color: #000000;\n    }\n    .banneri .lahjoitus-container .tuote-col .tuote-kortti .add_to_cart_inline {\n        border: none !important;\n        padding: 0 !important;\n        display: flex;\n        flex-wrap: wrap;\n        flex-direction: column;\n        margin: 0;\n    }\n    .banneri .lahjoitus-container .tuote-col .tuote-kortti .add_to_cart_inline .woocommerce-Price-amount {\n        color: #000000;\n        font-weight: 500;\n    }\n    .banneri .lahjoitus-container .tuote-col .tuote-kortti .add_to_cart_inline a {\n        width: 100%;\n        display: block;\n        text-align: center;\n        background-color: var(--pv);\n        color: white;\n        padding: 15px;\n        text-transform: uppercase;\n        font-weight: 400;\n        margin-top: 30px;\n        transition: 0.4s;\n    }\n    .banneri .lahjoitus-container .tuote-col .tuote-kortti .add_to_cart_inline a:hover,\n    .banneri .lahjoitus-container .tuote-col .tuote-kortti .add_to_cart_inline a:focus {\n        background-color: #21224B;\n    }\n    @media (max-width: 991.98px) {\n        .banneri.banner-wide {\n            margin-left: -15px;\n            margin-right: -15px;\n            padding-bottom: 4em;\n            z-index: 1;\n        }\n        .banneri.banner-wide .blue-link {\n            position: absolute;\n            bottom: 0;\n            margin-bottom: 1em;\n        }\n    }\n    @media (max-width: 767.98px) {\n        .banner-wide .banner-kuvitus {\n            height: 100px;\n            z-index: -1;\n        }\n        .banneri h2 {\n            font-size: 2rem;\n        }\n    }\n    @media (max-width: 575.98px) {\n        .banneri .lahjoitus-container .tuote-col {\n            flex-direction: column;\n        }\n        .banneri .lahjoitus-container .tuote-col .tuote-kortti {\n            width: calc(100% - 40px);\n        }\n    }\n<\/style>\n<section class=\"banneri banner-wide\" \n    style=\"background-color: #0d856b;\">\n            <div class=\"container-fluid\">\n            <div class=\"row\">\n                <div class=\"col-lg-4 offset-lg-1 position-static\">\n                    <h2>Protun organisaatio<\/h2>\n                                            <a class=\"blue-link\" href=\"\/tietoa-protusta\/toimielimet\/\">Toimielimet<\/a>\n                                    <\/div>\n                <div class=\"col-lg-5\">\n                    <p>Kuvauksen Protun toimielimist\u00e4 l\u00f6yd\u00e4t t\u00e4\u00e4lt\u00e4.<\/p>\n                <\/div>\n            <\/div>\n        <\/div>\n        <img decoding=\"async\" class=\"banner-kuvitus\" src=\"https:\/\/www.protu.fi\/wp-content\/themes\/protu-teema\/images\/puolikas.svg\" alt=\"\">\n    <\/section>\n                <\/div>\n            <\/div>\n            <\/div>\n<\/section>","protected":false},"excerpt":{"rendered":"","protected":false},"author":89,"featured_media":0,"parent":20368,"menu_order":0,"comment_status":"closed","ping_status":"closed","template":"","meta":{"_acf_changed":false,"inline_featured_image":false,"footnotes":""},"sivun_tyyppi":[65],"class_list":["post-21287","page","type-page","status-publish","hentry","sivun_tyyppi-julkinen-sivu"],"acf":[],"_links":{"self":[{"href":"https:\/\/www.protu.fi\/sv\/wp-json\/wp\/v2\/pages\/21287","targetHints":{"allow":["GET"]}}],"collection":[{"href":"https:\/\/www.protu.fi\/sv\/wp-json\/wp\/v2\/pages"}],"about":[{"href":"https:\/\/www.protu.fi\/sv\/wp-json\/wp\/v2\/types\/page"}],"author":[{"embeddable":true,"href":"https:\/\/www.protu.fi\/sv\/wp-json\/wp\/v2\/users\/89"}],"replies":[{"embeddable":true,"href":"https:\/\/www.protu.fi\/sv\/wp-json\/wp\/v2\/comments?post=21287"}],"version-history":[{"count":18,"href":"https:\/\/www.protu.fi\/sv\/wp-json\/wp\/v2\/pages\/21287\/revisions"}],"predecessor-version":[{"id":84332,"href":"https:\/\/www.protu.fi\/sv\/wp-json\/wp\/v2\/pages\/21287\/revisions\/84332"}],"up":[{"embeddable":true,"href":"https:\/\/www.protu.fi\/sv\/wp-json\/wp\/v2\/pages\/20368"}],"wp:attachment":[{"href":"https:\/\/www.protu.fi\/sv\/wp-json\/wp\/v2\/media?parent=21287"}],"wp:term":[{"taxonomy":"sivun_tyyppi","embeddable":true,"href":"https:\/\/www.protu.fi\/sv\/wp-json\/wp\/v2\/sivun_tyyppi?post=21287"}],"curies":[{"name":"wp","href":"https:\/\/api.w.org\/{rel}","templated":true}]}}