{"id":21302,"date":"2023-02-06T13:39:40","date_gmt":"2023-02-06T11:39:40","guid":{"rendered":"https:\/\/uusi.protu.fi\/?page_id=21302"},"modified":"2025-06-11T12:09:13","modified_gmt":"2025-06-11T09:09:13","slug":"till-lokala-grupper","status":"publish","type":"page","link":"https:\/\/www.protu.fi\/sv\/med-i-verksamheten\/till-lokala-grupper\/","title":{"rendered":"Till lokala grupper"},"content":{"rendered":"<section class=\"block-container vaalea-tausta\">\n    <div class=\"container-fluid\">\n                    <div class=\"row justify-content-center\">\n                <div class=\"col-lg-11\">\n                    \n\n<style>\n    .sisalto {\n        margin-bottom: 20px;\n    }\n    .sisalto .image-col img {\n        max-width: 100%;\n    }\n    .sisalto .image-col img.oikea {\n        padding-left: 20px;\n    }\n    .sisalto .image-col img.vasen {\n        padding-right: 20px;\n        margin-bottom: 30px;\n    }\n    .sisalto h2, .sisalto h3 {\n        margin: 10px 0 20px;\n    }\n<\/style>\n\n<section class=\"sisalto\">\n    <div class=\"row justify-content-center\">\n                    <div class=\"col-lg-6 image-col\">\n                <img decoding=\"async\" class=\"vasen\" src=\"https:\/\/www.protu.fi\/wp-content\/uploads\/2022\/03\/Protu_2021_Meriharju_2021-28009-0292-scaled.jpg\" alt=\"\">\n            <\/div>\n            <div class=\"col-lg-6 text-link\">\n                <p>Protus lokala grupper, det vill s\u00e4ga lokalProtu, verkar p\u00e5 olika platser runt om i Finland. De lokala grupperna drivs av lokala Protul\u00e4ger-deltagare, och deras protuaktiga fritidsaktiviteter \u00e4r \u00f6ppna f\u00f6r alla som \u00e4r intresserade av Protu.<\/p>\n<p>Observera att de lokala grupperna verkar relativt sj\u00e4lvst\u00e4ndigt och att gruppernas verksamhet d\u00e4rf\u00f6r kan skilja sig mycket fr\u00e5n varandra. Dessutom anordnar lokala grupper endast fritidsaktiviteter, men ansvarar inte f\u00f6r andra aktiviteter i f\u00f6reningen, s\u00e5som l\u00e4ger, tr\u00e4ningar eller mediekontakter i sitt omr\u00e5de. Ta kontakt med Protu-kontoret (protu@protu.fi) i andra fr\u00e5gor \u00e4n de som r\u00f6r den lokala gruppen.<\/p>\n<p>Om det inte finns n\u00e5gon lokal grupp i din stad, men du vill starta en, v\u00e4nligen kontakta lokalavdelningen (paikallis@protu.fi)! Du hittar kontaktinformation till f\u00f6r n\u00e4rvarande aktiva och inaktiva grupper nedan.<\/p>\n            <\/div>\n            <\/div>\n<\/section> \n\n\n<h2 class=\"wp-block-heading\"><a href=\"https:\/\/www.protu.fi\/sv\/med-i-verksamheten\/till-lokala-grupper\/\">Om aktiva och inaktiva lokalgrupper kan du l\u00e4sa mera om h\u00e4r.<\/a><\/h2>\n\n\n\n<p><\/p>\n\n                <\/div>\n            <\/div>\n            <\/div>\n<\/section>","protected":false},"excerpt":{"rendered":"","protected":false},"author":89,"featured_media":0,"parent":20368,"menu_order":0,"comment_status":"closed","ping_status":"closed","template":"","meta":{"_acf_changed":false,"inline_featured_image":false,"footnotes":""},"sivun_tyyppi":[65],"class_list":["post-21302","page","type-page","status-publish","hentry","sivun_tyyppi-julkinen-sivu"],"acf":[],"_links":{"self":[{"href":"https:\/\/www.protu.fi\/sv\/wp-json\/wp\/v2\/pages\/21302","targetHints":{"allow":["GET"]}}],"collection":[{"href":"https:\/\/www.protu.fi\/sv\/wp-json\/wp\/v2\/pages"}],"about":[{"href":"https:\/\/www.protu.fi\/sv\/wp-json\/wp\/v2\/types\/page"}],"author":[{"embeddable":true,"href":"https:\/\/www.protu.fi\/sv\/wp-json\/wp\/v2\/users\/89"}],"replies":[{"embeddable":true,"href":"https:\/\/www.protu.fi\/sv\/wp-json\/wp\/v2\/comments?post=21302"}],"version-history":[{"count":7,"href":"https:\/\/www.protu.fi\/sv\/wp-json\/wp\/v2\/pages\/21302\/revisions"}],"predecessor-version":[{"id":85035,"href":"https:\/\/www.protu.fi\/sv\/wp-json\/wp\/v2\/pages\/21302\/revisions\/85035"}],"up":[{"embeddable":true,"href":"https:\/\/www.protu.fi\/sv\/wp-json\/wp\/v2\/pages\/20368"}],"wp:attachment":[{"href":"https:\/\/www.protu.fi\/sv\/wp-json\/wp\/v2\/media?parent=21302"}],"wp:term":[{"taxonomy":"sivun_tyyppi","embeddable":true,"href":"https:\/\/www.protu.fi\/sv\/wp-json\/wp\/v2\/sivun_tyyppi?post=21302"}],"curies":[{"name":"wp","href":"https:\/\/api.w.org\/{rel}","templated":true}]}}