{"id":21323,"date":"2023-02-06T13:55:26","date_gmt":"2023-02-06T11:55:26","guid":{"rendered":"https:\/\/uusi.protu.fi\/?page_id=21323"},"modified":"2025-11-05T09:01:14","modified_gmt":"2025-11-05T07:01:14","slug":"protus-institutioner","status":"publish","type":"page","link":"https:\/\/www.protu.fi\/sv\/information-om-protu\/protus-institutioner\/","title":{"rendered":"Protus institutioner"},"content":{"rendered":"<section class=\"block-container vaalea-tausta\">\n    <div class=\"container-fluid\">\n                    <div class=\"row justify-content-center\">\n                <div class=\"col-lg-11\">\n                    \n\n<style>\n\n<\/style>\n\n<section class=\"kapea-teksti\">\n    <div class=\"row\">\n        <div class=\"col-lg-9\">\n            <p><!-- wp:paragraph --><\/p>\n<p>Det praktiska arbetet sker i Protus avdelningar, utskot och arbetsgrupper, som omfattar mer \u00e4n 100 aktiva volont\u00e4rer.<\/p>\n<p><!-- \/wp:paragraph --> <!-- wp:paragraph --><\/p>\n<p>Verksamhetsledaren (<a href=\"mailto:toiminnanjohtaja@protu.fi\">toiminnanjohtaja@protu.fi<\/a>) ansvarar f\u00f6r beredningen av styrelsens beslut samt f\u00f6reningens ekonomiska och operativa verksamhet som helhet, inklusive ledning av avdelningssverksamheten.<\/p>\n<p><!-- \/wp:paragraph --> <!-- wp:heading --><\/p>\n<h2>Beslutande institutioner<\/h2>\n<p><!-- \/wp:heading --> <!-- wp:heading {\"level\":4} --><\/p>\n<h4>F\u00f6reningsst\u00e4mman<\/h4>\n<p><!-- \/wp:heading --> <!-- wp:paragraph --><\/p>\n<p>F\u00f6reningsst\u00e4mman best\u00e5ende av medlemmar har den h\u00f6gsta makten i f\u00f6reningen. Enligt reglerna har Protu minst tv\u00e5 bolagsst\u00e4mmor varje \u00e5r: ett v\u00e5rm\u00f6te och ett h\u00f6stm\u00f6te. Vid behov kan \u00e4ven en extra bolagsst\u00e4mma anordnas. F\u00f6reningsst\u00e4mma sammankallas av f\u00f6reningens styrelse.<\/p>\n<p><!-- \/wp:paragraph --> <!-- wp:heading {\"level\":4} --><\/p>\n<h4>Styrelsen<\/h4>\n<p><!-- \/wp:heading --> <!-- wp:paragraph --><\/p>\n<p>Protus styrelse\u00a0leder han f\u00f6reningens verksamhet under sin mandatperiod och beslutar om de allm\u00e4nna riktlinjerna. Styrelsen ansvarar f\u00f6r genomf\u00f6randet av den verksamhetsplan, strategi och dokument som styrelsen sj\u00e4lv utarbetar. Styrelsen har fr\u00e5n och med 2025 en ordf\u00f6rande och 6 ledam\u00f6ter. Styrelsen utses p\u00e5 h\u00f6stm\u00f6tet.<\/p>\n<p><!-- \/wp:paragraph --> <!-- wp:heading {\"level\":4} --><\/p>\n<p>Styrelsen 2025: Alma Koivisto (ordf\u00f6rande), Juho \u00c4rm\u00e4nen (1. vice ordf\u00f6rande), Ara Majam\u00e4ki (2. vice ordf\u00f6rande), Mira Ahjoniemi, Eleonoora Helenius, Maija Iilikainen ja Viima Vetel\u00e4inen.<\/p>\n<p>Styrelsen 2026: Kalle Saleva (ordf\u00f6rande), Eleonoora Helenius, Emmi Kilpel\u00e4inen, Alma Koivisto, Ara Majam\u00e4ki, Viima Vetel\u00e4inen ja Juho \u00c4rm\u00e4nen.<\/p>\n<p><!-- \/wp:heading --><\/p>\n        <\/div>\n    <\/div>\n<\/section>\n\n\n<p><\/p>\n\n                <\/div>\n            <\/div>\n            <\/div>\n<\/section>","protected":false},"excerpt":{"rendered":"","protected":false},"author":89,"featured_media":0,"parent":20374,"menu_order":0,"comment_status":"closed","ping_status":"closed","template":"","meta":{"_acf_changed":false,"inline_featured_image":false,"footnotes":""},"sivun_tyyppi":[65],"class_list":["post-21323","page","type-page","status-publish","hentry","sivun_tyyppi-julkinen-sivu"],"acf":[],"_links":{"self":[{"href":"https:\/\/www.protu.fi\/sv\/wp-json\/wp\/v2\/pages\/21323","targetHints":{"allow":["GET"]}}],"collection":[{"href":"https:\/\/www.protu.fi\/sv\/wp-json\/wp\/v2\/pages"}],"about":[{"href":"https:\/\/www.protu.fi\/sv\/wp-json\/wp\/v2\/types\/page"}],"author":[{"embeddable":true,"href":"https:\/\/www.protu.fi\/sv\/wp-json\/wp\/v2\/users\/89"}],"replies":[{"embeddable":true,"href":"https:\/\/www.protu.fi\/sv\/wp-json\/wp\/v2\/comments?post=21323"}],"version-history":[{"count":21,"href":"https:\/\/www.protu.fi\/sv\/wp-json\/wp\/v2\/pages\/21323\/revisions"}],"predecessor-version":[{"id":85989,"href":"https:\/\/www.protu.fi\/sv\/wp-json\/wp\/v2\/pages\/21323\/revisions\/85989"}],"up":[{"embeddable":true,"href":"https:\/\/www.protu.fi\/sv\/wp-json\/wp\/v2\/pages\/20374"}],"wp:attachment":[{"href":"https:\/\/www.protu.fi\/sv\/wp-json\/wp\/v2\/media?parent=21323"}],"wp:term":[{"taxonomy":"sivun_tyyppi","embeddable":true,"href":"https:\/\/www.protu.fi\/sv\/wp-json\/wp\/v2\/sivun_tyyppi?post=21323"}],"curies":[{"name":"wp","href":"https:\/\/api.w.org\/{rel}","templated":true}]}}