{"id":21333,"date":"2022-02-01T12:37:31","date_gmt":"2022-02-01T10:37:31","guid":{"rendered":"https:\/\/uusi.protu.fi\/?page_id=21333"},"modified":"2024-03-12T13:51:17","modified_gmt":"2024-03-12T11:51:17","slug":"protu-inflyter","status":"publish","type":"page","link":"https:\/\/www.protu.fi\/sv\/protu-inflyter\/","title":{"rendered":"Protu inflyter"},"content":{"rendered":"<section class=\"block-container vaalea-tausta\">\n    <div class=\"container-fluid\">\n                    <div class=\"row justify-content-center\">\n                <div class=\"col-lg-11\">\n                    \n\n<style>\n    .sisalto {\n        margin-bottom: 20px;\n    }\n    .sisalto .image-col img {\n        max-width: 100%;\n    }\n    .sisalto .image-col img.oikea {\n        padding-left: 20px;\n    }\n    .sisalto .image-col img.vasen {\n        padding-right: 20px;\n        margin-bottom: 30px;\n    }\n    .sisalto h2, .sisalto h3 {\n        margin: 10px 0 20px;\n    }\n<\/style>\n\n<section class=\"sisalto\">\n    <div class=\"row justify-content-center\">\n                    <div class=\"col-lg-6 text-link\">\n                <p>Vi p\u00e5verkar samh\u00e4llet utifr\u00e5n v\u00e5ra egna v\u00e4rderingar som \u00e4r gl\u00e4dje och v\u00e4lm\u00e5ende, j\u00e4mlikhet, nyfiket funderande och ansvar. Vi \u00e4r en \u00f6ppet antirasistisk, antifascistisk, anti-abilistisk och feministisk ungdomsorganisation. V\u00e5rt m\u00e5l \u00e4r att \u00f6ka m\u00f6jligheterna f\u00f6r unga att delta i samh\u00e4llet och att p\u00e5verka beslut som r\u00f6r dem sj\u00e4lva. Vi har tagit st\u00e4llning, bl.a. till sexuella och k\u00f6nsminoriteters r\u00e4ttigheter och mot klimatf\u00f6r\u00e4ndringar och f\u00f6rlust av natur.<\/p>\n<p>Protu samarbetar kontinuerligt med Protus (Sveriges Protu) och Seta (Seta-bes\u00f6kare p\u00e5 l\u00e4ger). Protu \u00e4r medlem i Helsingfors unga t\u00e4nkare (Nufit), Allianss (en paraplyorganisation f\u00f6r ungdomsorganisationer), Ehyt (F\u00f6rebygga missbruk), Kultti rf, kultur-, opinions- och vetenskapstidningarnas sammanslutning och Arbetsgivarna f\u00f6r servicebrancherna PALTA rf.<\/p>\n            <\/div>\n            <div class=\"col-lg-6 image-col\">\n                 \n                    <img decoding=\"async\" class=\"oikea\" src=\"https:\/\/www.protu.fi\/wp-content\/uploads\/2023\/02\/protu_vaikuttaa.png\" alt=\"\">\n                            <\/div> \n            <\/div>\n<\/section> \n\n\n<style>\n    .sivujen-nostot {\n        margin-bottom: 0px;\n    }\n    .sivujen-nostot h2 {\n        margin-bottom: 20px;\n    }\n    .sivujen-nostot .article-col {\n        display: flex;\n        flex-direction: column;\n        flex-wrap: wrap;\n    }\n    .sivujen-nostot .nosto-kuva {\n        height: 220px;\n        background-position: center;\n        background-size: cover;\n        background-repeat: no-repeat;\n        transition: 0.4s;\n    }\n    .sivujen-nostot .nosto-sisalto {\n        background-color: var(--pv);\n        padding: 10px 30px 15px;\n        position: relative;\n        height: calc(100% - 220px);\n        display: flex;\n        flex-direction: column;\n        justify-content: space-between;\n        z-index: 1;\n    }\n    .sivujen-nostot .nosto-sisalto .blue-link {\n        margin-bottom: 0;\n        width: 100%;\n        min-width: 0;\n        max-width: 240px;\n    }\n    .sivujen-nostot .nosto-sisalto .nosto-kuvitus {\n        height: 80px;\n        position: absolute;\n        right: 0;\n        top: 15px;\n        z-index: -1;\n    }\n    .sivujen-nostot .palvelu-otsikko {\n        color: white;\n        font-weight: 500;\n        width: 95%;\n        font-size: 24px;\n    }\n    .sivujen-nostot a:hover .nosto-kuva,\n    .sivujen-nostot a:focus .nosto-kuva {\n        filter: brightness(1.1);\n    }\n    @media (max-width: 767.98px) {\n        .sivujen-nostot .nosto-sisalto {\n            max-width: 100%;\n        }\n    }\n<\/style>\n\n<section class=\"sivujen-nostot\">\n            <h2 style=\"text-align: left; color: #149579;\">L\u00e4s mer om Protus inflytande<\/h2>\n        <div class=\"row\">\n                    <div class=\"col-md-6 col-lg-3 article-col mb-3 mb-lg-0\">\n                <a href=\"https:\/\/www.protu.fi\/allekirjoita-metsien-puolesta-kansalaisaloite\/\">\n                    <div class=\"nosto-kuva\" style=\"background-image: url(https:\/\/www.protu.fi\/wp-content\/uploads\/2023\/02\/metsienpuolesta.jpg);\">\n                    <\/div>\n                <\/a>\n                <div class=\"nosto-sisalto\">\n                    <h3 class=\"palvelu-otsikko\">Allekirjoita Metsien puolesta -kansalaisaloite!<\/h3>\n                    <a class=\"blue-link\" href=\"https:\/\/www.protu.fi\/allekirjoita-metsien-puolesta-kansalaisaloite\/\">L\u00e4s mer<\/a>\n                    <img decoding=\"async\" class=\"nosto-kuvitus\" src=\"https:\/\/www.protu.fi\/wp-content\/themes\/protu-teema\/images\/puolikas.svg\" alt=\"\">\n                <\/div>\n            <\/div>\n                    <div class=\"col-md-6 col-lg-3 article-col mb-3 mb-lg-0\">\n                <a href=\"https:\/\/www.protu.fi\/eduskuntavaalit-2023-ilmoittautuminen-protutaustaisten-ehdokkaiden-listalle-on-nyt-auki\/\">\n                    <div class=\"nosto-kuva\" style=\"background-image: url(https:\/\/www.protu.fi\/wp-content\/uploads\/2023\/02\/Eduskuntavaalit-2023-www.png);\">\n                    <\/div>\n                <\/a>\n                <div class=\"nosto-sisalto\">\n                    <h3 class=\"palvelu-otsikko\">Eduskuntavaalit 2023: Ilmoittautuminen protutaustaisten ehdokkaiden listalle on nyt auki!<\/h3>\n                    <a class=\"blue-link\" href=\"https:\/\/www.protu.fi\/eduskuntavaalit-2023-ilmoittautuminen-protutaustaisten-ehdokkaiden-listalle-on-nyt-auki\/\">L\u00e4s mer<\/a>\n                    <img decoding=\"async\" class=\"nosto-kuvitus\" src=\"https:\/\/www.protu.fi\/wp-content\/themes\/protu-teema\/images\/puolikas.svg\" alt=\"\">\n                <\/div>\n            <\/div>\n                    <div class=\"col-md-6 col-lg-3 article-col mb-3 mb-lg-0\">\n                <a href=\"https:\/\/www.protu.fi\/protu-mukana-oikeudenmukainen-siirtyma-nyt-kampanjassa\/\">\n                    <div class=\"nosto-kuva\" style=\"background-image: url(https:\/\/www.protu.fi\/wp-content\/uploads\/2023\/02\/4.png);\">\n                    <\/div>\n                <\/a>\n                <div class=\"nosto-sisalto\">\n                    <h3 class=\"palvelu-otsikko\">Protu mukana Oikeudenmukainen siirtym\u00e4 nyt! -kampanjassa<\/h3>\n                    <a class=\"blue-link\" href=\"https:\/\/www.protu.fi\/protu-mukana-oikeudenmukainen-siirtyma-nyt-kampanjassa\/\">L\u00e4s mer<\/a>\n                    <img decoding=\"async\" class=\"nosto-kuvitus\" src=\"https:\/\/www.protu.fi\/wp-content\/themes\/protu-teema\/images\/puolikas.svg\" alt=\"\">\n                <\/div>\n            <\/div>\n                    <div class=\"col-md-6 col-lg-3 article-col mb-3 mb-lg-0\">\n                <a href=\"https:\/\/www.protu.fi\/protu-mukana-vetoomuksessa-kansanedustajille-keskittykaa-nuorten-syrjaytymisen-juurisyihin-jattakaa-jengipopulismi\/\">\n                    <div class=\"nosto-kuva\" style=\"background-image: url(https:\/\/www.protu.fi\/wp-content\/uploads\/2022\/12\/Nimeton-suunn.malli-7.png);\">\n                    <\/div>\n                <\/a>\n                <div class=\"nosto-sisalto\">\n                    <h3 class=\"palvelu-otsikko\">Protu mukana vetoomuksessa kansanedustajille: Keskittyk\u00e4\u00e4 nuorten syrj\u00e4ytymisen juurisyihin, j\u00e4tt\u00e4k\u00e4\u00e4 jengipopulismi!<\/h3>\n                    <a class=\"blue-link\" href=\"https:\/\/www.protu.fi\/protu-mukana-vetoomuksessa-kansanedustajille-keskittykaa-nuorten-syrjaytymisen-juurisyihin-jattakaa-jengipopulismi\/\">L\u00e4s mer<\/a>\n                    <img decoding=\"async\" class=\"nosto-kuvitus\" src=\"https:\/\/www.protu.fi\/wp-content\/themes\/protu-teema\/images\/puolikas.svg\" alt=\"\">\n                <\/div>\n            <\/div>\n            <\/div>\n<\/section>\n\n\n<p><\/p>\n\n\n\n<div id=\"protupalkinto\"><\/div>\n\n\n\n<style>\n\n<\/style>\n\n<section class=\"kapea-teksti\">\n    <div class=\"row\">\n        <div class=\"col-lg-9\">\n            <p>Vartannat \u00e5r delar Protu ut Prometheuspriset till en person eller en gemenskap som genom sin verksamhet fr\u00e4mjat unga m\u00e4nniskors tillv\u00e4xt i kritiskt t\u00e4nkande, respekt f\u00f6r m\u00e4nniskor, livsgl\u00e4dje och ansvar f\u00f6r v\u00e4rlden. Priset tillk\u00e4nnages vid Ungdomarnas filosofievenemang Nufit.<\/p>\n<p>2022 Prometheuspriset f\u00f6r projektet Mentoring for Future<br \/>\n2020 klimatinfluencer Atte Ahokas<br \/>\n2018 Filo \u2013 Filosofi f\u00f6r barn, unga och gemenskaper rf<br \/>\n2016 V\u00e4lbefinnande regnb\u00e5gsungdom -forskningsprojekt<br \/>\n2014 Huvudstadsregionens ungdomarnas r\u00f6st redaktion<br \/>\n2012 Non Fighting Generation rf<br \/>\n2010 Ropecon<br \/>\n2008 Marknader f\u00f6r m\u00f6jligheter<br \/>\n2006 Regiss\u00f6r Petri Kotwica och filmen Heml\u00e4ngtan<br \/>\n2004 Helsingfors universitets rektor Ilkka Niiniluoto<\/p>\n        <\/div>\n    <\/div>\n<\/section>\n                <\/div>\n            <\/div>\n            <\/div>\n<\/section>","protected":false},"excerpt":{"rendered":"","protected":false},"author":1,"featured_media":0,"parent":0,"menu_order":0,"comment_status":"closed","ping_status":"closed","template":"","meta":{"_acf_changed":false,"inline_featured_image":false,"footnotes":""},"sivun_tyyppi":[65],"class_list":["post-21333","page","type-page","status-publish","hentry","sivun_tyyppi-julkinen-sivu"],"acf":[],"_links":{"self":[{"href":"https:\/\/www.protu.fi\/sv\/wp-json\/wp\/v2\/pages\/21333","targetHints":{"allow":["GET"]}}],"collection":[{"href":"https:\/\/www.protu.fi\/sv\/wp-json\/wp\/v2\/pages"}],"about":[{"href":"https:\/\/www.protu.fi\/sv\/wp-json\/wp\/v2\/types\/page"}],"author":[{"embeddable":true,"href":"https:\/\/www.protu.fi\/sv\/wp-json\/wp\/v2\/users\/1"}],"replies":[{"embeddable":true,"href":"https:\/\/www.protu.fi\/sv\/wp-json\/wp\/v2\/comments?post=21333"}],"version-history":[{"count":13,"href":"https:\/\/www.protu.fi\/sv\/wp-json\/wp\/v2\/pages\/21333\/revisions"}],"predecessor-version":[{"id":28166,"href":"https:\/\/www.protu.fi\/sv\/wp-json\/wp\/v2\/pages\/21333\/revisions\/28166"}],"wp:attachment":[{"href":"https:\/\/www.protu.fi\/sv\/wp-json\/wp\/v2\/media?parent=21333"}],"wp:term":[{"taxonomy":"sivun_tyyppi","embeddable":true,"href":"https:\/\/www.protu.fi\/sv\/wp-json\/wp\/v2\/sivun_tyyppi?post=21333"}],"curies":[{"name":"wp","href":"https:\/\/api.w.org\/{rel}","templated":true}]}}