{"id":21344,"date":"2023-02-06T15:03:28","date_gmt":"2023-02-06T13:03:28","guid":{"rendered":"https:\/\/uusi.protu.fi\/?page_id=21344"},"modified":"2026-03-06T10:52:30","modified_gmt":"2026-03-06T08:52:30","slug":"till-larare","status":"publish","type":"page","link":"https:\/\/www.protu.fi\/sv\/till-larare\/","title":{"rendered":"Till l\u00e4rare"},"content":{"rendered":"\n<p>K\u00e4ra h\u00f6gstadiel\u00e4rare eller gymnasiel\u00e4rare, rektor eller syv! Vi hoppas att du kunde f\u00f6rmedla information om l\u00e4gren till eleverna p\u00e5 er skola! Till exempel \u00e4r historia, samh\u00e4llskunskap, religion, livs\u00e5sk\u00e5dningsinformation eller studie- och yrkesv\u00e4gledningslektioner samt morgon\u00f6ppningar, rastinformation eller gemensamma evenemang f\u00f6r hela skolan l\u00e4mpliga tillf\u00e4llen f\u00f6r att introducera l\u00e4gren.&nbsp;<\/p>\n\n\n\n<p>Ladda ner presentation <a href=\"https:\/\/docs.google.com\/presentation\/d\/1v7Bg88T0r7zgb6DSHhRQgPHs7iH-yqK2LqRK1DPD2zY\/edit?usp=sharing\" rel=\"nofollow noopener\" target=\"_blank\">h\u00e4r<\/a>.<\/p>\n\n\n\n<p>Om du vill best\u00e4lla l\u00e4gerbroschyrer och affischer, kontakta oss p\u00e5 <a href=\"mailto:koulutiedotus@protu.fi\">koulutiedotus@protu.fi<\/a>.\u00a0<\/p>\n\n\n\n<p><strong>Protu organiserar f\u00f6r n\u00e4rvarande inte unga som varit p\u00e5 l\u00e4gret eller representanter f\u00f6r f\u00f6reningen f\u00f6r att introducera l\u00e4gren f\u00f6r skolor. Vi uppmuntrar att en elev som sj\u00e4lv har deltagit p\u00e5 l\u00e4gret att fr\u00e5ga och skulle presentera l\u00e4gren f\u00f6r andra elever.<\/strong><\/p>\n","protected":false},"excerpt":{"rendered":"<p>K\u00e4ra h\u00f6gstadiel\u00e4rare eller gymnasiel\u00e4rare, rektor eller syv! Vi hoppas att du kunde f\u00f6rmedla information om l\u00e4gren till eleverna p\u00e5 er skola! Till exempel \u00e4r historia, samh\u00e4llskunskap, religion, livs\u00e5sk\u00e5dningsinformation eller studie- och yrkesv\u00e4gledningslektioner samt morgon\u00f6ppningar, rastinformation eller gemensamma evenemang f\u00f6r hela skolan l\u00e4mpliga tillf\u00e4llen f\u00f6r att introducera l\u00e4gren.&nbsp; Ladda ner presentation h\u00e4r. Om du vill best\u00e4lla [&hellip;]<\/p>\n","protected":false},"author":89,"featured_media":0,"parent":0,"menu_order":0,"comment_status":"closed","ping_status":"closed","template":"","meta":{"_acf_changed":false,"inline_featured_image":false,"footnotes":""},"sivun_tyyppi":[65],"class_list":["post-21344","page","type-page","status-publish","hentry","sivun_tyyppi-julkinen-sivu"],"acf":[],"_links":{"self":[{"href":"https:\/\/www.protu.fi\/sv\/wp-json\/wp\/v2\/pages\/21344","targetHints":{"allow":["GET"]}}],"collection":[{"href":"https:\/\/www.protu.fi\/sv\/wp-json\/wp\/v2\/pages"}],"about":[{"href":"https:\/\/www.protu.fi\/sv\/wp-json\/wp\/v2\/types\/page"}],"author":[{"embeddable":true,"href":"https:\/\/www.protu.fi\/sv\/wp-json\/wp\/v2\/users\/89"}],"replies":[{"embeddable":true,"href":"https:\/\/www.protu.fi\/sv\/wp-json\/wp\/v2\/comments?post=21344"}],"version-history":[{"count":6,"href":"https:\/\/www.protu.fi\/sv\/wp-json\/wp\/v2\/pages\/21344\/revisions"}],"predecessor-version":[{"id":87264,"href":"https:\/\/www.protu.fi\/sv\/wp-json\/wp\/v2\/pages\/21344\/revisions\/87264"}],"wp:attachment":[{"href":"https:\/\/www.protu.fi\/sv\/wp-json\/wp\/v2\/media?parent=21344"}],"wp:term":[{"taxonomy":"sivun_tyyppi","embeddable":true,"href":"https:\/\/www.protu.fi\/sv\/wp-json\/wp\/v2\/sivun_tyyppi?post=21344"}],"curies":[{"name":"wp","href":"https:\/\/api.w.org\/{rel}","templated":true}]}}