{"id":21419,"date":"2023-02-06T15:34:51","date_gmt":"2023-02-06T13:34:51","guid":{"rendered":"https:\/\/uusi.protu.fi\/?page_id=21419"},"modified":"2023-11-24T11:58:35","modified_gmt":"2023-11-24T09:58:35","slug":"att-informera-i-skolorna","status":"publish","type":"page","link":"https:\/\/www.protu.fi\/sv\/med-i-verksamheten\/att-informera-i-skolorna\/","title":{"rendered":"Att informera i skolorna"},"content":{"rendered":"<section class=\"block-container vaalea-tausta\">\n    <div class=\"container-fluid\">\n                    <div class=\"row justify-content-center\">\n                <div class=\"col-lg-11\">\n                    \n\n<style>\n    .sisalto {\n        margin-bottom: 20px;\n    }\n    .sisalto .image-col img {\n        max-width: 100%;\n    }\n    .sisalto .image-col img.oikea {\n        padding-left: 20px;\n    }\n    .sisalto .image-col img.vasen {\n        padding-right: 20px;\n        margin-bottom: 30px;\n    }\n    .sisalto h2, .sisalto h3 {\n        margin: 10px 0 20px;\n    }\n<\/style>\n\n<section class=\"sisalto\">\n    <div class=\"row justify-content-center\">\n                    <div class=\"col-lg-6 text-link\">\n                <p>Om du har varit p\u00e5 Protul\u00e4ger och gillat det, sprid g\u00e4rna ordet och bli en skolinformant!<\/p>\n<p>Skolinformanter f\u00f6rklarar vad Protul\u00e4ger \u00e4r och vad som g\u00f6rs p\u00e5 dem. Alla ungdomar som har g\u00e5tt i Protul\u00e4ger kan g\u00e5 till skolan f\u00f6r att informera, ensam eller tillsammans med en kompis! Du kan informera n\u00e4r som helst p\u00e5 \u00e5ret, men den b\u00e4sta tiden \u00e4r i b\u00f6rjan av l\u00e4gers\u00f6kningen.<\/p>\n<p>Protu organiserar eller samordnar inte skolutlysningar, utan skolinformanterna kommer sj\u00e4lva \u00f6verens om skolutlysningar med skolorna.<\/p>\n            <\/div>\n            <div class=\"col-lg-6 image-col\">\n                 \n                    <img decoding=\"async\" class=\"oikea\" src=\"https:\/\/www.protu.fi\/wp-content\/uploads\/2022\/03\/Protu_2021_Meriharju_2021-28009-9625-scaled.jpg\" alt=\"\">\n                            <\/div> \n            <\/div>\n<\/section> \n\n\n<style>\n    .sisalto {\n        margin-bottom: 20px;\n    }\n    .sisalto .image-col img {\n        max-width: 100%;\n    }\n    .sisalto .image-col img.oikea {\n        padding-left: 20px;\n    }\n    .sisalto .image-col img.vasen {\n        padding-right: 20px;\n        margin-bottom: 30px;\n    }\n    .sisalto h2, .sisalto h3 {\n        margin: 10px 0 20px;\n    }\n<\/style>\n\n<section class=\"sisalto\">\n    <div class=\"row justify-content-center\">\n                    <div class=\"col-lg-10\">\n                <h2 class=\"kt-blocks-info-box-title\"><b>Skolinformationens ABC<\/b><\/h2>\n<ol>\n<li>Kontakta informationsdivisionens skolinformat\u00f6r (koulutietodutus@Protu.fi) och best\u00e4ll skolinformationspaketet (l\u00e4nk). Kom ih\u00e5g att ber\u00e4tta vilken skola\/omr\u00e5de du vill g\u00e5 f\u00f6r att informera. Du kan ocks\u00e5 fr\u00e5ga om allt som har med skolinformation att g\u00f6ra! Du f\u00e5r ett skolinformationspaket med posten, d\u00e4r du hittar skolinformat\u00f6rens guide, broschyrer och affischer. Du hittar bilderna som du kan anv\u00e4nda i genomg\u00e5ngen i pdf-format <a href=\"https:\/\/docs.google.com\/presentation\/d\/1oeqiKRGG4JxNRl-KcwF-3i76gW8W_XDsZKbRCeTU-v0\/edit?usp=sharing\" rel=\"nofollow noopener\" target=\"_blank\">h\u00e4r<\/a> (p\u00e5 finska).<\/li>\n<li>Kontakta l\u00e4raren\/rektorn p\u00e5 den skola du v\u00e4ljer. Kom \u00f6verens om ett informationsdatum och tid. Ta samtidigt reda p\u00e5 hur l\u00e4nge de vill att du ska presentera, vilken tid de f\u00f6rv\u00e4ntar sig att du kommer och om du kan l\u00e4mna Protu-affischen och broschyrerna p\u00e5 skolan efter informationstillf\u00e4llet.<\/li>\n<li>Ta en titt p\u00e5 skolans informationspaket, kolla fakta och planera vad du ska s\u00e4ga. S\u00e4g \u00e5tminstone:<br \/>\nVad \u00e4r Prometheus-l\u00e4ger?<br \/>\nVem riktar det sig till?<br \/>\nVad g\u00f6rs i Protu &#8211; teman och bearbetningsmetoder<br \/>\nVilka driver l\u00e4gret?<br \/>\nVad kostar l\u00e4gret?<br \/>\nVar kan jag f\u00e5 mer information och hur registrerar man sig?<\/li>\n<li>Det \u00e4r bra att i f\u00f6rv\u00e4g fundera \u00f6ver vad du ska prata om och i vilken ordning. En liten lista r\u00e4cker. Du vet f\u00f6rmodligen redan n\u00e4stan allt v\u00e4sentligt. Anv\u00e4nd ocks\u00e5 dina egna erfarenheter, de kommer att intressera lyssnarna. G\u00e5 till skolan och ha kul!<\/li>\n<li>N\u00e4r du har varit f\u00f6r att informera, fyll i \u00e5terkopplingsformul\u00e4ret f\u00f6r skolinformat\u00f6rer <a href=\"https:\/\/www.protu.fi\/koulutiedottajien-palautelomake\/\">h\u00e4r<\/a>.<\/li>\n<\/ol>\n            <\/div>\n            <\/div>\n<\/section> \n                <\/div>\n            <\/div>\n            <\/div>\n<\/section>","protected":false},"excerpt":{"rendered":"","protected":false},"author":89,"featured_media":0,"parent":20368,"menu_order":0,"comment_status":"closed","ping_status":"closed","template":"","meta":{"_acf_changed":false,"inline_featured_image":false,"footnotes":""},"sivun_tyyppi":[65],"class_list":["post-21419","page","type-page","status-publish","hentry","sivun_tyyppi-julkinen-sivu"],"acf":[],"_links":{"self":[{"href":"https:\/\/www.protu.fi\/sv\/wp-json\/wp\/v2\/pages\/21419","targetHints":{"allow":["GET"]}}],"collection":[{"href":"https:\/\/www.protu.fi\/sv\/wp-json\/wp\/v2\/pages"}],"about":[{"href":"https:\/\/www.protu.fi\/sv\/wp-json\/wp\/v2\/types\/page"}],"author":[{"embeddable":true,"href":"https:\/\/www.protu.fi\/sv\/wp-json\/wp\/v2\/users\/89"}],"replies":[{"embeddable":true,"href":"https:\/\/www.protu.fi\/sv\/wp-json\/wp\/v2\/comments?post=21419"}],"version-history":[{"count":5,"href":"https:\/\/www.protu.fi\/sv\/wp-json\/wp\/v2\/pages\/21419\/revisions"}],"predecessor-version":[{"id":53410,"href":"https:\/\/www.protu.fi\/sv\/wp-json\/wp\/v2\/pages\/21419\/revisions\/53410"}],"up":[{"embeddable":true,"href":"https:\/\/www.protu.fi\/sv\/wp-json\/wp\/v2\/pages\/20368"}],"wp:attachment":[{"href":"https:\/\/www.protu.fi\/sv\/wp-json\/wp\/v2\/media?parent=21419"}],"wp:term":[{"taxonomy":"sivun_tyyppi","embeddable":true,"href":"https:\/\/www.protu.fi\/sv\/wp-json\/wp\/v2\/sivun_tyyppi?post=21419"}],"curies":[{"name":"wp","href":"https:\/\/api.w.org\/{rel}","templated":true}]}}