{"id":28138,"date":"2023-02-27T18:32:49","date_gmt":"2023-02-27T16:32:49","guid":{"rendered":"https:\/\/uusi.protu.fi\/?page_id=28138"},"modified":"2026-01-29T14:12:40","modified_gmt":"2026-01-29T12:12:40","slug":"att-bli-en-allman-och-professionell-stodperson","status":"publish","type":"page","link":"https:\/\/www.protu.fi\/sv\/med-i-verksamheten\/att-bli-en-allman-och-professionell-stodperson\/","title":{"rendered":"Att bli en allm\u00e4n och professionell st\u00f6dperson"},"content":{"rendered":"<section class=\"block-container vaalea-tausta\">\n    <div class=\"container-fluid\">\n                    <div class=\"row justify-content-center\">\n                <div class=\"col-lg-11\">\n                    \n\n<style>\n    .sisalto {\n        margin-bottom: 20px;\n    }\n    .sisalto .image-col img {\n        max-width: 100%;\n    }\n    .sisalto .image-col img.oikea {\n        padding-left: 20px;\n    }\n    .sisalto .image-col img.vasen {\n        padding-right: 20px;\n        margin-bottom: 30px;\n    }\n    .sisalto h2, .sisalto h3 {\n        margin: 10px 0 20px;\n    }\n<\/style>\n\n<section class=\"sisalto\">\n    <div class=\"row justify-content-center\">\n                    <div class=\"col-lg-6 text-link\">\n                <p>Allm\u00e4n och professionell st\u00f6dtpersonal erbjuder l\u00e4gerteam en l\u00e5gtr\u00f6skelm\u00f6jlighet att uttrycka sina tankar och be om r\u00e5d om l\u00e4gerrelaterade problem och fr\u00e5gor f\u00f6re, under och efter l\u00e4gret. L\u00e4gerteammedlemmar kommunicerar med andra teammedlemmar fr\u00e4mst via telefon eller meddelanden. Om de vill kan supportpersonalen ocks\u00e5 delta i Slutis, d\u00e4r teammedlemmar har chattstunder i team eller personligt. P\u00e5 Slutis f\u00e5r du \u00e4ven m\u00f6jlighet att tr\u00e4ffa annan sommarst\u00f6dpersonal och utbyta tankar med dem om den g\u00e5ngna sommaren.<\/p>\n<p><strong>Den allm\u00e4nna st\u00f6dpersonalen<\/strong> \u00e4r frivilliga Protu-medlemmar som har varit i l\u00e4gerteamet minst en g\u00e5ng. De arbetar i sm\u00e5 team som fr\u00e4mst st\u00f6ttar ett team under en vecka under sommaren. Allm\u00e4n st\u00f6dpersonal f\u00f6rv\u00e4ntas inte ha professionell kompetens, utan snarare fungera som ett lyssnande \u00f6ra och kamratst\u00f6d f\u00f6r teammedlemmar. De kan ge tips om m\u00f6jliga problemsituationer utanf\u00f6r l\u00e4gret, och vid behov h\u00e4nvisa teamet att kontakta till exempel en professionell st\u00f6dperson, krisberedskaps- eller trakasserierkontaktperson.<\/p>\n            <\/div>\n            <div class=\"col-lg-6 image-col\">\n                 \n                    <img decoding=\"async\" class=\"oikea\" src=\"https:\/\/www.protu.fi\/wp-content\/uploads\/2022\/03\/Protu_2021_Meriharju_2021-28009-9494-scaled.jpg\" alt=\"\">\n                            <\/div> \n            <\/div>\n<\/section> \n\n\n<style>\n\n<\/style>\n\n<section class=\"kapea-teksti\">\n    <div class=\"row\">\n        <div class=\"col-lg-9\">\n            <p><strong>Professionell st\u00f6dpersonal<\/strong> \u00e4r till exempel psykologer eller socialsekreterare som har viss f\u00f6rst\u00e5else f\u00f6r Protus verksamhet. De beh\u00f6ver inte ha egen l\u00e4gererfarenhet. Professionell st\u00f6dpersonal st\u00f6djer teammedlemmar genom sitt eget yrkesomr\u00e5de, vilket ger ett utomst\u00e5ende perspektiv p\u00e5 till exempel l\u00e4gerdeltagarnas sjukdomar (helst f\u00f6re l\u00e4gret!), l\u00e4gergruppsdynamik eller deltagarnas hemf\u00f6rh\u00e5llanden. I kris- och akutsituationer ska teammedlemmar kontakta till exempel akuten eller jourcentralen.<\/p>\n<p><strong>Ekonomi- och kockst\u00f6dpersonal<\/strong> \u00e4r st\u00f6droller som sk\u00f6ts av andra avdelningar ist\u00e4llet f\u00f6r s\u00e4kerhetsutskottet. Om du \u00e4r intresserad av att vara ekonomisk st\u00f6dperson kan du l\u00e4mna in din ans\u00f6kan till verksamhetsledare (<a href=\"mailto:toiminnanjohtaja@protu.fi\">toiminnanjohtaja@protu.fi<\/a>). Du kan d\u00e4remot s\u00f6ka tj\u00e4nsten som kockst\u00f6djare genom kockavdelningen (<a href=\"mailto:kokkivastaava@protu.fi\">kokkivastaava@protu.fi<\/a>).<\/p>\n<p>S\u00f6kandet efter st\u00f6dpersonal startar under v\u00e5ren och det kommer att annonseras bland annat i Protus nyhetsbrev och p\u00e5 Protus sociala medier. Mer information om st\u00f6dpersonalens verksamhet kan du f\u00e5 fr\u00e5n s\u00e4kerhetsutskottet via e-post (<a href=\"mailto:turvallisuus@protu.fi\">turvallisuus@protu.fi<\/a>).<\/p>\n<p>V\u00e4lkommen in!<\/p>\n        <\/div>\n    <\/div>\n<\/section>\n\n\n<style>\n    .sisalto {\n        margin-bottom: 20px;\n    }\n    .sisalto .image-col img {\n        max-width: 100%;\n    }\n    .sisalto .image-col img.oikea {\n        padding-left: 20px;\n    }\n    .sisalto .image-col img.vasen {\n        padding-right: 20px;\n        margin-bottom: 30px;\n    }\n    .sisalto h2, .sisalto h3 {\n        margin: 10px 0 20px;\n    }\n<\/style>\n\n<section class=\"sisalto\">\n    <div class=\"row justify-content-center\">\n                    <div class=\"col-lg-6 text-link\">\n                            <\/div>\n            <div class=\"col-lg-6 image-col\">\n                            <\/div> \n            <\/div>\n<\/section> \n                <\/div>\n            <\/div>\n            <\/div>\n<\/section>","protected":false},"excerpt":{"rendered":"","protected":false},"author":89,"featured_media":0,"parent":20368,"menu_order":0,"comment_status":"closed","ping_status":"closed","template":"","meta":{"_acf_changed":false,"inline_featured_image":false,"footnotes":""},"sivun_tyyppi":[],"class_list":["post-28138","page","type-page","status-publish","hentry"],"acf":[],"_links":{"self":[{"href":"https:\/\/www.protu.fi\/sv\/wp-json\/wp\/v2\/pages\/28138","targetHints":{"allow":["GET"]}}],"collection":[{"href":"https:\/\/www.protu.fi\/sv\/wp-json\/wp\/v2\/pages"}],"about":[{"href":"https:\/\/www.protu.fi\/sv\/wp-json\/wp\/v2\/types\/page"}],"author":[{"embeddable":true,"href":"https:\/\/www.protu.fi\/sv\/wp-json\/wp\/v2\/users\/89"}],"replies":[{"embeddable":true,"href":"https:\/\/www.protu.fi\/sv\/wp-json\/wp\/v2\/comments?post=28138"}],"version-history":[{"count":7,"href":"https:\/\/www.protu.fi\/sv\/wp-json\/wp\/v2\/pages\/28138\/revisions"}],"predecessor-version":[{"id":86743,"href":"https:\/\/www.protu.fi\/sv\/wp-json\/wp\/v2\/pages\/28138\/revisions\/86743"}],"up":[{"embeddable":true,"href":"https:\/\/www.protu.fi\/sv\/wp-json\/wp\/v2\/pages\/20368"}],"wp:attachment":[{"href":"https:\/\/www.protu.fi\/sv\/wp-json\/wp\/v2\/media?parent=28138"}],"wp:term":[{"taxonomy":"sivun_tyyppi","embeddable":true,"href":"https:\/\/www.protu.fi\/sv\/wp-json\/wp\/v2\/sivun_tyyppi?post=28138"}],"curies":[{"name":"wp","href":"https:\/\/api.w.org\/{rel}","templated":true}]}}