{"id":86485,"date":"2025-12-12T12:31:40","date_gmt":"2025-12-12T10:31:40","guid":{"rendered":"https:\/\/www.protu.fi\/?page_id=86485"},"modified":"2026-02-04T14:58:27","modified_gmt":"2026-02-04T12:58:27","slug":"program","status":"publish","type":"page","link":"https:\/\/www.protu.fi\/sv\/delta-pa-prometheus-lager\/program\/","title":{"rendered":"Program"},"content":{"rendered":"<section class=\"block-container vaalea-tausta\">\n    <div class=\"container-fluid\">\n                    <div class=\"row justify-content-center\">\n                <div class=\"col-lg-11\">\n                    \n\n<style>\n    .sisalto {\n        margin-bottom: 20px;\n    }\n    .sisalto .image-col img {\n        max-width: 100%;\n    }\n    .sisalto .image-col img.oikea {\n        padding-left: 20px;\n    }\n    .sisalto .image-col img.vasen {\n        padding-right: 20px;\n        margin-bottom: 30px;\n    }\n    .sisalto h2, .sisalto h3 {\n        margin: 10px 0 20px;\n    }\n<\/style>\n\n<section class=\"sisalto\">\n    <div class=\"row justify-content-center\">\n                    <div class=\"col-lg-6 text-link\">\n                <p><!-- wp:heading --><\/p>\n<p>L\u00e4gerveckan \u00e4r uppbyggd kring aktuella och intressanta teman i ungdomarnas liv. L\u00e4gren har ett tajt schema, och det finns ingen riktig fritid.<\/p>\n<p>Teman behandlas fr\u00e4mst genom att diskutera p\u00e5 olika s\u00e4tt. I samtal kan erfarenheter och tankar delas, k\u00e4nslor kan k\u00e4nnas eller man kan ta reda p\u00e5 sitt eget liv och v\u00e4rlden. Alla kan delta i diskussionen p\u00e5 sitt s\u00e4tt. Teman kan ocks\u00e5 behandlas med varierande funktionella och kreativa metoder, s\u00e5som debatter, lekar, teckning, drama, dans och s\u00e5ng.<\/p>\n<p>L\u00e4gren drivs enbart p\u00e5 frivillig basis \u2013 de teammedlemmar som handleder l\u00e4gren f\u00e5r inte betalt f\u00f6r det. Det finns ingen f\u00e4rdig program f\u00f6r l\u00e4gerveckan utan varje l\u00e4ger \u00e4r olikt, \u00e4ven om de teman som tas upp i grunden \u00e4r desamma.<\/p>\n<p>De finskspr\u00e5kiga temal\u00e4gren skiljer sig fr\u00e5n vanliga l\u00e4ger genom sina arbetss\u00e4tt eller l\u00e4gerplats. Bekanta dig med temal\u00e4grens inriktningar nedan.<\/p>\n<p>Bekanta dig med principerna f\u00f6r l\u00e4gerverksamheten <a href=\"https:\/\/www.protu.fi\/sv\/delta-pa-prometheus-lager\/principerna-for-lagerverksamheten\/\">h\u00e4r<\/a>.<!-- \/wp:heading --><\/p>\n            <\/div>\n            <div class=\"col-lg-6 image-col\">\n                 \n                    <img decoding=\"async\" class=\"oikea\" src=\"https:\/\/www.protu.fi\/wp-content\/uploads\/2025\/12\/Aikataulu-ruotsi.png\" alt=\"\">\n                            <\/div> \n            <\/div>\n<\/section> \n\n\n<div class=\"wp-block-columns is-layout-flex wp-container-core-columns-is-layout-9d6595d7 wp-block-columns-is-layout-flex\">\n<div class=\"wp-block-column is-layout-flow wp-block-column-is-layout-flow\" style=\"flex-basis:700px\">\n<h2 class=\"wp-block-heading\">L\u00e4gerveckans teman<\/h2>\n\n\n\n<p>Varje dag har ett eller flera av f\u00f6ljande teman, men ordningen och omfattningen av teman varierar:<\/p>\n\n\n\n<p><strong>M\u00e5ngfald och likv\u00e4rdighet<br><\/strong>\u2013 Begrepp om m\u00e5ngfald, likhet och normalitet<br>\u2013 Stereotyper och sociala roller<br>\u2013 Faktorer relaterade till uppkomsten av diskriminering och s\u00e4tt att minska diskrimineringen<\/p>\n\n\n\n<p><strong>Det egna livet och framtiden<br><\/strong>\u2013 Att r\u00e4kna ut sina framtida m\u00e5l, f\u00f6rhoppningar och r\u00e4dslor<br>\u2013 Hela v\u00e4rldens framtid<br>\u2013 Dagens betydelse f\u00f6r framtiden<\/p>\n\n\n\n<p><strong>Samh\u00e4llet och p\u00e5verkan<br><\/strong>\u2013 Egen roll och plats i samh\u00e4llet<br>\u2013 Av vilka bitar byggs ett fungerande samh\u00e4lle upp?<br>\u2013 Behovet att p\u00e5verka och olika m\u00f6jligheter till inflytande<\/p>\n\n\n\n<p><strong>Media<\/strong><br>\u2013 Informationss\u00e4kerhet och k\u00e4llkritik<br>\u2013 Min roll som medieproducent och konsument<br>\u2013 Vad har media f\u00f6r inflytande?<\/p>\n\n\n\n<p><strong>V\u00e4rldsbilder och -\u00e5sk\u00e5dningar<br><\/strong>\u2013 Vad \u00e4r skillnaden mellan v\u00e4rlds\u00e5sk\u00e5dningar, \u00e5sikter, religioner och livsstilar?<br>\u2013 Etiska och moraliska fr\u00e5gor<br>\u2013 Skapande och motivering av egna v\u00e4rderingar och \u00e5sikter<\/p>\n\n\n\n<p><strong>Identitet<br><\/strong>\u2013 Sj\u00e4lvbild, identitet och sj\u00e4lvk\u00e4nsla och det som p\u00e5verkar dem<br>\u2013 Vilka delar \u00e4r min egenbild gjord av?<br>\u2013 Vad gillar jag eller ogillar med mig sj\u00e4lv?<\/p>\n\n\n\n<p><strong>Milj\u00f6<br><\/strong>\u2013 Vad \u00e4r milj\u00f6n?<br>\u2013 Mitt f\u00f6rh\u00e5llande till naturen<br>\u2013 Att ta ansvar f\u00f6r sin omgivning<\/p>\n\n\n\n<p><strong>Rusmedel<br><\/strong>\u2013 Orsaker och konsekvenser av rusmedel<br>\u2013 Effekter av rusmedel p\u00e5 individ- och samh\u00e4llsniv\u00e5<br>\u2013 Olika beroenden<\/p>\n\n\n\n<p><strong>M\u00e4nniskorelationer<br><\/strong>\u2013 N\u00e4ra relationer<br>\u2013 Bredare sociala n\u00e4tverk<br>\u2013 Skillnader i m\u00e4nniskorelationer, ens egen roll i dem och de olika k\u00e4nslor som f\u00f6ljer av dem<\/p>\n\n\n\n<p><strong>Sexualitet<br><\/strong>\u2013 K\u00e4rlek och f\u00f6r\u00e4lskelse<br>\u2013 Sexualitet, k\u00f6n och kroppslighet<br>\u2013 Hur p\u00e5verkar sociala normer sexuellt beteende och k\u00e4nslor?<\/p>\n\n\n\n<h2 class=\"wp-block-heading\">Slutfest och Prometheus-fest<\/h2>\n\n\n\n<p>P\u00e5 den sista l\u00e4gerdagen ordnas fr.o.m. kl 12\u201314 en ca 1\u20132 timmar l\u00e5ng slutfest som \u00e4r menad f\u00f6r l\u00e4gerdeltagarna och deras n\u00e4rst\u00e5ende. Efter festen avslutas Protul\u00e4gret och deltagarna \u00e5ker hem. Mer information om slutfesten hittas i l\u00e4gerbrevet.<\/p>\n\n\n\n<p>M\u00e5nga familjer ordnar en egen Prometheus-fest efter l\u00e4gret tagit slut, men inte alla. Oftast ordnas Prometheus-festen en god tid efter l\u00e4gret eftersom veckan \u00e4r en intensiv upplevelse och deltagarna \u00e4r ofta tr\u00f6tta d\u00e5 de kommer hem fr\u00e5n l\u00e4gret<\/p>\n\n\n\n<h2 class=\"wp-block-heading\">Parkevenemang<\/h2>\n\n\n\n<p>Protus parkevenemang Puistis \u00e4r ett heldagsevenemang som ordnas i slutet av l\u00e4gersommaren (l\u00f6rdagen 8.8.2026) i Alpparken i Helsingfors. Evenemanget enar l\u00e4gerdeltagare och teamare f\u00f6r att minnas l\u00e4gret och tillbringa en trevlig sommardag best\u00e5ende av Protu-inspirerat program, s\u00e5som lekar, t\u00e4vlingar och musik. Mer information om Puistis f\u00e5r du av Protus evenemangsavdelning: <a href=\"mailto:tapahtuma@protu.fi\">tapahtuma@protu.fi<\/a><\/p>\n\n\n\n<h2 class=\"wp-block-heading\">International-l\u00e4gret och temal\u00e4gren<\/h2>\n\n\n\n<p>International-l\u00e4gret \u00e4r ett engelskspr\u00e5kigt l\u00e4ger som riktar sig till deltagare med annat modersm\u00e5l \u00e4n finska eller svenska. En liten kvot \u00e4r reserverad \u00e4ven f\u00f6r finsk- eller svenskspr\u00e5kiga deltagare, f\u00f6rutsatt att deras engelskkunskaper r\u00e4cker f\u00f6r att uttrycka sig obehindrat.<\/p>\n\n\n\n<p>De finskspr\u00e5kiga temal\u00e4gren \u00e4r protul\u00e4ger d\u00e4r samma teman behandlas som p\u00e5 vanliga protul\u00e4ger. Temal\u00e4gren skiljer sig fr\u00e5n vanliga l\u00e4ger genom sina behandlingsmetoder eller l\u00e4gerplats.<\/p>\n\n\n\n<ul class=\"wp-block-list\">\n<li><strong>Bildkonstl\u00e4ger<\/strong> \u00e4r ett Prometheus-l\u00e4ger d\u00e4r l\u00e4gerteman ocks\u00e5 behandlas genom bildkonst, genom att betrakta konst, diskutera den och naturligtvis skapa sj\u00e4lva. P\u00e5 l\u00e4gret anv\u00e4nds olika tekniker, fr\u00e5n teckning och m\u00e5lning till formgivning och milj\u00f6konst. L\u00e4geravgiften inkluderar material som anv\u00e4nds under l\u00e4gret.<\/li>\n<\/ul>\n\n\n\n<ul class=\"wp-block-list\">\n<li><strong>Idrottsl\u00e4ger<\/strong> behandlar Prometheus-l\u00e4gerteman genom r\u00f6relseuttryck och idrottsliga metoder.<\/li>\n<\/ul>\n\n\n\n<ul class=\"wp-block-list\">\n<li><strong>Musikl\u00e4ger<\/strong> \u00e4r ett Prometheus-l\u00e4ger d\u00e4r l\u00e4gerteman ocks\u00e5 behandlas med hj\u00e4lp av musik, genom att lyssna p\u00e5 musik, diskutera den och sj\u00e4lv musicera. P\u00e5 l\u00e4gret bekantar man sig med olika musikgenrer, spelar och sjunger, och eventuellt \u00e4ven komponerar. Alla som \u00e4r intresserade av musik eller ut\u00f6var musik \u00e4r v\u00e4lkomna.<\/li>\n<\/ul>\n\n\n\n<ul class=\"wp-block-list\">\n<li><strong>Spr\u00e5kkonstl\u00e4ger<\/strong> behandlar Prometheus-l\u00e4gerteman med hj\u00e4lp av litter\u00e4rt och verbalt uttryck.<\/li>\n<\/ul>\n\n\n\n<ul class=\"wp-block-list\">\n<li><strong>Dansl\u00e4ger<\/strong> f\u00f6rdjupar sig i l\u00e4gerteman genom kroppsr\u00f6relse. Ingen tidigare danserfarenhet kr\u00e4vs; alla l\u00e4gerdeltagare \u00e4r v\u00e4lkomna att njuta av r\u00f6relse tillsammans. Ut\u00f6ver de metoder som anv\u00e4nds p\u00e5 andra Prometheus-l\u00e4ger improviserar vi med r\u00f6relse och utforskar olika s\u00e4tt att r\u00f6ra oss konstn\u00e4rligt, p\u00e5 s\u00e5 s\u00e4tt n\u00e4rmar vi oss nya fr\u00e5gor.<\/li>\n<\/ul>\n\n\n\n<ul class=\"wp-block-list\">\n<li><strong>Teaterl\u00e4ger<\/strong> behandlar Prometheus-l\u00e4gerteman med hj\u00e4lp av sceniska metoder ut\u00f6ver vanlig programverksamhet. L\u00e4gret utvecklar f\u00e4rdigheter i teater och avslutas med en teaterf\u00f6rest\u00e4llning.<\/li>\n<\/ul>\n\n\n\n<ul class=\"wp-block-list\">\n<li><strong>Vandringl\u00e4ger<\/strong> bor deltagarna i basstugan, men programmet och temabehandlingen sker \u00e4ven ute i naturen under vandringar. L\u00e4gret inkluderar en tv\u00e5dagars \u00f6vernattningsvandring samt 2\u20133 dagsturer.<\/li>\n<\/ul>\n<\/div>\n<\/div>\n\n                <\/div>\n            <\/div>\n            <\/div>\n<\/section>","protected":false},"excerpt":{"rendered":"","protected":false},"author":89,"featured_media":0,"parent":20366,"menu_order":0,"comment_status":"closed","ping_status":"closed","template":"","meta":{"_acf_changed":false,"inline_featured_image":false,"footnotes":""},"sivun_tyyppi":[65],"class_list":["post-86485","page","type-page","status-publish","hentry","sivun_tyyppi-julkinen-sivu"],"acf":[],"_links":{"self":[{"href":"https:\/\/www.protu.fi\/sv\/wp-json\/wp\/v2\/pages\/86485","targetHints":{"allow":["GET"]}}],"collection":[{"href":"https:\/\/www.protu.fi\/sv\/wp-json\/wp\/v2\/pages"}],"about":[{"href":"https:\/\/www.protu.fi\/sv\/wp-json\/wp\/v2\/types\/page"}],"author":[{"embeddable":true,"href":"https:\/\/www.protu.fi\/sv\/wp-json\/wp\/v2\/users\/89"}],"replies":[{"embeddable":true,"href":"https:\/\/www.protu.fi\/sv\/wp-json\/wp\/v2\/comments?post=86485"}],"version-history":[{"count":4,"href":"https:\/\/www.protu.fi\/sv\/wp-json\/wp\/v2\/pages\/86485\/revisions"}],"predecessor-version":[{"id":86772,"href":"https:\/\/www.protu.fi\/sv\/wp-json\/wp\/v2\/pages\/86485\/revisions\/86772"}],"up":[{"embeddable":true,"href":"https:\/\/www.protu.fi\/sv\/wp-json\/wp\/v2\/pages\/20366"}],"wp:attachment":[{"href":"https:\/\/www.protu.fi\/sv\/wp-json\/wp\/v2\/media?parent=86485"}],"wp:term":[{"taxonomy":"sivun_tyyppi","embeddable":true,"href":"https:\/\/www.protu.fi\/sv\/wp-json\/wp\/v2\/sivun_tyyppi?post=86485"}],"curies":[{"name":"wp","href":"https:\/\/api.w.org\/{rel}","templated":true}]}}